{"id":57178,"date":"2022-01-03T23:57:19","date_gmt":"2022-01-03T22:57:19","guid":{"rendered":"https:\/\/elchorrito.es\/immobilier-a-mijas\/"},"modified":"2023-04-12T19:27:33","modified_gmt":"2023-04-12T18:27:33","slug":"immobilier-a-mijas","status":"publish","type":"page","link":"https:\/\/elchorrito.es\/fr\/immobilier-a-mijas\/","title":{"rendered":"Immobilier \u00e0 Mijas"},"content":{"rendered":"\t\t<div data-elementor-type=\"wp-page\" data-elementor-id=\"57178\" class=\"elementor elementor-57178 elementor-53376\">\n\t\t\t\t\t\t<section class=\"elementor-section elementor-top-section elementor-element elementor-element-3c53844c elementor-section-height-min-height elementor-section-content-middle elementor-section-boxed elementor-section-height-default elementor-section-items-middle\" data-id=\"3c53844c\" data-element_type=\"section\" data-e-type=\"section\" data-settings=\"{&quot;background_background&quot;:&quot;classic&quot;}\">\n\t\t\t\t\t\t\t<div class=\"elementor-background-overlay\"><\/div>\n\t\t\t\t\t\t\t<div class=\"elementor-container elementor-column-gap-default\">\n\t\t\t\t\t<div class=\"elementor-column elementor-col-100 elementor-top-column elementor-element elementor-element-59c62d9e\" data-id=\"59c62d9e\" data-element_type=\"column\" data-e-type=\"column\">\n\t\t\t<div class=\"elementor-widget-wrap elementor-element-populated\">\n\t\t\t\t\t\t<section class=\"elementor-section elementor-inner-section elementor-element elementor-element-5ff03328 elementor-section-boxed elementor-section-height-default elementor-section-height-default\" data-id=\"5ff03328\" data-element_type=\"section\" data-e-type=\"section\">\n\t\t\t\t\t\t<div class=\"elementor-container elementor-column-gap-default\">\n\t\t\t\t\t<div class=\"elementor-column elementor-col-50 elementor-inner-column elementor-element elementor-element-2d736a77\" data-id=\"2d736a77\" data-element_type=\"column\" data-e-type=\"column\">\n\t\t\t<div class=\"elementor-widget-wrap elementor-element-populated\">\n\t\t\t\t\t\t<div class=\"elementor-element elementor-element-65122180 elementor-widget elementor-widget-heading\" data-id=\"65122180\" data-element_type=\"widget\" data-e-type=\"widget\" data-widget_type=\"heading.default\">\n\t\t\t\t<div class=\"elementor-widget-container\">\n\t\t\t\t\t<h2 class=\"elementor-heading-title elementor-size-xxl\">El Chorrito<\/h2>\t\t\t\t<\/div>\n\t\t\t\t<\/div>\n\t\t\t\t<div class=\"elementor-element elementor-element-12e78e4e elementor-widget elementor-widget-heading\" data-id=\"12e78e4e\" data-element_type=\"widget\" data-e-type=\"widget\" data-widget_type=\"heading.default\">\n\t\t\t\t<div class=\"elementor-widget-container\">\n\t\t\t\t\t<h1 class=\"elementor-heading-title elementor-size-xxl\">Immobilier \u00e0 Mijas<\/h1>\t\t\t\t<\/div>\n\t\t\t\t<\/div>\n\t\t\t\t<div class=\"elementor-element elementor-element-b3480b9 elementor-widget elementor-widget-text-editor\" data-id=\"b3480b9\" data-element_type=\"widget\" data-e-type=\"widget\" data-widget_type=\"text-editor.default\">\n\t\t\t\t<div class=\"elementor-widget-container\">\n\t\t\t\t\t\t\t\t\t<p>El Chorrito Inmobiliaria \u00e0 Mijas, nous vendons des biens immobiliers et achetons des propri\u00e9t\u00e9s apr\u00e8s un contr\u00f4le de qualit\u00e9 rigoureux, en veillant \u00e0 ce qu&#8217;ils r\u00e9pondent \u00e0 toutes les exigences l\u00e9gales n\u00e9cessaires.<\/p>\t\t\t\t\t\t\t\t<\/div>\n\t\t\t\t<\/div>\n\t\t\t\t\t<\/div>\n\t\t<\/div>\n\t\t\t\t<div class=\"elementor-column elementor-col-50 elementor-inner-column elementor-element elementor-element-415298a4\" data-id=\"415298a4\" data-element_type=\"column\" data-e-type=\"column\">\n\t\t\t<div class=\"elementor-widget-wrap elementor-element-populated\">\n\t\t\t\t\t\t<div class=\"elementor-element elementor-element-2dd25d85 elementor-widget-tablet__width-inherit elementor-widget-mobile__width-inherit elementor-widget elementor-widget-image\" data-id=\"2dd25d85\" data-element_type=\"widget\" data-e-type=\"widget\" data-widget_type=\"image.default\">\n\t\t\t\t<div class=\"elementor-widget-container\">\n\t\t\t\t\t\t\t\t\t\t\t\t\t\t\t<img decoding=\"async\" src=\"https:\/\/elchorrito.es\/wp-content\/uploads\/elementor\/thumbs\/colibri-peu9ujiiu6vtsqi530iju8unw1umaq79z1lz01kz5s.png\" title=\"colibri\" alt=\"colibri\" loading=\"lazy\" \/>\t\t\t\t\t\t\t\t\t\t\t\t\t\t\t<\/div>\n\t\t\t\t<\/div>\n\t\t\t\t\t<\/div>\n\t\t<\/div>\n\t\t\t\t\t<\/div>\n\t\t<\/section>\n\t\t\t\t\t<\/div>\n\t\t<\/div>\n\t\t\t\t\t<\/div>\n\t\t<\/section>\n\t\t\t\t<section class=\"elementor-section elementor-top-section elementor-element elementor-element-3e5c0db4 elementor-section-boxed elementor-section-height-default elementor-section-height-default\" data-id=\"3e5c0db4\" data-element_type=\"section\" data-e-type=\"section\">\n\t\t\t\t\t\t<div class=\"elementor-container elementor-column-gap-default\">\n\t\t\t\t\t<div class=\"elementor-column elementor-col-100 elementor-top-column elementor-element elementor-element-6920c89a\" data-id=\"6920c89a\" data-element_type=\"column\" data-e-type=\"column\">\n\t\t\t<div class=\"elementor-widget-wrap elementor-element-populated\">\n\t\t\t\t\t\t<div class=\"elementor-element elementor-element-3f186c70 elementor-button-align-stretch elementor-widget elementor-widget-houzez_elementor_search_builder\" data-id=\"3f186c70\" data-element_type=\"widget\" data-e-type=\"widget\" data-widget_type=\"houzez_elementor_search_builder.default\">\n\t\t\t\t<div class=\"elementor-widget-container\">\n\t\t\t\t\t\n        <form class=\"houzez-search-form-js houzez-search-builder-form-js\" id=\"houzez-search-3f186c70\" method=\"get\" action=\"https:\/\/elchorrito.es\/fr\/recherche-de-proprietes\/\" >\n\n            \n            <ul id=\"houzez-search-tabs-wrap\" class=\"houzez-status-tabs nav nav-pills\" role=\"tablist\" data-toggle=\"buttons\">\n            \n                                <li class=\"nav-item\">\n                    <a class=\"nav-link active\" data-val=\"\" data-toggle=\"pill\" href=\"#\" role=\"tab\" aria-selected=\"true\">\n                        Propri\u00e9t\u00e9s                    <\/a>\n                <\/li>\n                \n                <li class=\"nav-item\">\n                                <a class=\"status-tab-js nav-link \" data-val=\"for-sale\" data-toggle=\"pill\" href=\"#\" role=\"tab\" aria-selected=\"true\">\n                                    Vente\n                                <\/a>\n                            <\/li>                <input type=\"hidden\" name=\"status[]\" id=\"search-tabs\" value=\"\">\n            <\/ul>\n            \n            <div class=\"houzez-ele-search-form-wrapper elementor-form-fields-wrapper elementor-labels-above\">\n\n                                        <div class=\"elementor-field-group elementor-column form-group elementor-field-group-297560c elementor-col-20 elementor-sm-100\">\n                    <label for=\"form-field-297560c\" class=\"elementor-field-label elementor-screen-only\">Propri\u00e9t\u00e9s<\/label>        <div class=\"elementor-field elementor-select-wrapper\">\n            <select multiple=\"multiple\" title=\"Propri\u00e9t\u00e9s\" data-selected-text-format=\"count &gt; 1\" data-select-all-text=\"Seleccionar Todo\" data-deselect-all-text=\"Deseleccionar Todo\" data-actions-box=\"true\" data-count-selected-text=\"{0} types selected\" data-size=\"5\" name=\"type[]\" id=\"form-field-297560c\" class=\"selectpicker bs-select-hidden houzez-field-textual form-control elementor-size-sm \" data-none-results-text=\"No se han encontrado resultados {0}\">\n                <option data-ref=\"appartements\"   value=\"appartements\">Appartements<\/option><option data-ref=\"appartements-double\"  value=\"appartements-double\"> - Appartements<\/option><option data-ref=\"attiques\"  value=\"attiques\"> - Attiques<\/option><option data-ref=\"duplex-double\"  value=\"duplex-double\"> - Duplex<\/option><option data-ref=\"chalets-fr\"   value=\"chalets-fr\">Chalets<\/option><option data-ref=\"maisons-chalets-fr\"  value=\"maisons-chalets-fr\"> - Maisons<\/option><option data-ref=\"maisons-de-campagne\"  value=\"maisons-de-campagne\"> - Maisons de campagne<\/option><option data-ref=\"maisons-de-ville\"  value=\"maisons-de-ville\"> - Maisons de ville<\/option><option data-ref=\"maisons-rurales\"  value=\"maisons-rurales\"> - Maisons rurales<\/option><option data-ref=\"villa-mitoyenne\"  value=\"villa-mitoyenne\"> - Villa mitoyenne<\/option><option data-ref=\"villas-fr\"  value=\"villas-fr\"> - Villas<\/option><option data-ref=\"duplex\"   value=\"duplex\">Duplex<\/option><option data-ref=\"appartements-duplex\"  value=\"appartements-duplex\"> - Appartements<\/option><option data-ref=\"attiques-duplex\"  value=\"attiques-duplex\"> - Attiques<\/option><option data-ref=\"duplex-duplex\"  value=\"duplex-duplex\"> - Duplex<\/option><option data-ref=\"studios-lofts-duplex\"  value=\"studios-lofts-duplex\"> - Studios-Lofts<\/option><option data-ref=\"edifices-singuiliers\"   value=\"edifices-singuiliers\">\u00c9difices Singuiliers<\/option><option data-ref=\"hotels-ruraux\"  value=\"hotels-ruraux\"> - H\u00f4tels ruraux<\/option>            <\/select>\n        <\/div>\n                            <\/div>\n                    \n                                            <div class=\"elementor-field-group elementor-column form-group elementor-field-group-6b0017d elementor-col-20\">\n                    <label for=\"form-field-6b0017d\" class=\"elementor-field-label elementor-screen-only\">Endroits<\/label>        <div class=\"elementor-field elementor-select-wrapper\">\n            <select data-size=\"5\" name=\"location[]\" id=\"form-field-6b0017d\" class=\"selectpicker bs-select-hidden houzez-field-textual form-control elementor-size-sm houzezSelectFilter houzezCityFilter houzezThirdList houzez-city-js\" data-none-results-text=\"No se han encontrado resultados {0}\" data-target=\"houzezFourthList\">\n                <option value=\"\">Endroits<\/option><option data-ref=\"alhaurin-de-la-torre\" data-belong=\"\" data-subtext=\"\" value=\"alhaurin-de-la-torre\">Alhaurin De La Torre<\/option><option data-ref=\"alhaurin-el-grande\" data-belong=\"\" data-subtext=\"\" value=\"alhaurin-el-grande\">Alhaurin El Grande<\/option><option data-ref=\"benahavis\" data-belong=\"\" data-subtext=\"\" value=\"benahavis\">Benahavis<\/option><option data-ref=\"benalmadena\" data-belong=\"\" data-subtext=\"\" value=\"benalmadena\">Benalm\u00e1dena<\/option><option data-ref=\"coin\" data-belong=\"\" data-subtext=\"\" value=\"coin\">Co\u00edn<\/option><option data-ref=\"estepona\" data-belong=\"\" data-subtext=\"\" value=\"estepona\">Estepona<\/option><option data-ref=\"fuengirola\" data-belong=\"\" data-subtext=\"\" value=\"fuengirola\">Fuengirola<\/option><option data-ref=\"guaro\" data-belong=\"\" data-subtext=\"\" value=\"guaro\">Guaro<\/option><option data-ref=\"la-cala-de-mijas\" data-belong=\"\" data-subtext=\"\" value=\"la-cala-de-mijas\">La Cala de Mijas<\/option><option data-ref=\"malaga\" data-belong=\"\" data-subtext=\"\" value=\"malaga\">M\u00e1laga<\/option><option data-ref=\"manilva\" data-belong=\"\" data-subtext=\"\" value=\"manilva\">Manilva<\/option><option data-ref=\"marbella\" data-belong=\"\" data-subtext=\"\" value=\"marbella\">Marbella<\/option><option data-ref=\"mijas\" data-belong=\"\" data-subtext=\"\" value=\"mijas\">Mijas<\/option><option data-ref=\"monda\" data-belong=\"\" data-subtext=\"\" value=\"monda\">Monda<\/option><option data-ref=\"san-pedro-de-alcantara\" data-belong=\"\" data-subtext=\"\" value=\"san-pedro-de-alcantara\">San Pedro de Alc\u00e1ntara<\/option><option data-ref=\"tolox\" data-belong=\"\" data-subtext=\"\" value=\"tolox\">Tolox<\/option><option data-ref=\"torremolinos\" data-belong=\"\" data-subtext=\"\" value=\"torremolinos\">Torremolinos<\/option><option data-ref=\"yunquera\" data-belong=\"\" data-subtext=\"\" value=\"yunquera\">Yunquera<\/option>            <\/select>\n        <\/div>\n                            <\/div>\n                    \n                                            <div class=\"elementor-field-group elementor-column form-group elementor-field-group-field-beds elementor-col-20 elementor-sm-100\">\n                    <label for=\"form-field-field-beds\" class=\"elementor-field-label elementor-screen-only\">Chambres<\/label>        <div class=\"elementor-field elementor-select-wrapper\">\n            <select data-size=\"5\" name=\"bedrooms\" id=\"form-field-field-beds\" class=\"selectpicker bs-select-hidden houzez-field-textual form-control elementor-size-sm\">\n                <option value=\"\">Chambres<\/option><option value=\"1\">1<\/option><option value=\"2\">2<\/option><option value=\"3\">3<\/option><option value=\"4\">4<\/option><option value=\"5\">5<\/option><option value=\"6\">6<\/option><option value=\"7\">7<\/option><option value=\"8\">8<\/option><option value=\"9\">9<\/option><option value=\"10\">10<\/option><option value=\"any\">Ninguno<\/option>            <\/select>\n        <\/div>\n                            <\/div>\n                    \n                                            <div class=\"elementor-field-group elementor-column form-group elementor-field-group-field-max-price elementor-col-20 elementor-sm-100\">\n                    <label for=\"form-field-field-max-price\" class=\"elementor-field-label elementor-screen-only\">Prix \u200b\u200bMaximal<\/label>        <div class=\"prices-for-all elementor-field elementor-select-wrapper\">\n            <select data-size=\"5\" name=\"max-price\" id=\"form-field-field-max-price\" data-live-search=\"true\" class=\"selectpicker bs-select-hidden houzez-field-textual form-control elementor-size-sm\">\n                <option value=\"\">Prix \u200b\u200bMaximal<\/option><option value=\"any\">Ninguno<\/option><option value=\"5000\">5.000\u20ac<\/option><option value=\"10000\">10.000\u20ac<\/option><option value=\"50000\">50.000\u20ac<\/option><option value=\"100000\">100.000\u20ac<\/option><option value=\"200000\">200.000\u20ac<\/option><option value=\"300000\">300.000\u20ac<\/option><option value=\"400000\">400.000\u20ac<\/option><option value=\"500000\">500.000\u20ac<\/option><option value=\"600000\">600.000\u20ac<\/option><option value=\"700000\">700.000\u20ac<\/option><option value=\"800000\">800.000\u20ac<\/option><option value=\"900000\">900.000\u20ac<\/option><option value=\"1000000\">1.000.000\u20ac<\/option><option value=\"1500000\">1.500.000\u20ac<\/option><option value=\"2000000\">2.000.000\u20ac<\/option><option value=\"2500000\">2.500.000\u20ac<\/option><option value=\"5000000\">5.000.000\u20ac<\/option><option value=\"10000000\">10.000.000\u20ac<\/option>\n            <\/select><!-- selectpicker -->\n        <\/div><!-- form-group -->\n\n        <div class=\"hide prices-only-for-rent elementor-field elementor-select-wrapper\">\n            <select data-size=\"5\" name=\"max-price\" id=\"form-field-field-max-price\" data-live-search=\"true\" class=\"selectpicker bs-select-hidden houzez-field-textual form-control elementor-size-sm\">\n                <option value=\"\">Prix \u200b\u200bMaximal<\/option><option value=\"any\">Ninguno<\/option><option value=\"5000\">5.000\u20ac<\/option><option value=\"10000\">10.000\u20ac<\/option><option value=\"50000\">50.000\u20ac<\/option><option value=\"100000\">100.000\u20ac<\/option><option value=\"200000\">200.000\u20ac<\/option><option value=\"300000\">300.000\u20ac<\/option><option value=\"400000\">400.000\u20ac<\/option><option value=\"500000\">500.000\u20ac<\/option><option value=\"600000\">600.000\u20ac<\/option><option value=\"700000\">700.000\u20ac<\/option><option value=\"800000\">800.000\u20ac<\/option><option value=\"900000\">900.000\u20ac<\/option><option value=\"1000000\">1.000.000\u20ac<\/option><option value=\"1500000\">1.500.000\u20ac<\/option><option value=\"2000000\">2.000.000\u20ac<\/option><option value=\"2500000\">2.500.000\u20ac<\/option><option value=\"5000000\">5.000.000\u20ac<\/option><option value=\"10000000\">10.000.000\u20ac<\/option>\n            <\/select><!-- selectpicker -->\n        <\/div><!-- form-group -->\n                            <\/div>\n                    \n                                                <div class=\"elementor-field-group elementor-column elementor-field-type-submit elementor-col-20\">\n                                <button type=\"submit\" class=\"btn houzez-search-button elementor-button elementor-size-sm\">\n                                                                            Chercher                                                                    <\/button>\n                            <\/div>\n                            \n                    \n            <\/div><!-- End wrapper-->\n\n        <\/form>\n\n        \t\t\t\t<\/div>\n\t\t\t\t<\/div>\n\t\t\t\t\t<\/div>\n\t\t<\/div>\n\t\t\t\t\t<\/div>\n\t\t<\/section>\n\t\t\t\t<section class=\"elementor-section elementor-top-section elementor-element elementor-element-556fd4d4 elementor-section-content-middle elementor-section-height-min-height elementor-section-boxed elementor-section-height-default elementor-section-items-middle\" data-id=\"556fd4d4\" data-element_type=\"section\" data-e-type=\"section\">\n\t\t\t\t\t\t\t<div class=\"elementor-background-overlay\"><\/div>\n\t\t\t\t\t\t\t<div class=\"elementor-container elementor-column-gap-default\">\n\t\t\t\t\t<div class=\"elementor-column elementor-col-50 elementor-top-column elementor-element elementor-element-25fb73ee\" data-id=\"25fb73ee\" data-element_type=\"column\" data-e-type=\"column\">\n\t\t\t<div class=\"elementor-widget-wrap elementor-element-populated\">\n\t\t\t\t\t\t<div class=\"elementor-element elementor-element-57d2e21a elementor-widget elementor-widget-heading\" data-id=\"57d2e21a\" data-element_type=\"widget\" data-e-type=\"widget\" data-widget_type=\"heading.default\">\n\t\t\t\t<div class=\"elementor-widget-container\">\n\t\t\t\t\t<h2 class=\"elementor-heading-title elementor-size-xxl\">Propri\u00e9t\u00e9s \u00e0 Mijas<\/h2>\t\t\t\t<\/div>\n\t\t\t\t<\/div>\n\t\t\t\t<div class=\"elementor-element elementor-element-1d7d0924 elementor-widget elementor-widget-text-editor\" data-id=\"1d7d0924\" data-element_type=\"widget\" data-e-type=\"widget\" data-widget_type=\"text-editor.default\">\n\t\t\t\t<div class=\"elementor-widget-container\">\n\t\t\t\t\t\t\t\t\t<p>D\u00e9couvrez notre large s\u00e9lection de penthouses, appartements, villas, fermes, maisons, chalets, terrains, lots, entrep\u00f4ts, locaux, bureaux et commerces \u00e0 vendre \u00e0 Mijas. Nous sommes sp\u00e9cialistes des propri\u00e9t\u00e9s pour profiter de la nature, avec de grands espaces verts et tout le confort.<\/p>\t\t\t\t\t\t\t\t<\/div>\n\t\t\t\t<\/div>\n\t\t\t\t\t<\/div>\n\t\t<\/div>\n\t\t\t\t<div class=\"elementor-column elementor-col-50 elementor-top-column elementor-element elementor-element-3b7ac1cd\" data-id=\"3b7ac1cd\" data-element_type=\"column\" data-e-type=\"column\">\n\t\t\t<div class=\"elementor-widget-wrap elementor-element-populated\">\n\t\t\t\t\t\t<div class=\"elementor-element elementor-element-34fa5760 elementor-widget-tablet__width-inherit elementor-widget-mobile__width-inherit elementor-widget elementor-widget-houzez_elementor_properties_carousel_v5\" data-id=\"34fa5760\" data-element_type=\"widget\" data-e-type=\"widget\" data-widget_type=\"houzez_elementor_properties_carousel_v5.default\">\n\t\t\t\t<div class=\"elementor-widget-container\">\n\t\t\t\t\t\r\n\t\t<div class=\"property-carousel-module houzez-carousel-arrows-cvG8H houzez-carousel-cols-3 property-carousel-module-v5\">\r\n\r\n\t\t\t<div class=\"property-carousel-buttons-wrap\">\r\n\t\t\t\t\t\t\t\t\t\t\t<\/div><!-- property-carousel-buttons-wrap -->\r\n\r\n\t\t\t<div class=\"listing-view grid-view\">\t\r\n\t\t\t\t<div id=\"houzez-properties-carousel-cvG8H\" data-token=\"cvG8H\" class=\"houzez-properties-carousel-js houzez-all-slider-wrap card-deck\">\r\n\t\t\t\t\t\t\t\t\t<\/div><!-- testimonials-slider -->\r\n\t\t\t<\/div><!-- listing-view grid-view -->\r\n\t\t<\/div><!-- testimonials-module -->\r\n\r\n\t\t\t\t\t\t<\/div>\n\t\t\t\t<\/div>\n\t\t\t\t\t<\/div>\n\t\t<\/div>\n\t\t\t\t\t<\/div>\n\t\t<\/section>\n\t\t\t\t<section class=\"elementor-section elementor-top-section elementor-element elementor-element-42a3653e elementor-section-height-min-height elementor-section-content-middle elementor-section-boxed elementor-section-height-default elementor-section-items-middle\" data-id=\"42a3653e\" data-element_type=\"section\" data-e-type=\"section\" data-settings=\"{&quot;background_background&quot;:&quot;classic&quot;,&quot;animation_mobile&quot;:&quot;none&quot;}\">\n\t\t\t\t\t\t<div class=\"elementor-container elementor-column-gap-default\">\n\t\t\t\t\t<div class=\"elementor-column elementor-col-100 elementor-top-column elementor-element elementor-element-71c34732\" data-id=\"71c34732\" data-element_type=\"column\" data-e-type=\"column\">\n\t\t\t<div class=\"elementor-widget-wrap elementor-element-populated\">\n\t\t\t\t\t\t<section class=\"elementor-section elementor-inner-section elementor-element elementor-element-7c4bf3a3 elementor-section-boxed elementor-section-height-default elementor-section-height-default\" data-id=\"7c4bf3a3\" data-element_type=\"section\" data-e-type=\"section\">\n\t\t\t\t\t\t<div class=\"elementor-container elementor-column-gap-default\">\n\t\t\t\t\t<div class=\"elementor-column elementor-col-50 elementor-inner-column elementor-element elementor-element-5a82dc46\" data-id=\"5a82dc46\" data-element_type=\"column\" data-e-type=\"column\">\n\t\t\t<div class=\"elementor-widget-wrap elementor-element-populated\">\n\t\t\t\t\t\t<div class=\"elementor-element elementor-element-10a34a54 elementor-widget elementor-widget-heading\" data-id=\"10a34a54\" data-element_type=\"widget\" data-e-type=\"widget\" data-widget_type=\"heading.default\">\n\t\t\t\t<div class=\"elementor-widget-container\">\n\t\t\t\t\t<h2 class=\"elementor-heading-title elementor-size-xxl\">El Chorrito<\/h2>\t\t\t\t<\/div>\n\t\t\t\t<\/div>\n\t\t\t\t<div class=\"elementor-element elementor-element-34823a4d elementor-widget elementor-widget-heading\" data-id=\"34823a4d\" data-element_type=\"widget\" data-e-type=\"widget\" data-widget_type=\"heading.default\">\n\t\t\t\t<div class=\"elementor-widget-container\">\n\t\t\t\t\t<h2 class=\"elementor-heading-title elementor-size-xxl\">Immobilier \u00e0 Mijas<\/h2>\t\t\t\t<\/div>\n\t\t\t\t<\/div>\n\t\t\t\t<div class=\"elementor-element elementor-element-7715833f elementor-widget elementor-widget-text-editor\" data-id=\"7715833f\" data-element_type=\"widget\" data-e-type=\"widget\" data-widget_type=\"text-editor.default\">\n\t\t\t\t<div class=\"elementor-widget-container\">\n\t\t\t\t\t\t\t\t\t<p>Nous avons l&#8217;endroit id\u00e9al pour vivre, profiter de la campagne, avec tout le confort en pleine nature, dans l&#8217;un des merveilleux villages de la Sierra de las Nieves, de la Vall\u00e9e de Guadalhorce et de la Costa del Sol.<\/p>\t\t\t\t\t\t\t\t<\/div>\n\t\t\t\t<\/div>\n\t\t\t\t\t<\/div>\n\t\t<\/div>\n\t\t\t\t<div class=\"elementor-column elementor-col-50 elementor-inner-column elementor-element elementor-element-6579a97\" data-id=\"6579a97\" data-element_type=\"column\" data-e-type=\"column\">\n\t\t\t<div class=\"elementor-widget-wrap elementor-element-populated\">\n\t\t\t\t\t\t<div class=\"elementor-element elementor-element-20989398 elementor-widget elementor-widget-image\" data-id=\"20989398\" data-element_type=\"widget\" data-e-type=\"widget\" data-settings=\"{&quot;_animation&quot;:&quot;none&quot;}\" data-widget_type=\"image.default\">\n\t\t\t\t<div class=\"elementor-widget-container\">\n\t\t\t\t\t\t\t\t\t\t\t\t\t\t\t<img decoding=\"async\" src=\"https:\/\/elchorrito.es\/wp-content\/uploads\/elementor\/thumbs\/el-chorrito-inmobiliaria-venta-alquiler-propiedades-peu9w219i59hhrf053yl2oafx17zkvy4rz8b6go054.png\" title=\"el-chorrito-inmobiliaria-venta-alquiler-propiedades\" alt=\"el-chorrito-inmobiliaria-venta-alquiler-propiedades\" loading=\"lazy\" \/>\t\t\t\t\t\t\t\t\t\t\t\t\t\t\t<\/div>\n\t\t\t\t<\/div>\n\t\t\t\t\t<\/div>\n\t\t<\/div>\n\t\t\t\t\t<\/div>\n\t\t<\/section>\n\t\t\t\t\t<\/div>\n\t\t<\/div>\n\t\t\t\t\t<\/div>\n\t\t<\/section>\n\t\t\t\t<section class=\"elementor-section elementor-top-section elementor-element elementor-element-9abb45 elementor-section-content-middle elementor-section-height-min-height elementor-section-boxed elementor-section-height-default elementor-section-items-middle\" data-id=\"9abb45\" data-element_type=\"section\" data-e-type=\"section\" data-settings=\"{&quot;background_background&quot;:&quot;classic&quot;}\">\n\t\t\t\t\t\t\t<div class=\"elementor-background-overlay\"><\/div>\n\t\t\t\t\t\t\t<div class=\"elementor-container elementor-column-gap-default\">\n\t\t\t\t\t<div class=\"elementor-column elementor-col-50 elementor-top-column elementor-element elementor-element-3e054fac\" data-id=\"3e054fac\" data-element_type=\"column\" data-e-type=\"column\">\n\t\t\t<div class=\"elementor-widget-wrap elementor-element-populated\">\n\t\t\t\t\t\t<div class=\"elementor-element elementor-element-29e7ab2a elementor-widget elementor-widget-heading\" data-id=\"29e7ab2a\" data-element_type=\"widget\" data-e-type=\"widget\" data-widget_type=\"heading.default\">\n\t\t\t\t<div class=\"elementor-widget-container\">\n\t\t\t\t\t<h3 class=\"elementor-heading-title elementor-size-xxl\">Propri\u00e9t\u00e9s<\/h3>\t\t\t\t<\/div>\n\t\t\t\t<\/div>\n\t\t\t\t<div class=\"elementor-element elementor-element-2129e668 elementor-widget elementor-widget-heading\" data-id=\"2129e668\" data-element_type=\"widget\" data-e-type=\"widget\" data-widget_type=\"heading.default\">\n\t\t\t\t<div class=\"elementor-widget-container\">\n\t\t\t\t\t<h3 class=\"elementor-heading-title elementor-size-xxl\">Exceptionnelles<\/h3>\t\t\t\t<\/div>\n\t\t\t\t<\/div>\n\t\t\t\t<div class=\"elementor-element elementor-element-44b0979f elementor-widget elementor-widget-text-editor\" data-id=\"44b0979f\" data-element_type=\"widget\" data-e-type=\"widget\" data-widget_type=\"text-editor.default\">\n\t\t\t\t<div class=\"elementor-widget-container\">\n\t\t\t\t\t\t\t\t\t<p>D\u00e9couvrez notre large s\u00e9lection de penthouses, appartements, villas, fermes, maisons, chalets, terrains, lots, entrep\u00f4ts, locaux, bureaux et commerces sur la Costa del Sol, la Sierra de las Nieves et la Vall\u00e9e du Guadalhorce. Nous sommes sp\u00e9cialistes des propri\u00e9t\u00e9s pour profiter de la nature, avec de grands espaces verts et tout le confort.<\/p>\t\t\t\t\t\t\t\t<\/div>\n\t\t\t\t<\/div>\n\t\t\t\t\t<\/div>\n\t\t<\/div>\n\t\t\t\t<div class=\"elementor-column elementor-col-50 elementor-top-column elementor-element elementor-element-6de0024b\" data-id=\"6de0024b\" data-element_type=\"column\" data-e-type=\"column\">\n\t\t\t<div class=\"elementor-widget-wrap elementor-element-populated\">\n\t\t\t\t\t\t<div class=\"elementor-element elementor-element-524dd02f elementor-widget-tablet__width-inherit elementor-widget-mobile__width-inherit elementor-widget elementor-widget-houzez_elementor_properties_carousel_v5\" data-id=\"524dd02f\" data-element_type=\"widget\" data-e-type=\"widget\" data-widget_type=\"houzez_elementor_properties_carousel_v5.default\">\n\t\t\t\t<div class=\"elementor-widget-container\">\n\t\t\t\t\t\r\n\t\t<div class=\"property-carousel-module houzez-carousel-arrows-QfPbk houzez-carousel-cols-3 property-carousel-module-v5\">\r\n\r\n\t\t\t<div class=\"property-carousel-buttons-wrap\">\r\n\t\t\t\t\t\t\t\t\t\t\t<\/div><!-- property-carousel-buttons-wrap -->\r\n\r\n\t\t\t<div class=\"listing-view grid-view\">\t\r\n\t\t\t\t<div id=\"houzez-properties-carousel-QfPbk\" data-token=\"QfPbk\" class=\"houzez-properties-carousel-js houzez-all-slider-wrap card-deck\">\r\n\t\t\t\t\t<div class=\"item-listing-wrap hz-item-gallery-js item-listing-wrap-v5 card\" data-hz-id=\"hz-114043\" >\n\t<div class=\"item-wrap item-wrap-v5 h-100\">\n\t\t<div class=\"d-flex align-items-center h-100\">\n\t\t\t<div class=\"item-header\">\n\t\t\t\t<span class=\"label-featured label\">Exceptionnel<\/span>\t\t\t\t<div class=\"labels-wrap labels-right\"> \n\n\t<a href=\"https:\/\/elchorrito.es\/fr\/etat\/vente\/\" class=\"label-status label status-color-986\">\n\t\t\t\t\tVente\n\t\t\t\t<\/a><a href=\"https:\/\/elchorrito.es\/label\/monda\/\" class=\"hz-label label label-color-707\">\n\t\t\t\t\tMonda\n\t\t\t\t<\/a>       \n\n<\/div>\n\t\t\t\t<ul class=\"item-tools\">\n\n        <li class=\"item-tool item-preview\">\n        <span class=\"hz-show-lightbox-js\" data-listid=\"114043\" data-toggle=\"tooltip\" data-placement=\"top\" title=\"Antes\">\n                <i class=\"houzez-icon icon-expand-3\"><\/i>   \n        <\/span><!-- item-tool-favorite -->\n    <\/li><!-- item-tool -->\n        \n    \n    <\/ul><!-- item-tools -->\n\t\t\t\t<div class=\"listing-image-wrap\">\n\t<div class=\"listing-thumb\">\n\t\t<a target=_self href=\"https:\/\/elchorrito.es\/fr\/immobilier\/propriete-rurale-a-monda-avec-grand-terrain\/\" class=\"listing-featured-thumb hover-effect\">\n\t\t\t<img fetchpriority=\"high\" decoding=\"async\" width=\"592\" height=\"444\" src=\"https:\/\/elchorrito.es\/wp-content\/uploads\/Ref1731-Propriete-rurale-a-Monda-avec-grand-terrain.jpg\" class=\"img-fluid wp-post-image\" alt=\"Propri\u00e9t\u00e9 rurale \u00e0 Monda avec grand terrain\" \/>\t\t<\/a><!-- hover-effect -->\n\t<\/div>\n<\/div>\n\t\t\t\t<div class=\"preview_loader\"><\/div>\n\t\t\t<\/div><!-- item-header -->\t\n\t\t\t<div class=\"item-body flex-grow-1\">\n\t\t\t\t<h2 class=\"item-title\">\n\t<a target=_self href=\"https:\/\/elchorrito.es\/fr\/immobilier\/propriete-rurale-a-monda-avec-grand-terrain\/\">Propri\u00e9t\u00e9 rurale \u00e0 Monda avec grand terrain<\/a>\n<\/h2><!-- item-title -->\t\t\t\t\n\t\t\t\t<div class=\"item-v5-price\">\n\t\t\t\t\t 111.000\u20ac\t\t\t\t<\/div>\n\n\t\t\t\t\t\t\t\t<div class=\"item-v5-type\">\n\t\t\t\t\tMaisons de campagne, Chalets\t\t\t\t<\/div>\n\t\t\t\t\n\t\t\t\t<ul class=\"item-amenities item-amenities-with-icons\">\n\t<li class=\"h-beds\"><i class=\"houzez-icon icon-hotel-double-bed-1 mr-1\"><\/i><span class=\"item-amenities-text\">Cama:<\/span> <span class=\"hz-figure\">1<\/span><\/li><li class=\"h-baths\"><i class=\"houzez-icon icon-bathroom-shower-1 mr-1\"><\/i><span class=\"item-amenities-text\">Salle de bains:<\/span> <span class=\"hz-figure\">0<\/span><\/li><li class=\"h-area\"><i class=\"houzez-icon icon-ruler-triangle mr-1\"><\/i><span class=\"hz-figure\">40<\/span> <span class=\"hz-figure area_postfix\">m2<\/span><\/li><\/ul>\t\t\t<\/div><!-- item-body -->\n\t\t<\/div><!-- d-flex -->\n\t<\/div><!-- item-wrap -->\n<\/div><!-- item-listing-wrap --><div class=\"item-listing-wrap hz-item-gallery-js item-listing-wrap-v5 card\" data-hz-id=\"hz-102098\" >\n\t<div class=\"item-wrap item-wrap-v5 h-100\">\n\t\t<div class=\"d-flex align-items-center h-100\">\n\t\t\t<div class=\"item-header\">\n\t\t\t\t<span class=\"label-featured label\">Exceptionnel<\/span>\t\t\t\t<div class=\"labels-wrap labels-right\"> \n\n\t<a href=\"https:\/\/elchorrito.es\/fr\/etat\/vente\/\" class=\"label-status label status-color-986\">\n\t\t\t\t\tVente\n\t\t\t\t<\/a><a href=\"https:\/\/elchorrito.es\/label\/alhaurin-de-la-torre\/\" class=\"hz-label label label-color-780\">\n\t\t\t\t\tAlhaurin De La Torre\n\t\t\t\t<\/a>       \n\n<\/div>\n\t\t\t\t<ul class=\"item-tools\">\n\n        <li class=\"item-tool item-preview\">\n        <span class=\"hz-show-lightbox-js\" data-listid=\"102098\" data-toggle=\"tooltip\" data-placement=\"top\" title=\"Antes\">\n                <i class=\"houzez-icon icon-expand-3\"><\/i>   \n        <\/span><!-- item-tool-favorite -->\n    <\/li><!-- item-tool -->\n        \n    \n    <\/ul><!-- item-tools -->\n\t\t\t\t<div class=\"listing-image-wrap\">\n\t<div class=\"listing-thumb\">\n\t\t<a target=_self href=\"https:\/\/elchorrito.es\/fr\/immobilier\/villa-de-luxe-a-capellania-alhaurin-de-la-torre\/\" class=\"listing-featured-thumb hover-effect\">\n\t\t\t<img decoding=\"async\" width=\"592\" height=\"395\" src=\"https:\/\/elchorrito.es\/wp-content\/uploads\/Ref1301-Villa-de-luxe-a-Capellania-Alhaurin-de-la-Torre.jpg\" class=\"img-fluid wp-post-image\" alt=\"Villa de luxe \u00e0 Capellan\u00eda Alhaur\u00edn de la Torre\" \/>\t\t<\/a><!-- hover-effect -->\n\t<\/div>\n<\/div>\n\t\t\t\t<div class=\"preview_loader\"><\/div>\n\t\t\t<\/div><!-- item-header -->\t\n\t\t\t<div class=\"item-body flex-grow-1\">\n\t\t\t\t<h2 class=\"item-title\">\n\t<a target=_self href=\"https:\/\/elchorrito.es\/fr\/immobilier\/villa-de-luxe-a-capellania-alhaurin-de-la-torre\/\">Villa de luxe \u00e0 Capellan\u00eda Alhaur\u00edn de la Torre<\/a>\n<\/h2><!-- item-title -->\t\t\t\t\n\t\t\t\t<div class=\"item-v5-price\">\n\t\t\t\t\t 910.000\u20ac\t\t\t\t<\/div>\n\n\t\t\t\t\t\t\t\t<div class=\"item-v5-type\">\n\t\t\t\t\tVillas, Chalets\t\t\t\t<\/div>\n\t\t\t\t\n\t\t\t\t<ul class=\"item-amenities item-amenities-with-icons\">\n\t<li class=\"h-beds\"><i class=\"houzez-icon icon-hotel-double-bed-1 mr-1\"><\/i><span class=\"item-amenities-text\">Camas:<\/span> <span class=\"hz-figure\">8<\/span><\/li><li class=\"h-baths\"><i class=\"houzez-icon icon-bathroom-shower-1 mr-1\"><\/i><span class=\"item-amenities-text\">Toilettes:<\/span> <span class=\"hz-figure\">7<\/span><\/li><li class=\"h-area\"><i class=\"houzez-icon icon-ruler-triangle mr-1\"><\/i><span class=\"hz-figure\">431<\/span> <span class=\"hz-figure area_postfix\">m2<\/span><\/li><\/ul>\t\t\t<\/div><!-- item-body -->\n\t\t<\/div><!-- d-flex -->\n\t<\/div><!-- item-wrap -->\n<\/div><!-- item-listing-wrap --><div class=\"item-listing-wrap hz-item-gallery-js item-listing-wrap-v5 card\" data-hz-id=\"hz-98811\" >\n\t<div class=\"item-wrap item-wrap-v5 h-100\">\n\t\t<div class=\"d-flex align-items-center h-100\">\n\t\t\t<div class=\"item-header\">\n\t\t\t\t<span class=\"label-featured label\">Exceptionnel<\/span>\t\t\t\t<div class=\"labels-wrap labels-right\"> \n\n\t<a href=\"https:\/\/elchorrito.es\/fr\/etat\/vente\/\" class=\"label-status label status-color-986\">\n\t\t\t\t\tVente\n\t\t\t\t<\/a><a href=\"https:\/\/elchorrito.es\/label\/monda\/\" class=\"hz-label label label-color-707\">\n\t\t\t\t\tMonda\n\t\t\t\t<\/a>       \n\n<\/div>\n\t\t\t\t<ul class=\"item-tools\">\n\n        <li class=\"item-tool item-preview\">\n        <span class=\"hz-show-lightbox-js\" data-listid=\"98811\" data-toggle=\"tooltip\" data-placement=\"top\" title=\"Antes\">\n                <i class=\"houzez-icon icon-expand-3\"><\/i>   \n        <\/span><!-- item-tool-favorite -->\n    <\/li><!-- item-tool -->\n        \n    \n    <\/ul><!-- item-tools -->\n\t\t\t\t<div class=\"listing-image-wrap\">\n\t<div class=\"listing-thumb\">\n\t\t<a target=_self href=\"https:\/\/elchorrito.es\/fr\/immobilier\/maison-de-campagne-avec-3-chambres-et-design-voute-a-monda\/\" class=\"listing-featured-thumb hover-effect\">\n\t\t\t<img decoding=\"async\" width=\"592\" height=\"444\" src=\"https:\/\/elchorrito.es\/wp-content\/uploads\/Ref1137-Maison-de-campagne-avec-3-chambres-et-design-voute-a-Monda.jpg\" class=\"img-fluid wp-post-image\" alt=\"Maison de campagne avec 3 chambres et design vo\u00fbt\u00e9 \u00e0 Monda\" \/>\t\t<\/a><!-- hover-effect -->\n\t<\/div>\n<\/div>\n\t\t\t\t<div class=\"preview_loader\"><\/div>\n\t\t\t<\/div><!-- item-header -->\t\n\t\t\t<div class=\"item-body flex-grow-1\">\n\t\t\t\t<h2 class=\"item-title\">\n\t<a target=_self href=\"https:\/\/elchorrito.es\/fr\/immobilier\/maison-de-campagne-avec-3-chambres-et-design-voute-a-monda\/\">Maison de campagne avec 3 chambres et design vo\u00fbt\u00e9 \u00e0 Monda<\/a>\n<\/h2><!-- item-title -->\t\t\t\t\n\t\t\t\t<div class=\"item-v5-price\">\n\t\t\t\t\t 230.000\u20ac\t\t\t\t<\/div>\n\n\t\t\t\t\t\t\t\t<div class=\"item-v5-type\">\n\t\t\t\t\tMaisons rurales, Chalets\t\t\t\t<\/div>\n\t\t\t\t\n\t\t\t\t<ul class=\"item-amenities item-amenities-with-icons\">\n\t<li class=\"h-beds\"><i class=\"houzez-icon icon-hotel-double-bed-1 mr-1\"><\/i><span class=\"item-amenities-text\">Camas:<\/span> <span class=\"hz-figure\">3<\/span><\/li><li class=\"h-baths\"><i class=\"houzez-icon icon-bathroom-shower-1 mr-1\"><\/i><span class=\"item-amenities-text\">Toilettes:<\/span> <span class=\"hz-figure\">2<\/span><\/li><li class=\"h-area\"><i class=\"houzez-icon icon-ruler-triangle mr-1\"><\/i><span class=\"hz-figure\">140<\/span> <span class=\"hz-figure area_postfix\">m2<\/span><\/li><\/ul>\t\t\t<\/div><!-- item-body -->\n\t\t<\/div><!-- d-flex -->\n\t<\/div><!-- item-wrap -->\n<\/div><!-- item-listing-wrap --><div class=\"item-listing-wrap hz-item-gallery-js item-listing-wrap-v5 card\" data-hz-id=\"hz-98884\" >\n\t<div class=\"item-wrap item-wrap-v5 h-100\">\n\t\t<div class=\"d-flex align-items-center h-100\">\n\t\t\t<div class=\"item-header\">\n\t\t\t\t<span class=\"label-featured label\">Exceptionnel<\/span>\t\t\t\t<div class=\"labels-wrap labels-right\"> \n\n\t<a href=\"https:\/\/elchorrito.es\/fr\/etat\/vente\/\" class=\"label-status label status-color-986\">\n\t\t\t\t\tVente\n\t\t\t\t<\/a><a href=\"https:\/\/elchorrito.es\/label\/yunquera\/\" class=\"hz-label label label-color-801\">\n\t\t\t\t\tYunquera\n\t\t\t\t<\/a>       \n\n<\/div>\n\t\t\t\t<ul class=\"item-tools\">\n\n        <li class=\"item-tool item-preview\">\n        <span class=\"hz-show-lightbox-js\" data-listid=\"98884\" data-toggle=\"tooltip\" data-placement=\"top\" title=\"Antes\">\n                <i class=\"houzez-icon icon-expand-3\"><\/i>   \n        <\/span><!-- item-tool-favorite -->\n    <\/li><!-- item-tool -->\n        \n    \n    <\/ul><!-- item-tools -->\n\t\t\t\t<div class=\"listing-image-wrap\">\n\t<div class=\"listing-thumb\">\n\t\t<a target=_self href=\"https:\/\/elchorrito.es\/fr\/immobilier\/terrain-avec-maison-dans-la-sierra-de-las-nieves\/\" class=\"listing-featured-thumb hover-effect\">\n\t\t\t<img loading=\"lazy\" decoding=\"async\" width=\"592\" height=\"444\" src=\"https:\/\/elchorrito.es\/wp-content\/uploads\/Ref1078-Terrain-avec-maison-dans-la-Sierra-de-las-Nieves.jpg\" class=\"img-fluid wp-post-image\" alt=\"Terrain avec maison dans la Sierra de las Nieves\" \/>\t\t<\/a><!-- hover-effect -->\n\t<\/div>\n<\/div>\n\t\t\t\t<div class=\"preview_loader\"><\/div>\n\t\t\t<\/div><!-- item-header -->\t\n\t\t\t<div class=\"item-body flex-grow-1\">\n\t\t\t\t<h2 class=\"item-title\">\n\t<a target=_self href=\"https:\/\/elchorrito.es\/fr\/immobilier\/terrain-avec-maison-dans-la-sierra-de-las-nieves\/\">Terrain avec maison dans la Sierra de las Nieves<\/a>\n<\/h2><!-- item-title -->\t\t\t\t\n\t\t\t\t<div class=\"item-v5-price\">\n\t\t\t\t\t 130.000\u20ac\t\t\t\t<\/div>\n\n\t\t\t\t\t\t\t\t<div class=\"item-v5-type\">\n\t\t\t\t\tMaisons de campagne, Chalets\t\t\t\t<\/div>\n\t\t\t\t\n\t\t\t\t<ul class=\"item-amenities item-amenities-with-icons\">\n\t<li class=\"h-beds\"><i class=\"houzez-icon icon-hotel-double-bed-1 mr-1\"><\/i><span class=\"item-amenities-text\">Camas:<\/span> <span class=\"hz-figure\">2<\/span><\/li><li class=\"h-baths\"><i class=\"houzez-icon icon-bathroom-shower-1 mr-1\"><\/i><span class=\"item-amenities-text\">Salle de bains:<\/span> <span class=\"hz-figure\">1<\/span><\/li><li class=\"h-area\"><i class=\"houzez-icon icon-ruler-triangle mr-1\"><\/i><span class=\"hz-figure\">55<\/span> <span class=\"hz-figure area_postfix\">m2<\/span><\/li><\/ul>\t\t\t<\/div><!-- item-body -->\n\t\t<\/div><!-- d-flex -->\n\t<\/div><!-- item-wrap -->\n<\/div><!-- item-listing-wrap --><div class=\"item-listing-wrap hz-item-gallery-js item-listing-wrap-v5 card\" data-hz-id=\"hz-98230\" >\n\t<div class=\"item-wrap item-wrap-v5 h-100\">\n\t\t<div class=\"d-flex align-items-center h-100\">\n\t\t\t<div class=\"item-header\">\n\t\t\t\t<span class=\"label-featured label\">Exceptionnel<\/span>\t\t\t\t<div class=\"labels-wrap labels-right\"> \n\n\t<a href=\"https:\/\/elchorrito.es\/fr\/etat\/vente\/\" class=\"label-status label status-color-986\">\n\t\t\t\t\tVente\n\t\t\t\t<\/a><a href=\"https:\/\/elchorrito.es\/label\/marbella\/\" class=\"hz-label label label-color-763\">\n\t\t\t\t\tMarbella\n\t\t\t\t<\/a><a href=\"https:\/\/elchorrito.es\/fr\/etiqueter\/nouvelle\/\" class=\"hz-label label label-color-851\">\n\t\t\t\t\tNouvelle\n\t\t\t\t<\/a>       \n\n<\/div>\n\t\t\t\t<ul class=\"item-tools\">\n\n        <li class=\"item-tool item-preview\">\n        <span class=\"hz-show-lightbox-js\" data-listid=\"98230\" data-toggle=\"tooltip\" data-placement=\"top\" title=\"Antes\">\n                <i class=\"houzez-icon icon-expand-3\"><\/i>   \n        <\/span><!-- item-tool-favorite -->\n    <\/li><!-- item-tool -->\n        \n    \n    <\/ul><!-- item-tools -->\n\t\t\t\t<div class=\"listing-image-wrap\">\n\t<div class=\"listing-thumb\">\n\t\t<a target=_self href=\"https:\/\/elchorrito.es\/fr\/immobilier\/penthouse-de-nouvelle-construction-avec-3-chambres-piscine-et-salle-de-sport-a-marbella\/\" class=\"listing-featured-thumb hover-effect\">\n\t\t\t<img loading=\"lazy\" decoding=\"async\" width=\"592\" height=\"395\" src=\"https:\/\/elchorrito.es\/wp-content\/uploads\/Ref1111-Penthouse-de-nouvelle-construction-avec-3-chambres-piscine-et-salle-de-sport-a-Marbella.jpg\" class=\"img-fluid wp-post-image\" alt=\"Penthouse de nouvelle construction avec 3 chambres\" \/>\t\t<\/a><!-- hover-effect -->\n\t<\/div>\n<\/div>\n\t\t\t\t<div class=\"preview_loader\"><\/div>\n\t\t\t<\/div><!-- item-header -->\t\n\t\t\t<div class=\"item-body flex-grow-1\">\n\t\t\t\t<h2 class=\"item-title\">\n\t<a target=_self href=\"https:\/\/elchorrito.es\/fr\/immobilier\/penthouse-de-nouvelle-construction-avec-3-chambres-piscine-et-salle-de-sport-a-marbella\/\">Penthouse de nouvelle construction avec 3 chambres, piscine et salle de sport \u00e0 Marbella<\/a>\n<\/h2><!-- item-title -->\t\t\t\t\n\t\t\t\t<div class=\"item-v5-price\">\n\t\t\t\t\t 483.500\u20ac\t\t\t\t<\/div>\n\n\t\t\t\t\t\t\t\t<div class=\"item-v5-type\">\n\t\t\t\t\tAttiques, Appartements\t\t\t\t<\/div>\n\t\t\t\t\n\t\t\t\t<ul class=\"item-amenities item-amenities-with-icons\">\n\t<li class=\"h-beds\"><i class=\"houzez-icon icon-hotel-double-bed-1 mr-1\"><\/i><span class=\"item-amenities-text\">Camas:<\/span> <span class=\"hz-figure\">3<\/span><\/li><li class=\"h-baths\"><i class=\"houzez-icon icon-bathroom-shower-1 mr-1\"><\/i><span class=\"item-amenities-text\">Toilettes:<\/span> <span class=\"hz-figure\">2<\/span><\/li><li class=\"h-area\"><i class=\"houzez-icon icon-ruler-triangle mr-1\"><\/i><span class=\"hz-figure\">142<\/span> <span class=\"hz-figure area_postfix\">m2<\/span><\/li><\/ul>\t\t\t<\/div><!-- item-body -->\n\t\t<\/div><!-- d-flex -->\n\t<\/div><!-- item-wrap -->\n<\/div><!-- item-listing-wrap --><div class=\"item-listing-wrap hz-item-gallery-js item-listing-wrap-v5 card\" data-hz-id=\"hz-96386\" >\n\t<div class=\"item-wrap item-wrap-v5 h-100\">\n\t\t<div class=\"d-flex align-items-center h-100\">\n\t\t\t<div class=\"item-header\">\n\t\t\t\t<span class=\"label-featured label\">Exceptionnel<\/span>\t\t\t\t<div class=\"labels-wrap labels-right\"> \n\n\t<a href=\"https:\/\/elchorrito.es\/fr\/etat\/vente\/\" class=\"label-status label status-color-986\">\n\t\t\t\t\tVente\n\t\t\t\t<\/a><a href=\"https:\/\/elchorrito.es\/label\/guaro\/\" class=\"hz-label label label-color-751\">\n\t\t\t\t\tGuaro\n\t\t\t\t<\/a>       \n\n<\/div>\n\t\t\t\t<ul class=\"item-tools\">\n\n        <li class=\"item-tool item-preview\">\n        <span class=\"hz-show-lightbox-js\" data-listid=\"96386\" data-toggle=\"tooltip\" data-placement=\"top\" title=\"Antes\">\n                <i class=\"houzez-icon icon-expand-3\"><\/i>   \n        <\/span><!-- item-tool-favorite -->\n    <\/li><!-- item-tool -->\n        \n    \n    <\/ul><!-- item-tools -->\n\t\t\t\t<div class=\"listing-image-wrap\">\n\t<div class=\"listing-thumb\">\n\t\t<a target=_self href=\"https:\/\/elchorrito.es\/fr\/immobilier\/maison-de-ville-bb-de-8-chambres-a-guaro\/\" class=\"listing-featured-thumb hover-effect\">\n\t\t\t<img loading=\"lazy\" decoding=\"async\" width=\"592\" height=\"444\" src=\"https:\/\/elchorrito.es\/wp-content\/uploads\/Ref1079-Maison-de-ville-BB-de-8-chambres-a-Guaro.jpg\" class=\"img-fluid wp-post-image\" alt=\"Maison de ville B&amp;B de 8 chambres \u00e0 Guaro\" \/>\t\t<\/a><!-- hover-effect -->\n\t<\/div>\n<\/div>\n\t\t\t\t<div class=\"preview_loader\"><\/div>\n\t\t\t<\/div><!-- item-header -->\t\n\t\t\t<div class=\"item-body flex-grow-1\">\n\t\t\t\t<h2 class=\"item-title\">\n\t<a target=_self href=\"https:\/\/elchorrito.es\/fr\/immobilier\/maison-de-ville-bb-de-8-chambres-a-guaro\/\">Maison de ville B&#038;B de 8 chambres \u00e0 Guaro<\/a>\n<\/h2><!-- item-title -->\t\t\t\t\n\t\t\t\t<div class=\"item-v5-price\">\n\t\t\t\t\t 185.000\u20ac\t\t\t\t<\/div>\n\n\t\t\t\t\t\t\t\t<div class=\"item-v5-type\">\n\t\t\t\t\tMaisons, Chalets\t\t\t\t<\/div>\n\t\t\t\t\n\t\t\t\t<ul class=\"item-amenities item-amenities-with-icons\">\n\t<li class=\"h-beds\"><i class=\"houzez-icon icon-hotel-double-bed-1 mr-1\"><\/i><span class=\"item-amenities-text\">Camas:<\/span> <span class=\"hz-figure\">8<\/span><\/li><li class=\"h-baths\"><i class=\"houzez-icon icon-bathroom-shower-1 mr-1\"><\/i><span class=\"item-amenities-text\">Salle de bains:<\/span> <span class=\"hz-figure\">1<\/span><\/li><li class=\"h-area\"><i class=\"houzez-icon icon-ruler-triangle mr-1\"><\/i><span class=\"hz-figure\">292<\/span> <span class=\"hz-figure area_postfix\">m2<\/span><\/li><\/ul>\t\t\t<\/div><!-- item-body -->\n\t\t<\/div><!-- d-flex -->\n\t<\/div><!-- item-wrap -->\n<\/div><!-- item-listing-wrap --><div class=\"item-listing-wrap hz-item-gallery-js item-listing-wrap-v5 card\" data-hz-id=\"hz-96559\" >\n\t<div class=\"item-wrap item-wrap-v5 h-100\">\n\t\t<div class=\"d-flex align-items-center h-100\">\n\t\t\t<div class=\"item-header\">\n\t\t\t\t<span class=\"label-featured label\">Exceptionnel<\/span>\t\t\t\t<div class=\"labels-wrap labels-right\"> \n\n\t<a href=\"https:\/\/elchorrito.es\/fr\/etat\/vente\/\" class=\"label-status label status-color-986\">\n\t\t\t\t\tVente\n\t\t\t\t<\/a><a href=\"https:\/\/elchorrito.es\/label\/monda\/\" class=\"hz-label label label-color-707\">\n\t\t\t\t\tMonda\n\t\t\t\t<\/a>       \n\n<\/div>\n\t\t\t\t<ul class=\"item-tools\">\n\n        <li class=\"item-tool item-preview\">\n        <span class=\"hz-show-lightbox-js\" data-listid=\"96559\" data-toggle=\"tooltip\" data-placement=\"top\" title=\"Antes\">\n                <i class=\"houzez-icon icon-expand-3\"><\/i>   \n        <\/span><!-- item-tool-favorite -->\n    <\/li><!-- item-tool -->\n        \n    \n    <\/ul><!-- item-tools -->\n\t\t\t\t<div class=\"listing-image-wrap\">\n\t<div class=\"listing-thumb\">\n\t\t<a target=_self href=\"https:\/\/elchorrito.es\/fr\/immobilier\/finca-avec-maison-a-alpujata-monda-avec-piscine-et-jardin\/\" class=\"listing-featured-thumb hover-effect\">\n\t\t\t<img loading=\"lazy\" decoding=\"async\" width=\"592\" height=\"333\" src=\"https:\/\/elchorrito.es\/wp-content\/uploads\/Ref1005-Finca-avec-maison-a-Alpujata-Monda-avec-piscine-et-jardin.jpg\" class=\"img-fluid wp-post-image\" alt=\"Finca avec maison \u00e0 Alpujata Monda avec piscine et jardin\" \/>\t\t<\/a><!-- hover-effect -->\n\t<\/div>\n<\/div>\n\t\t\t\t<div class=\"preview_loader\"><\/div>\n\t\t\t<\/div><!-- item-header -->\t\n\t\t\t<div class=\"item-body flex-grow-1\">\n\t\t\t\t<h2 class=\"item-title\">\n\t<a target=_self href=\"https:\/\/elchorrito.es\/fr\/immobilier\/finca-avec-maison-a-alpujata-monda-avec-piscine-et-jardin\/\">Finca avec maison \u00e0 Alpujata Monda avec piscine et jardin<\/a>\n<\/h2><!-- item-title -->\t\t\t\t\n\t\t\t\t<div class=\"item-v5-price\">\n\t\t\t\t\t 750.000\u20ac\t\t\t\t<\/div>\n\n\t\t\t\t\t\t\t\t<div class=\"item-v5-type\">\n\t\t\t\t\tMaisons rurales, Chalets\t\t\t\t<\/div>\n\t\t\t\t\n\t\t\t\t<ul class=\"item-amenities item-amenities-with-icons\">\n\t<li class=\"h-beds\"><i class=\"houzez-icon icon-hotel-double-bed-1 mr-1\"><\/i><span class=\"item-amenities-text\">Camas:<\/span> <span class=\"hz-figure\">4<\/span><\/li><li class=\"h-baths\"><i class=\"houzez-icon icon-bathroom-shower-1 mr-1\"><\/i><span class=\"item-amenities-text\">Toilettes:<\/span> <span class=\"hz-figure\">3<\/span><\/li><li class=\"h-area\"><i class=\"houzez-icon icon-ruler-triangle mr-1\"><\/i><span class=\"hz-figure\">400<\/span> <span class=\"hz-figure area_postfix\">m2<\/span><\/li><\/ul>\t\t\t<\/div><!-- item-body -->\n\t\t<\/div><!-- d-flex -->\n\t<\/div><!-- item-wrap -->\n<\/div><!-- item-listing-wrap --><div class=\"item-listing-wrap hz-item-gallery-js item-listing-wrap-v5 card\" data-hz-id=\"hz-96641\" >\n\t<div class=\"item-wrap item-wrap-v5 h-100\">\n\t\t<div class=\"d-flex align-items-center h-100\">\n\t\t\t<div class=\"item-header\">\n\t\t\t\t<span class=\"label-featured label\">Exceptionnel<\/span>\t\t\t\t<div class=\"labels-wrap labels-right\"> \n\n\t<a href=\"https:\/\/elchorrito.es\/fr\/etat\/vente\/\" class=\"label-status label status-color-986\">\n\t\t\t\t\tVente\n\t\t\t\t<\/a><a href=\"https:\/\/elchorrito.es\/label\/tolox\/\" class=\"hz-label label label-color-789\">\n\t\t\t\t\tTolox\n\t\t\t\t<\/a>       \n\n<\/div>\n\t\t\t\t<ul class=\"item-tools\">\n\n        <li class=\"item-tool item-preview\">\n        <span class=\"hz-show-lightbox-js\" data-listid=\"96641\" data-toggle=\"tooltip\" data-placement=\"top\" title=\"Antes\">\n                <i class=\"houzez-icon icon-expand-3\"><\/i>   \n        <\/span><!-- item-tool-favorite -->\n    <\/li><!-- item-tool -->\n        \n    \n    <\/ul><!-- item-tools -->\n\t\t\t\t<div class=\"listing-image-wrap\">\n\t<div class=\"listing-thumb\">\n\t\t<a target=_self href=\"https:\/\/elchorrito.es\/fr\/immobilier\/maison-de-campagne-avec-3-chambres-et-loft-a-tolox\/\" class=\"listing-featured-thumb hover-effect\">\n\t\t\t<img loading=\"lazy\" decoding=\"async\" width=\"592\" height=\"444\" src=\"https:\/\/elchorrito.es\/wp-content\/uploads\/Ref1106-Maison-de-campagne-avec-3-chambres-et-loft-a-Tolox.jpg\" class=\"img-fluid wp-post-image\" alt=\"Maison de campagne avec 3 chambres et loft \u00e0 Tolox\" \/>\t\t<\/a><!-- hover-effect -->\n\t<\/div>\n<\/div>\n\t\t\t\t<div class=\"preview_loader\"><\/div>\n\t\t\t<\/div><!-- item-header -->\t\n\t\t\t<div class=\"item-body flex-grow-1\">\n\t\t\t\t<h2 class=\"item-title\">\n\t<a target=_self href=\"https:\/\/elchorrito.es\/fr\/immobilier\/maison-de-campagne-avec-3-chambres-et-loft-a-tolox\/\">Maison de campagne avec 3 chambres et loft \u00e0 Tolox<\/a>\n<\/h2><!-- item-title -->\t\t\t\t\n\t\t\t\t<div class=\"item-v5-price\">\n\t\t\t\t\t 160.000\u20ac\t\t\t\t<\/div>\n\n\t\t\t\t\t\t\t\t<div class=\"item-v5-type\">\n\t\t\t\t\tMaisons rurales, Chalets\t\t\t\t<\/div>\n\t\t\t\t\n\t\t\t\t<ul class=\"item-amenities item-amenities-with-icons\">\n\t<li class=\"h-beds\"><i class=\"houzez-icon icon-hotel-double-bed-1 mr-1\"><\/i><span class=\"item-amenities-text\">Camas:<\/span> <span class=\"hz-figure\">3<\/span><\/li><li class=\"h-baths\"><i class=\"houzez-icon icon-bathroom-shower-1 mr-1\"><\/i><span class=\"item-amenities-text\">Salle de bains:<\/span> <span class=\"hz-figure\">1<\/span><\/li><li class=\"h-area\"><i class=\"houzez-icon icon-ruler-triangle mr-1\"><\/i><span class=\"hz-figure\">80<\/span> <span class=\"hz-figure area_postfix\">m2<\/span><\/li><\/ul>\t\t\t<\/div><!-- item-body -->\n\t\t<\/div><!-- d-flex -->\n\t<\/div><!-- item-wrap -->\n<\/div><!-- item-listing-wrap --><div class=\"item-listing-wrap hz-item-gallery-js item-listing-wrap-v5 card\" data-hz-id=\"hz-96769\" >\n\t<div class=\"item-wrap item-wrap-v5 h-100\">\n\t\t<div class=\"d-flex align-items-center h-100\">\n\t\t\t<div class=\"item-header\">\n\t\t\t\t<span class=\"label-featured label\">Exceptionnel<\/span>\t\t\t\t<div class=\"labels-wrap labels-right\"> \n\n\t<a href=\"https:\/\/elchorrito.es\/fr\/etat\/vente\/\" class=\"label-status label status-color-986\">\n\t\t\t\t\tVente\n\t\t\t\t<\/a><a href=\"https:\/\/elchorrito.es\/label\/tolox\/\" class=\"hz-label label label-color-789\">\n\t\t\t\t\tTolox\n\t\t\t\t<\/a>       \n\n<\/div>\n\t\t\t\t<ul class=\"item-tools\">\n\n        <li class=\"item-tool item-preview\">\n        <span class=\"hz-show-lightbox-js\" data-listid=\"96769\" data-toggle=\"tooltip\" data-placement=\"top\" title=\"Antes\">\n                <i class=\"houzez-icon icon-expand-3\"><\/i>   \n        <\/span><!-- item-tool-favorite -->\n    <\/li><!-- item-tool -->\n        \n    \n    <\/ul><!-- item-tools -->\n\t\t\t\t<div class=\"listing-image-wrap\">\n\t<div class=\"listing-thumb\">\n\t\t<a target=_self href=\"https:\/\/elchorrito.es\/fr\/immobilier\/maison-de-ville-avec-2-maisons-independantes-a-tolox\/\" class=\"listing-featured-thumb hover-effect\">\n\t\t\t<img loading=\"lazy\" decoding=\"async\" width=\"592\" height=\"444\" src=\"https:\/\/elchorrito.es\/wp-content\/uploads\/Ref1162-Maison-de-ville-avec-2-maisons-independantes-a-Tolox.jpg\" class=\"img-fluid wp-post-image\" alt=\"Maison de ville avec 2 maisons ind\u00e9pendantes \u00e0 Tolox\" \/>\t\t<\/a><!-- hover-effect -->\n\t<\/div>\n<\/div>\n\t\t\t\t<div class=\"preview_loader\"><\/div>\n\t\t\t<\/div><!-- item-header -->\t\n\t\t\t<div class=\"item-body flex-grow-1\">\n\t\t\t\t<h2 class=\"item-title\">\n\t<a target=_self href=\"https:\/\/elchorrito.es\/fr\/immobilier\/maison-de-ville-avec-2-maisons-independantes-a-tolox\/\">Maison de ville avec 2 maisons ind\u00e9pendantes \u00e0 Tolox<\/a>\n<\/h2><!-- item-title -->\t\t\t\t\n\t\t\t\t<div class=\"item-v5-price\">\n\t\t\t\t\t 220.000\u20ac\t\t\t\t<\/div>\n\n\t\t\t\t\t\t\t\t<div class=\"item-v5-type\">\n\t\t\t\t\tMaisons de ville, Chalets\t\t\t\t<\/div>\n\t\t\t\t\n\t\t\t\t<ul class=\"item-amenities item-amenities-with-icons\">\n\t<li class=\"h-beds\"><i class=\"houzez-icon icon-hotel-double-bed-1 mr-1\"><\/i><span class=\"item-amenities-text\">Camas:<\/span> <span class=\"hz-figure\">8<\/span><\/li><li class=\"h-baths\"><i class=\"houzez-icon icon-bathroom-shower-1 mr-1\"><\/i><span class=\"item-amenities-text\">Toilettes:<\/span> <span class=\"hz-figure\">4<\/span><\/li><li class=\"h-area\"><i class=\"houzez-icon icon-ruler-triangle mr-1\"><\/i><span class=\"hz-figure\">180<\/span> <span class=\"hz-figure area_postfix\">m2<\/span><\/li><\/ul>\t\t\t<\/div><!-- item-body -->\n\t\t<\/div><!-- d-flex -->\n\t<\/div><!-- item-wrap -->\n<\/div><!-- item-listing-wrap --><div class=\"item-listing-wrap hz-item-gallery-js item-listing-wrap-v5 card\" data-hz-id=\"hz-96898\" >\n\t<div class=\"item-wrap item-wrap-v5 h-100\">\n\t\t<div class=\"d-flex align-items-center h-100\">\n\t\t\t<div class=\"item-header\">\n\t\t\t\t<span class=\"label-featured label\">Exceptionnel<\/span>\t\t\t\t<div class=\"labels-wrap labels-right\"> \n\n\t<a href=\"https:\/\/elchorrito.es\/fr\/etat\/vente\/\" class=\"label-status label status-color-986\">\n\t\t\t\t\tVente\n\t\t\t\t<\/a><a href=\"https:\/\/elchorrito.es\/label\/marbella\/\" class=\"hz-label label label-color-763\">\n\t\t\t\t\tMarbella\n\t\t\t\t<\/a><a href=\"https:\/\/elchorrito.es\/fr\/etiqueter\/nouvelle\/\" class=\"hz-label label label-color-851\">\n\t\t\t\t\tNouvelle\n\t\t\t\t<\/a>       \n\n<\/div>\n\t\t\t\t<ul class=\"item-tools\">\n\n        <li class=\"item-tool item-preview\">\n        <span class=\"hz-show-lightbox-js\" data-listid=\"96898\" data-toggle=\"tooltip\" data-placement=\"top\" title=\"Antes\">\n                <i class=\"houzez-icon icon-expand-3\"><\/i>   \n        <\/span><!-- item-tool-favorite -->\n    <\/li><!-- item-tool -->\n        \n    \n    <\/ul><!-- item-tools -->\n\t\t\t\t<div class=\"listing-image-wrap\">\n\t<div class=\"listing-thumb\">\n\t\t<a target=_self href=\"https:\/\/elchorrito.es\/fr\/immobilier\/penthouse-de-nouvelle-construction-avec-3-chambres-2-terrasses-et-piscine-a-marbella\/\" class=\"listing-featured-thumb hover-effect\">\n\t\t\t<img loading=\"lazy\" decoding=\"async\" width=\"592\" height=\"333\" src=\"https:\/\/elchorrito.es\/wp-content\/uploads\/Ref1120-Penthouse-de-nouvelle-construction-avec-3-chambres-2-terrasses-et-piscine-a-Marbella.jpg\" class=\"img-fluid wp-post-image\" alt=\"Penthouse de nouvelle construction avec 3 chambres\" \/>\t\t<\/a><!-- hover-effect -->\n\t<\/div>\n<\/div>\n\t\t\t\t<div class=\"preview_loader\"><\/div>\n\t\t\t<\/div><!-- item-header -->\t\n\t\t\t<div class=\"item-body flex-grow-1\">\n\t\t\t\t<h2 class=\"item-title\">\n\t<a target=_self href=\"https:\/\/elchorrito.es\/fr\/immobilier\/penthouse-de-nouvelle-construction-avec-3-chambres-2-terrasses-et-piscine-a-marbella\/\">Penthouse de nouvelle construction avec 3 chambres, 2 terrasses et piscine \u00e0 Marbella<\/a>\n<\/h2><!-- item-title -->\t\t\t\t\n\t\t\t\t<div class=\"item-v5-price\">\n\t\t\t\t\t 521.100\u20ac\t\t\t\t<\/div>\n\n\t\t\t\t\t\t\t\t<div class=\"item-v5-type\">\n\t\t\t\t\tAttiques, Appartements\t\t\t\t<\/div>\n\t\t\t\t\n\t\t\t\t<ul class=\"item-amenities item-amenities-with-icons\">\n\t<li class=\"h-beds\"><i class=\"houzez-icon icon-hotel-double-bed-1 mr-1\"><\/i><span class=\"item-amenities-text\">Camas:<\/span> <span class=\"hz-figure\">3<\/span><\/li><li class=\"h-baths\"><i class=\"houzez-icon icon-bathroom-shower-1 mr-1\"><\/i><span class=\"item-amenities-text\">Toilettes:<\/span> <span class=\"hz-figure\">2<\/span><\/li><li class=\"h-area\"><i class=\"houzez-icon icon-ruler-triangle mr-1\"><\/i><span class=\"hz-figure\">107<\/span> <span class=\"hz-figure area_postfix\">m2<\/span><\/li><\/ul>\t\t\t<\/div><!-- item-body -->\n\t\t<\/div><!-- d-flex -->\n\t<\/div><!-- item-wrap -->\n<\/div><!-- item-listing-wrap --><div class=\"item-listing-wrap hz-item-gallery-js item-listing-wrap-v5 card\" data-hz-id=\"hz-96210\" >\n\t<div class=\"item-wrap item-wrap-v5 h-100\">\n\t\t<div class=\"d-flex align-items-center h-100\">\n\t\t\t<div class=\"item-header\">\n\t\t\t\t<span class=\"label-featured label\">Exceptionnel<\/span>\t\t\t\t<div class=\"labels-wrap labels-right\"> \n\n\t<a href=\"https:\/\/elchorrito.es\/fr\/etat\/vente\/\" class=\"label-status label status-color-986\">\n\t\t\t\t\tVente\n\t\t\t\t<\/a><a href=\"https:\/\/elchorrito.es\/label\/coin\/\" class=\"hz-label label label-color-759\">\n\t\t\t\t\tCoin\n\t\t\t\t<\/a>       \n\n<\/div>\n\t\t\t\t<ul class=\"item-tools\">\n\n        <li class=\"item-tool item-preview\">\n        <span class=\"hz-show-lightbox-js\" data-listid=\"96210\" data-toggle=\"tooltip\" data-placement=\"top\" title=\"Antes\">\n                <i class=\"houzez-icon icon-expand-3\"><\/i>   \n        <\/span><!-- item-tool-favorite -->\n    <\/li><!-- item-tool -->\n        \n    \n    <\/ul><!-- item-tools -->\n\t\t\t\t<div class=\"listing-image-wrap\">\n\t<div class=\"listing-thumb\">\n\t\t<a target=_self href=\"https:\/\/elchorrito.es\/fr\/immobilier\/villa-individuelle-avec-4-chambres-piscine-et-jardin-a-coin\/\" class=\"listing-featured-thumb hover-effect\">\n\t\t\t<img loading=\"lazy\" decoding=\"async\" width=\"592\" height=\"444\" src=\"https:\/\/elchorrito.es\/wp-content\/uploads\/Ref1094-Villa-individuelle-avec-4-chambres-piscine-et-jardin-a-Coin.jpg\" class=\"img-fluid wp-post-image\" alt=\"Villa individuelle avec 4 chambres\" \/>\t\t<\/a><!-- hover-effect -->\n\t<\/div>\n<\/div>\n\t\t\t\t<div class=\"preview_loader\"><\/div>\n\t\t\t<\/div><!-- item-header -->\t\n\t\t\t<div class=\"item-body flex-grow-1\">\n\t\t\t\t<h2 class=\"item-title\">\n\t<a target=_self href=\"https:\/\/elchorrito.es\/fr\/immobilier\/villa-individuelle-avec-4-chambres-piscine-et-jardin-a-coin\/\">Villa individuelle avec 4 chambres, piscine et jardin \u00e0 Co\u00edn<\/a>\n<\/h2><!-- item-title -->\t\t\t\t\n\t\t\t\t<div class=\"item-v5-price\">\n\t\t\t\t\t 460.000\u20ac\t\t\t\t<\/div>\n\n\t\t\t\t\t\t\t\t<div class=\"item-v5-type\">\n\t\t\t\t\tMaisons de ville, Chalets\t\t\t\t<\/div>\n\t\t\t\t\n\t\t\t\t<ul class=\"item-amenities item-amenities-with-icons\">\n\t<li class=\"h-beds\"><i class=\"houzez-icon icon-hotel-double-bed-1 mr-1\"><\/i><span class=\"item-amenities-text\">Camas:<\/span> <span class=\"hz-figure\">4<\/span><\/li><li class=\"h-baths\"><i class=\"houzez-icon icon-bathroom-shower-1 mr-1\"><\/i><span class=\"item-amenities-text\">Toilettes:<\/span> <span class=\"hz-figure\">3<\/span><\/li><li class=\"h-area\"><i class=\"houzez-icon icon-ruler-triangle mr-1\"><\/i><span class=\"hz-figure\">193<\/span> <span class=\"hz-figure area_postfix\">m2<\/span><\/li><\/ul>\t\t\t<\/div><!-- item-body -->\n\t\t<\/div><!-- d-flex -->\n\t<\/div><!-- item-wrap -->\n<\/div><!-- item-listing-wrap --><div class=\"item-listing-wrap hz-item-gallery-js item-listing-wrap-v5 card\" data-hz-id=\"hz-96304\" >\n\t<div class=\"item-wrap item-wrap-v5 h-100\">\n\t\t<div class=\"d-flex align-items-center h-100\">\n\t\t\t<div class=\"item-header\">\n\t\t\t\t<span class=\"label-featured label\">Exceptionnel<\/span>\t\t\t\t<div class=\"labels-wrap labels-right\"> \n\n\t<a href=\"https:\/\/elchorrito.es\/fr\/etat\/vente\/\" class=\"label-status label status-color-986\">\n\t\t\t\t\tVente\n\t\t\t\t<\/a><a href=\"https:\/\/elchorrito.es\/label\/guaro\/\" class=\"hz-label label label-color-751\">\n\t\t\t\t\tGuaro\n\t\t\t\t<\/a>       \n\n<\/div>\n\t\t\t\t<ul class=\"item-tools\">\n\n        <li class=\"item-tool item-preview\">\n        <span class=\"hz-show-lightbox-js\" data-listid=\"96304\" data-toggle=\"tooltip\" data-placement=\"top\" title=\"Antes\">\n                <i class=\"houzez-icon icon-expand-3\"><\/i>   \n        <\/span><!-- item-tool-favorite -->\n    <\/li><!-- item-tool -->\n        \n    \n    <\/ul><!-- item-tools -->\n\t\t\t\t<div class=\"listing-image-wrap\">\n\t<div class=\"listing-thumb\">\n\t\t<a target=_self href=\"https:\/\/elchorrito.es\/fr\/immobilier\/villa-individuelle-avec-3-chambres-jardin-et-piscine-a-guaro\/\" class=\"listing-featured-thumb hover-effect\">\n\t\t\t<img loading=\"lazy\" decoding=\"async\" width=\"592\" height=\"444\" src=\"https:\/\/elchorrito.es\/wp-content\/uploads\/Ref1152-Villa-individuelle-avec-3-chambres-jardin-et-piscine-a-Guaro.jpg\" class=\"img-fluid wp-post-image\" alt=\"Villa individuelle avec 3 chambres\" \/>\t\t<\/a><!-- hover-effect -->\n\t<\/div>\n<\/div>\n\t\t\t\t<div class=\"preview_loader\"><\/div>\n\t\t\t<\/div><!-- item-header -->\t\n\t\t\t<div class=\"item-body flex-grow-1\">\n\t\t\t\t<h2 class=\"item-title\">\n\t<a target=_self href=\"https:\/\/elchorrito.es\/fr\/immobilier\/villa-individuelle-avec-3-chambres-jardin-et-piscine-a-guaro\/\">Villa individuelle avec 3 chambres, jardin et piscine \u00e0 Guaro<\/a>\n<\/h2><!-- item-title -->\t\t\t\t\n\t\t\t\t<div class=\"item-v5-price\">\n\t\t\t\t\t 490.000\u20ac\t\t\t\t<\/div>\n\n\t\t\t\t\t\t\t\t<div class=\"item-v5-type\">\n\t\t\t\t\tMaisons de ville, Chalets\t\t\t\t<\/div>\n\t\t\t\t\n\t\t\t\t<ul class=\"item-amenities item-amenities-with-icons\">\n\t<li class=\"h-beds\"><i class=\"houzez-icon icon-hotel-double-bed-1 mr-1\"><\/i><span class=\"item-amenities-text\">Camas:<\/span> <span class=\"hz-figure\">3<\/span><\/li><li class=\"h-baths\"><i class=\"houzez-icon icon-bathroom-shower-1 mr-1\"><\/i><span class=\"item-amenities-text\">Toilettes:<\/span> <span class=\"hz-figure\">3<\/span><\/li><li class=\"h-area\"><i class=\"houzez-icon icon-ruler-triangle mr-1\"><\/i><span class=\"hz-figure\">210<\/span> <span class=\"hz-figure area_postfix\">m2<\/span><\/li><\/ul>\t\t\t<\/div><!-- item-body -->\n\t\t<\/div><!-- d-flex -->\n\t<\/div><!-- item-wrap -->\n<\/div><!-- item-listing-wrap --><div class=\"item-listing-wrap hz-item-gallery-js item-listing-wrap-v5 card\" data-hz-id=\"hz-94640\" >\n\t<div class=\"item-wrap item-wrap-v5 h-100\">\n\t\t<div class=\"d-flex align-items-center h-100\">\n\t\t\t<div class=\"item-header\">\n\t\t\t\t<span class=\"label-featured label\">Exceptionnel<\/span>\t\t\t\t<div class=\"labels-wrap labels-right\"> \n\n\t<a href=\"https:\/\/elchorrito.es\/fr\/etat\/vente\/\" class=\"label-status label status-color-986\">\n\t\t\t\t\tVente\n\t\t\t\t<\/a><a href=\"https:\/\/elchorrito.es\/label\/la-cala-de-mijas\/\" class=\"hz-label label label-color-741\">\n\t\t\t\t\tLa Cala de Mijas\n\t\t\t\t<\/a><a href=\"https:\/\/elchorrito.es\/fr\/etiqueter\/nouvelle\/\" class=\"hz-label label label-color-851\">\n\t\t\t\t\tNouvelle\n\t\t\t\t<\/a>       \n\n<\/div>\n\t\t\t\t<ul class=\"item-tools\">\n\n        <li class=\"item-tool item-preview\">\n        <span class=\"hz-show-lightbox-js\" data-listid=\"94640\" data-toggle=\"tooltip\" data-placement=\"top\" title=\"Antes\">\n                <i class=\"houzez-icon icon-expand-3\"><\/i>   \n        <\/span><!-- item-tool-favorite -->\n    <\/li><!-- item-tool -->\n        \n    \n    <\/ul><!-- item-tools -->\n\t\t\t\t<div class=\"listing-image-wrap\">\n\t<div class=\"listing-thumb\">\n\t\t<a target=_self href=\"https:\/\/elchorrito.es\/fr\/immobilier\/penthouse-de-luxe-a-la-cala-de-mijas-calanova\/\" class=\"listing-featured-thumb hover-effect\">\n\t\t\t<img loading=\"lazy\" decoding=\"async\" width=\"563\" height=\"444\" src=\"https:\/\/elchorrito.es\/wp-content\/uploads\/Ref1249-Penthouse-de-luxe-a-La-Cala-de-Mijas-Calanova.jpg\" class=\"img-fluid wp-post-image\" alt=\"Penthouse de luxe \u00e0 La Cala de Mijas Calanova\" \/>\t\t<\/a><!-- hover-effect -->\n\t<\/div>\n<\/div>\n\t\t\t\t<div class=\"preview_loader\"><\/div>\n\t\t\t<\/div><!-- item-header -->\t\n\t\t\t<div class=\"item-body flex-grow-1\">\n\t\t\t\t<h2 class=\"item-title\">\n\t<a target=_self href=\"https:\/\/elchorrito.es\/fr\/immobilier\/penthouse-de-luxe-a-la-cala-de-mijas-calanova\/\">Penthouse de luxe \u00e0 La Cala de Mijas Calanova<\/a>\n<\/h2><!-- item-title -->\t\t\t\t\n\t\t\t\t<div class=\"item-v5-price\">\n\t\t\t\t\t 675.000\u20ac\t\t\t\t<\/div>\n\n\t\t\t\t\t\t\t\t<div class=\"item-v5-type\">\n\t\t\t\t\tAttiques, Appartements\t\t\t\t<\/div>\n\t\t\t\t\n\t\t\t\t<ul class=\"item-amenities item-amenities-with-icons\">\n\t<li class=\"h-beds\"><i class=\"houzez-icon icon-hotel-double-bed-1 mr-1\"><\/i><span class=\"item-amenities-text\">Camas:<\/span> <span class=\"hz-figure\">2<\/span><\/li><li class=\"h-baths\"><i class=\"houzez-icon icon-bathroom-shower-1 mr-1\"><\/i><span class=\"item-amenities-text\">Toilettes:<\/span> <span class=\"hz-figure\">2<\/span><\/li><li class=\"h-area\"><i class=\"houzez-icon icon-ruler-triangle mr-1\"><\/i><span class=\"hz-figure\">305<\/span> <span class=\"hz-figure area_postfix\">m2<\/span><\/li><\/ul>\t\t\t<\/div><!-- item-body -->\n\t\t<\/div><!-- d-flex -->\n\t<\/div><!-- item-wrap -->\n<\/div><!-- item-listing-wrap --><div class=\"item-listing-wrap hz-item-gallery-js item-listing-wrap-v5 card\" data-hz-id=\"hz-95021\" >\n\t<div class=\"item-wrap item-wrap-v5 h-100\">\n\t\t<div class=\"d-flex align-items-center h-100\">\n\t\t\t<div class=\"item-header\">\n\t\t\t\t<span class=\"label-featured label\">Exceptionnel<\/span>\t\t\t\t<div class=\"labels-wrap labels-right\"> \n\n\t<a href=\"https:\/\/elchorrito.es\/fr\/etat\/vente\/\" class=\"label-status label status-color-986\">\n\t\t\t\t\tVente\n\t\t\t\t<\/a><a href=\"https:\/\/elchorrito.es\/label\/monda\/\" class=\"hz-label label label-color-707\">\n\t\t\t\t\tMonda\n\t\t\t\t<\/a>       \n\n<\/div>\n\t\t\t\t<ul class=\"item-tools\">\n\n        <li class=\"item-tool item-preview\">\n        <span class=\"hz-show-lightbox-js\" data-listid=\"95021\" data-toggle=\"tooltip\" data-placement=\"top\" title=\"Antes\">\n                <i class=\"houzez-icon icon-expand-3\"><\/i>   \n        <\/span><!-- item-tool-favorite -->\n    <\/li><!-- item-tool -->\n        \n    \n    <\/ul><!-- item-tools -->\n\t\t\t\t<div class=\"listing-image-wrap\">\n\t<div class=\"listing-thumb\">\n\t\t<a target=_self href=\"https:\/\/elchorrito.es\/fr\/immobilier\/penthouse-a-monda-avec-piscine-et-garage\/\" class=\"listing-featured-thumb hover-effect\">\n\t\t\t<img loading=\"lazy\" decoding=\"async\" width=\"592\" height=\"444\" src=\"https:\/\/elchorrito.es\/wp-content\/uploads\/Ref1228-Penthouse-a-Monda-avec-piscine-et-garage.jpg\" class=\"img-fluid wp-post-image\" alt=\"Penthouse \u00e0 Monda avec piscine et garage\" \/>\t\t<\/a><!-- hover-effect -->\n\t<\/div>\n<\/div>\n\t\t\t\t<div class=\"preview_loader\"><\/div>\n\t\t\t<\/div><!-- item-header -->\t\n\t\t\t<div class=\"item-body flex-grow-1\">\n\t\t\t\t<h2 class=\"item-title\">\n\t<a target=_self href=\"https:\/\/elchorrito.es\/fr\/immobilier\/penthouse-a-monda-avec-piscine-et-garage\/\">Penthouse \u00e0 Monda avec piscine et garage<\/a>\n<\/h2><!-- item-title -->\t\t\t\t\n\t\t\t\t<div class=\"item-v5-price\">\n\t\t\t\t\t 160.000\u20ac\t\t\t\t<\/div>\n\n\t\t\t\t\t\t\t\t<div class=\"item-v5-type\">\n\t\t\t\t\tAttiques, Appartements\t\t\t\t<\/div>\n\t\t\t\t\n\t\t\t\t<ul class=\"item-amenities item-amenities-with-icons\">\n\t<li class=\"h-beds\"><i class=\"houzez-icon icon-hotel-double-bed-1 mr-1\"><\/i><span class=\"item-amenities-text\">Cama:<\/span> <span class=\"hz-figure\">1<\/span><\/li><li class=\"h-baths\"><i class=\"houzez-icon icon-bathroom-shower-1 mr-1\"><\/i><span class=\"item-amenities-text\">Salle de bains:<\/span> <span class=\"hz-figure\">1<\/span><\/li><li class=\"h-area\"><i class=\"houzez-icon icon-ruler-triangle mr-1\"><\/i><span class=\"hz-figure\">90<\/span> <span class=\"hz-figure area_postfix\">m2<\/span><\/li><\/ul>\t\t\t<\/div><!-- item-body -->\n\t\t<\/div><!-- d-flex -->\n\t<\/div><!-- item-wrap -->\n<\/div><!-- item-listing-wrap --><div class=\"item-listing-wrap hz-item-gallery-js item-listing-wrap-v5 card\" data-hz-id=\"hz-95492\" >\n\t<div class=\"item-wrap item-wrap-v5 h-100\">\n\t\t<div class=\"d-flex align-items-center h-100\">\n\t\t\t<div class=\"item-header\">\n\t\t\t\t<span class=\"label-featured label\">Exceptionnel<\/span>\t\t\t\t<div class=\"labels-wrap labels-right\"> \n\n\t<a href=\"https:\/\/elchorrito.es\/fr\/etat\/vente\/\" class=\"label-status label status-color-986\">\n\t\t\t\t\tVente\n\t\t\t\t<\/a><a href=\"https:\/\/elchorrito.es\/label\/guaro\/\" class=\"hz-label label label-color-751\">\n\t\t\t\t\tGuaro\n\t\t\t\t<\/a>       \n\n<\/div>\n\t\t\t\t<ul class=\"item-tools\">\n\n        <li class=\"item-tool item-preview\">\n        <span class=\"hz-show-lightbox-js\" data-listid=\"95492\" data-toggle=\"tooltip\" data-placement=\"top\" title=\"Antes\">\n                <i class=\"houzez-icon icon-expand-3\"><\/i>   \n        <\/span><!-- item-tool-favorite -->\n    <\/li><!-- item-tool -->\n        \n    \n    <\/ul><!-- item-tools -->\n\t\t\t\t<div class=\"listing-image-wrap\">\n\t<div class=\"listing-thumb\">\n\t\t<a target=_self href=\"https:\/\/elchorrito.es\/fr\/immobilier\/hotel-rural-avec-8-appartements-avec-piscine-a-sierra-de-las-nieves\/\" class=\"listing-featured-thumb hover-effect\">\n\t\t\t<img loading=\"lazy\" decoding=\"async\" width=\"592\" height=\"444\" src=\"https:\/\/elchorrito.es\/wp-content\/uploads\/Ref1022-Hotel-rural-avec-8-appartements-avec-piscine-a-Sierra-de-las-Nieves.jpg\" class=\"img-fluid wp-post-image\" alt=\"H\u00f4tel rural avec 8 appartements avec piscine \u00e0 Sierra de las Nieves\" \/>\t\t<\/a><!-- hover-effect -->\n\t<\/div>\n<\/div>\n\t\t\t\t<div class=\"preview_loader\"><\/div>\n\t\t\t<\/div><!-- item-header -->\t\n\t\t\t<div class=\"item-body flex-grow-1\">\n\t\t\t\t<h2 class=\"item-title\">\n\t<a target=_self href=\"https:\/\/elchorrito.es\/fr\/immobilier\/hotel-rural-avec-8-appartements-avec-piscine-a-sierra-de-las-nieves\/\">H\u00f4tel rural avec 8 appartements avec piscine \u00e0 Sierra de las Nieves<\/a>\n<\/h2><!-- item-title -->\t\t\t\t\n\t\t\t\t<div class=\"item-v5-price\">\n\t\t\t\t\t 850.000\u20ac\t\t\t\t<\/div>\n\n\t\t\t\t\t\t\t\t<div class=\"item-v5-type\">\n\t\t\t\t\tH\u00f4tels ruraux, \u00c9difices Singuiliers\t\t\t\t<\/div>\n\t\t\t\t\n\t\t\t\t<ul class=\"item-amenities item-amenities-with-icons\">\n\t<li class=\"h-beds\"><i class=\"houzez-icon icon-hotel-double-bed-1 mr-1\"><\/i><span class=\"item-amenities-text\">Camas:<\/span> <span class=\"hz-figure\">15<\/span><\/li><li class=\"h-baths\"><i class=\"houzez-icon icon-bathroom-shower-1 mr-1\"><\/i><span class=\"item-amenities-text\">Salle de bains:<\/span> <span class=\"hz-figure\">0<\/span><\/li><li class=\"h-area\"><i class=\"houzez-icon icon-ruler-triangle mr-1\"><\/i><span class=\"hz-figure\">626<\/span> <span class=\"hz-figure area_postfix\">m2<\/span><\/li><\/ul>\t\t\t<\/div><!-- item-body -->\n\t\t<\/div><!-- d-flex -->\n\t<\/div><!-- item-wrap -->\n<\/div><!-- item-listing-wrap --><div class=\"item-listing-wrap hz-item-gallery-js item-listing-wrap-v5 card\" data-hz-id=\"hz-95665\" >\n\t<div class=\"item-wrap item-wrap-v5 h-100\">\n\t\t<div class=\"d-flex align-items-center h-100\">\n\t\t\t<div class=\"item-header\">\n\t\t\t\t<span class=\"label-featured label\">Exceptionnel<\/span>\t\t\t\t<div class=\"labels-wrap labels-right\"> \n\n\t<a href=\"https:\/\/elchorrito.es\/fr\/etat\/vente\/\" class=\"label-status label status-color-986\">\n\t\t\t\t\tVente\n\t\t\t\t<\/a><a href=\"https:\/\/elchorrito.es\/label\/alhaurin-el-grande\/\" class=\"hz-label label label-color-775\">\n\t\t\t\t\tAlhaurin El Grande\n\t\t\t\t<\/a>       \n\n<\/div>\n\t\t\t\t<ul class=\"item-tools\">\n\n        <li class=\"item-tool item-preview\">\n        <span class=\"hz-show-lightbox-js\" data-listid=\"95665\" data-toggle=\"tooltip\" data-placement=\"top\" title=\"Antes\">\n                <i class=\"houzez-icon icon-expand-3\"><\/i>   \n        <\/span><!-- item-tool-favorite -->\n    <\/li><!-- item-tool -->\n        \n    \n    <\/ul><!-- item-tools -->\n\t\t\t\t<div class=\"listing-image-wrap\">\n\t<div class=\"listing-thumb\">\n\t\t<a target=_self href=\"https:\/\/elchorrito.es\/fr\/immobilier\/maison-mitoyenne-avec-4-chambres-et-acces-au-terrain-de-golf-a-alhaurin-el-grande\/\" class=\"listing-featured-thumb hover-effect\">\n\t\t\t<img loading=\"lazy\" decoding=\"async\" width=\"592\" height=\"444\" src=\"https:\/\/elchorrito.es\/wp-content\/uploads\/Ref1091-Maison-mitoyenne-avec-4-chambres-et-acces-au-terrain-de-golf-a-Alhaurin-el-Grande.jpg\" class=\"img-fluid wp-post-image\" alt=\"Maison mitoyenne avec 4 chambres et acc\u00e8s au terrain de golf \u00e0 Alhaur\u00edn el Grande\" \/>\t\t<\/a><!-- hover-effect -->\n\t<\/div>\n<\/div>\n\t\t\t\t<div class=\"preview_loader\"><\/div>\n\t\t\t<\/div><!-- item-header -->\t\n\t\t\t<div class=\"item-body flex-grow-1\">\n\t\t\t\t<h2 class=\"item-title\">\n\t<a target=_self href=\"https:\/\/elchorrito.es\/fr\/immobilier\/maison-mitoyenne-avec-4-chambres-et-acces-au-terrain-de-golf-a-alhaurin-el-grande\/\">Maison mitoyenne avec 4 chambres et acc\u00e8s au terrain de golf \u00e0 Alhaur\u00edn el Grande<\/a>\n<\/h2><!-- item-title -->\t\t\t\t\n\t\t\t\t<div class=\"item-v5-price\">\n\t\t\t\t\t 375.000\u20ac\t\t\t\t<\/div>\n\n\t\t\t\t\t\t\t\t<div class=\"item-v5-type\">\n\t\t\t\t\tMaisons de ville, Chalets\t\t\t\t<\/div>\n\t\t\t\t\n\t\t\t\t<ul class=\"item-amenities item-amenities-with-icons\">\n\t<li class=\"h-beds\"><i class=\"houzez-icon icon-hotel-double-bed-1 mr-1\"><\/i><span class=\"item-amenities-text\">Camas:<\/span> <span class=\"hz-figure\">4<\/span><\/li><li class=\"h-baths\"><i class=\"houzez-icon icon-bathroom-shower-1 mr-1\"><\/i><span class=\"item-amenities-text\">Toilettes:<\/span> <span class=\"hz-figure\">3<\/span><\/li><li class=\"h-area\"><i class=\"houzez-icon icon-ruler-triangle mr-1\"><\/i><span class=\"hz-figure\">150<\/span> <span class=\"hz-figure area_postfix\">m2<\/span><\/li><\/ul>\t\t\t<\/div><!-- item-body -->\n\t\t<\/div><!-- d-flex -->\n\t<\/div><!-- item-wrap -->\n<\/div><!-- item-listing-wrap -->\t\t\t\t<\/div><!-- testimonials-slider -->\r\n\t\t\t<\/div><!-- listing-view grid-view -->\r\n\t\t<\/div><!-- testimonials-module -->\r\n\r\n\t\t\t\t\t\t<\/div>\n\t\t\t\t<\/div>\n\t\t\t\t\t<\/div>\n\t\t<\/div>\n\t\t\t\t\t<\/div>\n\t\t<\/section>\n\t\t\t\t<section class=\"elementor-section elementor-top-section elementor-element elementor-element-51116f27 elementor-section-height-min-height elementor-section-content-middle elementor-section-boxed elementor-section-height-default elementor-section-items-middle\" data-id=\"51116f27\" data-element_type=\"section\" data-e-type=\"section\" data-settings=\"{&quot;background_background&quot;:&quot;classic&quot;}\">\n\t\t\t\t\t\t\t<div class=\"elementor-background-overlay\"><\/div>\n\t\t\t\t\t\t\t<div class=\"elementor-container elementor-column-gap-default\">\n\t\t\t\t\t<div class=\"elementor-column elementor-col-100 elementor-top-column elementor-element elementor-element-157872d8\" data-id=\"157872d8\" data-element_type=\"column\" data-e-type=\"column\">\n\t\t\t<div class=\"elementor-widget-wrap elementor-element-populated\">\n\t\t\t\t\t\t<section class=\"elementor-section elementor-inner-section elementor-element elementor-element-69292cdb elementor-section-boxed elementor-section-height-default elementor-section-height-default\" data-id=\"69292cdb\" data-element_type=\"section\" data-e-type=\"section\">\n\t\t\t\t\t\t<div class=\"elementor-container elementor-column-gap-default\">\n\t\t\t\t\t<div class=\"elementor-column elementor-col-50 elementor-inner-column elementor-element elementor-element-78af73a7\" data-id=\"78af73a7\" data-element_type=\"column\" data-e-type=\"column\">\n\t\t\t<div class=\"elementor-widget-wrap elementor-element-populated\">\n\t\t\t\t\t\t<div class=\"elementor-element elementor-element-2c329c9d elementor-widget elementor-widget-heading\" data-id=\"2c329c9d\" data-element_type=\"widget\" data-e-type=\"widget\" data-widget_type=\"heading.default\">\n\t\t\t\t<div class=\"elementor-widget-container\">\n\t\t\t\t\t<h3 class=\"elementor-heading-title elementor-size-xxl\">Contact et Rendez-Vous<\/h3>\t\t\t\t<\/div>\n\t\t\t\t<\/div>\n\t\t\t\t<div class=\"elementor-element elementor-element-607108c1 elementor-align-start elementor-tablet-align-center elementor-mobile-align-center elementor-icon-list--layout-traditional elementor-list-item-link-full_width elementor-widget elementor-widget-icon-list\" data-id=\"607108c1\" data-element_type=\"widget\" data-e-type=\"widget\" data-widget_type=\"icon-list.default\">\n\t\t\t\t<div class=\"elementor-widget-container\">\n\t\t\t\t\t\t\t<ul class=\"elementor-icon-list-items\">\n\t\t\t\t\t\t\t<li class=\"elementor-icon-list-item\">\n\t\t\t\t\t\t\t\t\t\t\t<span class=\"elementor-icon-list-icon\">\n\t\t\t\t\t\t\t<i aria-hidden=\"true\" class=\"fas fa-building\"><\/i>\t\t\t\t\t\t<\/span>\n\t\t\t\t\t\t\t\t\t\t<span class=\"elementor-icon-list-text\">Parc d'affaires 18 Bureau 14A Route de Marbella - Monda<\/span>\n\t\t\t\t\t\t\t\t\t<\/li>\n\t\t\t\t\t\t<\/ul>\n\t\t\t\t\t\t<\/div>\n\t\t\t\t<\/div>\n\t\t\t\t<div class=\"elementor-element elementor-element-621e26c2 elementor-align-start elementor-tablet-align-center elementor-mobile-align-center elementor-icon-list--layout-traditional elementor-list-item-link-full_width elementor-widget elementor-widget-icon-list\" data-id=\"621e26c2\" data-element_type=\"widget\" data-e-type=\"widget\" data-widget_type=\"icon-list.default\">\n\t\t\t\t<div class=\"elementor-widget-container\">\n\t\t\t\t\t\t\t<ul class=\"elementor-icon-list-items\">\n\t\t\t\t\t\t\t<li class=\"elementor-icon-list-item\">\n\t\t\t\t\t\t\t\t\t\t\t<span class=\"elementor-icon-list-icon\">\n\t\t\t\t\t\t\t<i aria-hidden=\"true\" class=\"fas fa-envelope\"><\/i>\t\t\t\t\t\t<\/span>\n\t\t\t\t\t\t\t\t\t\t<span class=\"elementor-icon-list-text\">\t info@elchorrito.es<\/span>\n\t\t\t\t\t\t\t\t\t<\/li>\n\t\t\t\t\t\t\t\t<li class=\"elementor-icon-list-item\">\n\t\t\t\t\t\t\t\t\t\t\t<span class=\"elementor-icon-list-icon\">\n\t\t\t\t\t\t\t<i aria-hidden=\"true\" class=\"fas fa-phone-alt\"><\/i>\t\t\t\t\t\t<\/span>\n\t\t\t\t\t\t\t\t\t\t<span class=\"elementor-icon-list-text\">+34 647 777 133<\/span>\n\t\t\t\t\t\t\t\t\t<\/li>\n\t\t\t\t\t\t<\/ul>\n\t\t\t\t\t\t<\/div>\n\t\t\t\t<\/div>\n\t\t\t\t<div class=\"elementor-element elementor-element-72f81662 elementor-button-align-stretch elementor-widget elementor-widget-houzez_elementor_contact_form\" data-id=\"72f81662\" data-element_type=\"widget\" data-e-type=\"widget\" data-widget_type=\"houzez_elementor_contact_form.default\">\n\t\t\t\t<div class=\"elementor-widget-container\">\n\t\t\t\t\t\n        <script type=\"application\/javascript\">\n            jQuery(document).bind(\"ready\", function () {\n                houzezValidateElementor(\"#houzez-form-72f81662\" );\n            });\n        <\/script>\n\n        <form class=\"elementor-form\" id=\"houzez-form-72f81662\" method=\"post\" name=\"Ordenador E\" action=\"https:\/\/elchorrito.es\/wp-admin\/admin-ajax.php\">\n            <input type=\"hidden\" name=\"form_id\" value=\"72f81662\"\/>\n            <input type=\"hidden\" name=\"houzez_contact_form\" value=\"yes\"\/>\n            <input type=\"hidden\" name=\"action\" value=\"houzez_ele_contact_form\" \/>\n            <input type=\"hidden\" name=\"source_link\" value=\"https:\/\/elchorrito.es\/fr\/immobilier\/maison-mitoyenne-avec-4-chambres-et-acces-au-terrain-de-golf-a-alhaurin-el-grande\/\" \/>\n            <input type=\"hidden\" name=\"lead_page_id\" value=\"95665\" \/>\n            <input type=\"hidden\" name=\"email_to\" value=\"elchorritoinmobiliaria@gmail.com\" \/>\n            <input type=\"hidden\" name=\"email_subject\" value=\"Nuevo Mensaje de &quot;El Chorrito&quot;\" \/>\n            <input type=\"hidden\" name=\"email_to_cc\" value=\"\" \/>\n            <input type=\"hidden\" name=\"email_to_bcc\" value=\"\" \/>\n            <input type=\"hidden\" name=\"webhook\" value=\"false\" \/>\n            <input type=\"hidden\" name=\"webhook_url\" value=\"\" \/>\n            <input type=\"hidden\" name=\"redirect_to\" value=\"\" \/>\n            <input type=\"hidden\" name=\"google_recaptcha\" value=\"yes\" \/>\n            \n\n            <div class=\"elementor-form-fields-wrapper elementor-labels-above\">\n\n                                    <div class=\"elementor-field-group elementor-column form-group elementor-field-group-name elementor-col-100\">\n                    <label for=\"form-field-name\" class=\"elementor-field-label elementor-screen-only\">Nom<\/label><input type=\"text\" name=\"name\" id=\"form-field-name\" class=\"elementor-field form-control elementor-size-xs elementor-field-textual\" placeholder=\"Nom\" title=\"* Nom\">                    <\/div>\n\n                                        <div class=\"elementor-field-group elementor-column form-group elementor-field-group-email elementor-col-100 elementor-field-required\">\n                    <label for=\"form-field-email\" class=\"elementor-field-label elementor-screen-only\">E-mail<\/label><input type=\"email\" name=\"email\" id=\"form-field-email\" class=\"elementor-field form-control elementor-size-xs elementor-field-textual\" placeholder=\"E-mail\" title=\"* E-mail\" required=\"required\">                    <\/div>\n\n                                        <div class=\"elementor-field-group elementor-column form-group elementor-field-group-message elementor-col-100\">\n                    <label for=\"form-field-message\" class=\"elementor-field-label elementor-screen-only\">Message<\/label><textarea class=\"elementor-field-textual elementor-field elementor-size-xs\" name=\"message\" id=\"form-field-message\" rows=\"3\" placeholder=\"T\u00e9l\u00e9phone et Message\"><\/textarea>                    <\/div>\n\n                    \n                                        <div class=\"houzez-gdpr-agreement elementor-field-group elementor-col-100\">\n                        <label for=\"gdpr_agreement\" class=\"elementor-field-label\"><\/label>\n                        <div class=\"gdpr-agreement-subgroup\">\n                            <span class=\"gdpr-field-option\">\n                                <label class=\"gdpr-text\" for=\"gdpr_agreement\">\n                                    <input required type=\"checkbox\" name=\"gdpr_agreement\" id=\"gdpr_agreement\" title=\"Votre message a \u00e9t\u00e9 envoy\u00e9 avec succ\u00e8s.\">  J'accepte la politique de confidentialit\u00e9 d'El Chorrito Immobilier.                                <\/label>\n                            <\/span>\n                        <\/div>             \n                    <\/div>\n                    \n                                        <div class=\"\">\n                        <div class=\"form-group captcha_wrapper houzez-grecaptcha-v3\">\n    <div class=\"houzez_google_reCaptcha\"><\/div>\n<\/div>\n                    <\/div>\n                    \n                    <div class=\"elementor-field-group elementor-column elementor-field-type-submit elementor-col-100\">\n                    <button type=\"submit\" class=\"btn houzez-submit-button houzez-contact-form-js elementor-button elementor-size-sm\">\n                        <i class=\"btn-loader houzez-loader-js\"><\/i>\n                                                    Envoyer                                            <\/button>\n                <\/div>\n            <\/div><!-- End wrapper-->\n            <br\/>\n            <div class=\"ele-form-messages\"><\/div>\n            <div class=\"error-container\"><\/div>\n\n        <\/form>\n\n    \t\t\t\t<\/div>\n\t\t\t\t<\/div>\n\t\t\t\t\t<\/div>\n\t\t<\/div>\n\t\t\t\t<div class=\"elementor-column elementor-col-50 elementor-inner-column elementor-element elementor-element-36b25bc9\" data-id=\"36b25bc9\" data-element_type=\"column\" data-e-type=\"column\">\n\t\t\t<div class=\"elementor-widget-wrap elementor-element-populated\">\n\t\t\t\t\t\t<div class=\"elementor-element elementor-element-720969c1 elementor-widget elementor-widget-video\" data-id=\"720969c1\" data-element_type=\"widget\" data-e-type=\"widget\" data-settings=\"{&quot;youtube_url&quot;:&quot;https:\\\/\\\/www.youtube.com\\\/watch?v=rvafB9GMf20&quot;,&quot;video_type&quot;:&quot;youtube&quot;,&quot;controls&quot;:&quot;yes&quot;}\" data-widget_type=\"video.default\">\n\t\t\t\t<div class=\"elementor-widget-container\">\n\t\t\t\t\t\t\t<div class=\"elementor-wrapper elementor-open-inline\">\n\t\t\t<div class=\"elementor-video\"><\/div>\t\t<\/div>\n\t\t\t\t\t\t<\/div>\n\t\t\t\t<\/div>\n\t\t\t\t<div class=\"elementor-element elementor-element-b43f4b9 elementor-widget elementor-widget-toggle\" data-id=\"b43f4b9\" data-element_type=\"widget\" data-e-type=\"widget\" data-widget_type=\"toggle.default\">\n\t\t\t\t<div class=\"elementor-widget-container\">\n\t\t\t\t\t\t\t<div class=\"elementor-toggle\">\n\t\t\t\t\t\t\t<div class=\"elementor-toggle-item\">\n\t\t\t\t\t<div id=\"elementor-tab-title-1891\" class=\"elementor-tab-title\" data-tab=\"1\" role=\"button\" aria-controls=\"elementor-tab-content-1891\" aria-expanded=\"false\">\n\t\t\t\t\t\t\t\t\t\t\t\t<span class=\"elementor-toggle-icon elementor-toggle-icon-right\" aria-hidden=\"true\">\n\t\t\t\t\t\t\t\t\t\t\t\t\t\t\t<span class=\"elementor-toggle-icon-closed\"><i class=\"fas fa-plus-circle\"><\/i><\/span>\n\t\t\t\t\t\t\t\t<span class=\"elementor-toggle-icon-opened\"><i class=\"elementor-toggle-icon-opened fas fa-minus-circle\"><\/i><\/span>\n\t\t\t\t\t\t\t\t\t\t\t\t\t<\/span>\n\t\t\t\t\t\t\t\t\t\t\t\t<a class=\"elementor-toggle-title\" tabindex=\"0\">Propri\u00e9t\u00e9s \u00e0 Mijas<\/a>\n\t\t\t\t\t<\/div>\n\n\t\t\t\t\t<div id=\"elementor-tab-content-1891\" class=\"elementor-tab-content elementor-clearfix\" data-tab=\"1\" role=\"region\" aria-labelledby=\"elementor-tab-title-1891\"><p><a href=\"https:\/\/es.wikipedia.org\/wiki\/Mijas\" target=\"_blank\" rel=\"noopener\">D\u00e9couvrez Mijas<\/a>. Mijas est une commune andalouse de la province de Malaga (Espagne). Elle est situ\u00e9e sur la Costa del Sol, \u00e0 34 kilom\u00e8tres au sud-ouest de la capitale provinciale, et int\u00e9gr\u00e9e \u00e0 la r\u00e9gion de la Costa del Sol occidentale, \u00e0 l&#8217;association des communes du m\u00eame nom et \u00e0 l&#8217;arrondissement judiciaire de Fuengirola.<\/p><p>Selon le recensement de l&#8217;INE de 2018, Mijas compte 80 630 habitants, ce qui en fait la quatri\u00e8me commune de la province en termes de population. Celle-ci est concentr\u00e9e dans trois principaux centres urbains : Mijas Pueblo, situ\u00e9 sur le versant de la Sierra de Mijas, constitue le centre historique de la commune ; Las Lagunas, situ\u00e9e dans la zone appel\u00e9e Mijas Costa, fait partie du continuum urbain de la ville de Fuengirola ; et La Cala, une ville c\u00f4ti\u00e8re. La superficie de la municipalit\u00e9 est de 148 km\u00b2 et s&#8217;\u00e9tend des montagnes c\u00f4ti\u00e8res de la Penib\u00e9tica \u00e0 la mer M\u00e9diterran\u00e9e.<\/p><p>Habit\u00e9e depuis l&#8217;Antiquit\u00e9, Mijas \u00e9tait une petite ville vou\u00e9e principalement \u00e0 l&#8217;agriculture et \u00e0 la p\u00eache jusqu&#8217;\u00e0 l&#8217;explosion du boom touristique dans les ann\u00e9es 1950. Depuis lors, l&#8217;activit\u00e9 touristique et le secteur de la construction ont \u00e9t\u00e9 les moteurs de l&#8217;\u00e9conomie locale, tirant \u00e0 la fois sur la population et le revenu par habitant. Aujourd&#8217;hui, c&#8217;est une municipalit\u00e9 multiculturelle avec un pourcentage \u00e9lev\u00e9 de r\u00e9sidents d&#8217;origine \u00e9trang\u00e8re et l&#8217;un des principaux centres de tourisme r\u00e9sidentiel en Andalousie.<\/p><p>El Chorrito Inmobiliaria \u00e0 Mijas, nous vendons des biens immobiliers et des propri\u00e9t\u00e9s de location \u00e0 Mijas. Trouvez votre maison, appartement, villa, chalet, penthouse, terrain, ferme, appartement, entrep\u00f4t, locaux et commerce \u00e0 vendre \u00e0 Mijas. En plus de la meilleure s\u00e9lection de propri\u00e9t\u00e9s dans la Sierra de las Nieves, la Vall\u00e9e du Guadalhorce et la Costa del Sol.<\/p><p><img loading=\"lazy\" decoding=\"async\" class=\"alignnone wp-image-57343 size-full\" src=\"https:\/\/elchorrito.es\/wp-content\/uploads\/immobilier-a-mijas-el-chorrito.jpg\" alt=\"immobilier a mijas el chorrito\" width=\"500\" height=\"332\" srcset=\"https:\/\/elchorrito.es\/wp-content\/uploads\/immobilier-a-mijas-el-chorrito.jpg 500w, https:\/\/elchorrito.es\/wp-content\/uploads\/immobilier-a-mijas-el-chorrito-496x329.jpg 496w\" sizes=\"(max-width: 500px) 100vw, 500px\" \/><\/p><\/div>\n\t\t\t\t<\/div>\n\t\t\t\t\t\t\t<div class=\"elementor-toggle-item\">\n\t\t\t\t\t<div id=\"elementor-tab-title-1892\" class=\"elementor-tab-title\" data-tab=\"2\" role=\"button\" aria-controls=\"elementor-tab-content-1892\" aria-expanded=\"false\">\n\t\t\t\t\t\t\t\t\t\t\t\t<span class=\"elementor-toggle-icon elementor-toggle-icon-right\" aria-hidden=\"true\">\n\t\t\t\t\t\t\t\t\t\t\t\t\t\t\t<span class=\"elementor-toggle-icon-closed\"><i class=\"fas fa-plus-circle\"><\/i><\/span>\n\t\t\t\t\t\t\t\t<span class=\"elementor-toggle-icon-opened\"><i class=\"elementor-toggle-icon-opened fas fa-minus-circle\"><\/i><\/span>\n\t\t\t\t\t\t\t\t\t\t\t\t\t<\/span>\n\t\t\t\t\t\t\t\t\t\t\t\t<a class=\"elementor-toggle-title\" tabindex=\"0\">Propri\u00e9t\u00e9s \u00e0 Vendre \u00e0 Mijas<\/a>\n\t\t\t\t\t<\/div>\n\n\t\t\t\t\t<div id=\"elementor-tab-content-1892\" class=\"elementor-tab-content elementor-clearfix\" data-tab=\"2\" role=\"region\" aria-labelledby=\"elementor-tab-title-1892\"><p>Dans notre agence immobili\u00e8re \u00e0 Mijas, nous vendons des biens immobiliers et louons des propri\u00e9t\u00e9s \u00e0 Mijas. Trouvez votre maison, appartement, villa, chalet, penthouse, terrain, ferme, appartement, entrep\u00f4t, locaux et commerce \u00e0 vendre \u00e0 Mijas. En plus de la meilleure s\u00e9lection de propri\u00e9t\u00e9s dans la Sierra de las Nieves, la Vall\u00e9e du Guadalhorce et la Costa del Sol.<\/p>\n<p>Notre agence est form\u00e9e pour g\u00e9rer les proc\u00e9dures sp\u00e9cifiques de l&#8217;achat et de la vente en milieu rural, en ville et sur le littoral.<\/p>\n<\/div>\n\t\t\t\t<\/div>\n\t\t\t\t\t\t\t<div class=\"elementor-toggle-item\">\n\t\t\t\t\t<div id=\"elementor-tab-title-1893\" class=\"elementor-tab-title\" data-tab=\"3\" role=\"button\" aria-controls=\"elementor-tab-content-1893\" aria-expanded=\"false\">\n\t\t\t\t\t\t\t\t\t\t\t\t<span class=\"elementor-toggle-icon elementor-toggle-icon-right\" aria-hidden=\"true\">\n\t\t\t\t\t\t\t\t\t\t\t\t\t\t\t<span class=\"elementor-toggle-icon-closed\"><i class=\"fas fa-plus-circle\"><\/i><\/span>\n\t\t\t\t\t\t\t\t<span class=\"elementor-toggle-icon-opened\"><i class=\"elementor-toggle-icon-opened fas fa-minus-circle\"><\/i><\/span>\n\t\t\t\t\t\t\t\t\t\t\t\t\t<\/span>\n\t\t\t\t\t\t\t\t\t\t\t\t<a class=\"elementor-toggle-title\" tabindex=\"0\">Immobilier \u00e0 Mijas<\/a>\n\t\t\t\t\t<\/div>\n\n\t\t\t\t\t<div id=\"elementor-tab-content-1893\" class=\"elementor-tab-content elementor-clearfix\" data-tab=\"3\" role=\"region\" aria-labelledby=\"elementor-tab-title-1893\"><p>Agence immobili\u00e8re El Chorrito \u00e0 Mijas, nous vendons des biens immobiliers \u00e0 Mijas et louons \u00e0 Mijas des propri\u00e9t\u00e9s et des maisons telles que des penthouses \u00e0 Mijas, des appartements \u00e0 Mijas, des maisons \u00e0 Mijas, des chalets \u00e0 Mijas, des villas \u00e0 Mijas, des maisons de ville \u00e0 Mijas. Propri\u00e9t\u00e9s sur des terres rustiques telles que Fincas \u00e0 Mijas, Cortijos \u00e0 Mijas, Parcelles \u00e0 Mijas, H\u00f4tels ruraux \u00e0 Mijas, H\u00e9bergement rural, \u00c9curies \u00e0 Mijas et Maisons rurales \u00e0 Mijas. En plus d&#8217;autres propri\u00e9t\u00e9s telles que des terrains \u00e0 Mijas, des entrep\u00f4ts \u00e0 Mijas, des locaux \u00e0 Mijas, des bureaux \u00e0 Mijas et des entreprises \u00e0 Mijas. Nous sommes \u00e9galement sp\u00e9cialis\u00e9s dans la <a href=\"https:\/\/elchorrito.es\/fr\/vendre-une-propriete\/\">vente de biens immobiliers<\/a>.<\/p>\n<\/div>\n\t\t\t\t<\/div>\n\t\t\t\t\t\t\t\t<\/div>\n\t\t\t\t\t\t<\/div>\n\t\t\t\t<\/div>\n\t\t\t\t<div class=\"elementor-element elementor-element-60e79e25 e-grid-align-mobile-center elementor-widget-mobile__width-inherit elementor-shape-rounded elementor-grid-0 e-grid-align-center elementor-widget elementor-widget-social-icons\" data-id=\"60e79e25\" data-element_type=\"widget\" data-e-type=\"widget\" data-widget_type=\"social-icons.default\">\n\t\t\t\t<div class=\"elementor-widget-container\">\n\t\t\t\t\t\t\t<div class=\"elementor-social-icons-wrapper elementor-grid\" role=\"list\">\n\t\t\t\t\t\t\t<span class=\"elementor-grid-item\" role=\"listitem\">\n\t\t\t\t\t<a class=\"elementor-icon elementor-social-icon elementor-social-icon-facebook elementor-repeater-item-78f5762\" href=\"https:\/\/www.facebook.com\/ElChorritoInmobiliaria\/\" target=\"_blank\" rel=\"noopener\">\n\t\t\t\t\t\t<span class=\"elementor-screen-only\">Facebook<\/span>\n\t\t\t\t\t\t<i aria-hidden=\"true\" class=\"fab fa-facebook\"><\/i>\t\t\t\t\t<\/a>\n\t\t\t\t<\/span>\n\t\t\t\t\t\t\t<span class=\"elementor-grid-item\" role=\"listitem\">\n\t\t\t\t\t<a class=\"elementor-icon elementor-social-icon elementor-social-icon-instagram elementor-repeater-item-ea98d1a\" href=\"https:\/\/www.instagram.com\/el.chorrito\/\" target=\"_blank\" rel=\"noopener\">\n\t\t\t\t\t\t<span class=\"elementor-screen-only\">Instagram<\/span>\n\t\t\t\t\t\t<i aria-hidden=\"true\" class=\"fab fa-instagram\"><\/i>\t\t\t\t\t<\/a>\n\t\t\t\t<\/span>\n\t\t\t\t\t\t\t<span class=\"elementor-grid-item\" role=\"listitem\">\n\t\t\t\t\t<a class=\"elementor-icon elementor-social-icon elementor-social-icon-youtube elementor-repeater-item-e45f1ee\" href=\"https:\/\/www.youtube.com\/channel\/UCNxkkonc8s2rmR9y1Hh0jtw\" target=\"_blank\" rel=\"noopener\">\n\t\t\t\t\t\t<span class=\"elementor-screen-only\">Youtube<\/span>\n\t\t\t\t\t\t<i aria-hidden=\"true\" class=\"fab fa-youtube\"><\/i>\t\t\t\t\t<\/a>\n\t\t\t\t<\/span>\n\t\t\t\t\t\t\t<span class=\"elementor-grid-item\" role=\"listitem\">\n\t\t\t\t\t<a class=\"elementor-icon elementor-social-icon elementor-social-icon-linkedin elementor-repeater-item-9244ffb\" href=\"https:\/\/www.linkedin.com\/company\/42351764\/\" target=\"_blank\" rel=\"noopener\">\n\t\t\t\t\t\t<span class=\"elementor-screen-only\">Linkedin<\/span>\n\t\t\t\t\t\t<i aria-hidden=\"true\" class=\"fab fa-linkedin\"><\/i>\t\t\t\t\t<\/a>\n\t\t\t\t<\/span>\n\t\t\t\t\t\t\t<span class=\"elementor-grid-item\" role=\"listitem\">\n\t\t\t\t\t<a class=\"elementor-icon elementor-social-icon elementor-social-icon-whatsapp elementor-repeater-item-c7cd012\" href=\"https:\/\/wa.me\/34647777133\" target=\"_blank\" rel=\"noopener\">\n\t\t\t\t\t\t<span class=\"elementor-screen-only\">Whatsapp<\/span>\n\t\t\t\t\t\t<i aria-hidden=\"true\" class=\"fab fa-whatsapp\"><\/i>\t\t\t\t\t<\/a>\n\t\t\t\t<\/span>\n\t\t\t\t\t<\/div>\n\t\t\t\t\t\t<\/div>\n\t\t\t\t<\/div>\n\t\t\t\t\t<\/div>\n\t\t<\/div>\n\t\t\t\t\t<\/div>\n\t\t<\/section>\n\t\t\t\t<div class=\"elementor-element elementor-element-69c05850 elementor-widget elementor-widget-spacer\" data-id=\"69c05850\" data-element_type=\"widget\" data-e-type=\"widget\" data-widget_type=\"spacer.default\">\n\t\t\t\t<div class=\"elementor-widget-container\">\n\t\t\t\t\t\t\t<div class=\"elementor-spacer\">\n\t\t\t<div class=\"elementor-spacer-inner\"><\/div>\n\t\t<\/div>\n\t\t\t\t\t\t<\/div>\n\t\t\t\t<\/div>\n\t\t\t\t\t<\/div>\n\t\t<\/div>\n\t\t\t\t\t<\/div>\n\t\t<\/section>\n\t\t\t\t<\/div>\n\t\t","protected":false},"excerpt":{"rendered":"<p>El Chorrito Immobilier \u00e0 Mijas El Chorrito Inmobiliaria \u00e0 Mijas, nous vendons des biens immobiliers et achetons des propri\u00e9t\u00e9s apr\u00e8s un contr\u00f4le de qualit\u00e9 rigoureux, en veillant \u00e0 ce qu&#8217;ils r\u00e9pondent \u00e0 toutes les exigences l\u00e9gales n\u00e9cessaires. Propri\u00e9t\u00e9s Location Vente Propri\u00e9t\u00e9s Bureaux &#8211; BureauxChalets &#8211; Maisons &#8211; Maisons de campagne &#8211; Maisons de ville &#8211; [&hellip;]<\/p>\n","protected":false},"author":2,"featured_media":53537,"parent":0,"menu_order":24,"comment_status":"closed","ping_status":"closed","template":"elementor_header_footer","meta":{"footnotes":""},"class_list":["post-57178","page","type-page","status-publish","has-post-thumbnail","hentry"],"_links":{"self":[{"href":"https:\/\/elchorrito.es\/fr\/wp-json\/wp\/v2\/pages\/57178","targetHints":{"allow":["GET"]}}],"collection":[{"href":"https:\/\/elchorrito.es\/fr\/wp-json\/wp\/v2\/pages"}],"about":[{"href":"https:\/\/elchorrito.es\/fr\/wp-json\/wp\/v2\/types\/page"}],"author":[{"embeddable":true,"href":"https:\/\/elchorrito.es\/fr\/wp-json\/wp\/v2\/users\/2"}],"replies":[{"embeddable":true,"href":"https:\/\/elchorrito.es\/fr\/wp-json\/wp\/v2\/comments?post=57178"}],"version-history":[{"count":0,"href":"https:\/\/elchorrito.es\/fr\/wp-json\/wp\/v2\/pages\/57178\/revisions"}],"wp:featuredmedia":[{"embeddable":true,"href":"https:\/\/elchorrito.es\/fr\/wp-json\/wp\/v2\/media\/53537"}],"wp:attachment":[{"href":"https:\/\/elchorrito.es\/fr\/wp-json\/wp\/v2\/media?parent=57178"}],"curies":[{"name":"wp","href":"https:\/\/api.w.org\/{rel}","templated":true}]}}