{"id":57164,"date":"2022-01-03T23:10:10","date_gmt":"2022-01-03T22:10:10","guid":{"rendered":"https:\/\/elchorrito.es\/immobilier-a-tolox\/"},"modified":"2023-04-12T20:09:56","modified_gmt":"2023-04-12T19:09:56","slug":"immobilier-a-tolox","status":"publish","type":"page","link":"https:\/\/elchorrito.es\/fr\/immobilier-a-tolox\/","title":{"rendered":"Immobilier \u00e0 Tolox"},"content":{"rendered":"\t\t<div data-elementor-type=\"wp-page\" data-elementor-id=\"57164\" class=\"elementor elementor-57164 elementor-53367\">\n\t\t\t\t\t\t<section class=\"elementor-section elementor-top-section elementor-element elementor-element-cc9138d elementor-section-height-min-height elementor-section-content-middle elementor-section-boxed elementor-section-height-default elementor-section-items-middle\" data-id=\"cc9138d\" data-element_type=\"section\" data-e-type=\"section\" data-settings=\"{&quot;background_background&quot;:&quot;classic&quot;}\">\n\t\t\t\t\t\t\t<div class=\"elementor-background-overlay\"><\/div>\n\t\t\t\t\t\t\t<div class=\"elementor-container elementor-column-gap-default\">\n\t\t\t\t\t<div class=\"elementor-column elementor-col-100 elementor-top-column elementor-element elementor-element-14e1d064\" data-id=\"14e1d064\" data-element_type=\"column\" data-e-type=\"column\">\n\t\t\t<div class=\"elementor-widget-wrap elementor-element-populated\">\n\t\t\t\t\t\t<section class=\"elementor-section elementor-inner-section elementor-element elementor-element-7ed7a7d6 elementor-section-boxed elementor-section-height-default elementor-section-height-default\" data-id=\"7ed7a7d6\" data-element_type=\"section\" data-e-type=\"section\">\n\t\t\t\t\t\t<div class=\"elementor-container elementor-column-gap-default\">\n\t\t\t\t\t<div class=\"elementor-column elementor-col-50 elementor-inner-column elementor-element elementor-element-20ee188d\" data-id=\"20ee188d\" data-element_type=\"column\" data-e-type=\"column\">\n\t\t\t<div class=\"elementor-widget-wrap elementor-element-populated\">\n\t\t\t\t\t\t<div class=\"elementor-element elementor-element-4b042e90 elementor-widget elementor-widget-heading\" data-id=\"4b042e90\" data-element_type=\"widget\" data-e-type=\"widget\" data-widget_type=\"heading.default\">\n\t\t\t\t<div class=\"elementor-widget-container\">\n\t\t\t\t\t<h2 class=\"elementor-heading-title elementor-size-xxl\">El Chorrito<\/h2>\t\t\t\t<\/div>\n\t\t\t\t<\/div>\n\t\t\t\t<div class=\"elementor-element elementor-element-2bd10c9b elementor-widget elementor-widget-heading\" data-id=\"2bd10c9b\" data-element_type=\"widget\" data-e-type=\"widget\" data-widget_type=\"heading.default\">\n\t\t\t\t<div class=\"elementor-widget-container\">\n\t\t\t\t\t<h1 class=\"elementor-heading-title elementor-size-xxl\">Immobilier \u00e0 Tolox<\/h1>\t\t\t\t<\/div>\n\t\t\t\t<\/div>\n\t\t\t\t<div class=\"elementor-element elementor-element-3cb52861 elementor-widget elementor-widget-text-editor\" data-id=\"3cb52861\" data-element_type=\"widget\" data-e-type=\"widget\" data-widget_type=\"text-editor.default\">\n\t\t\t\t<div class=\"elementor-widget-container\">\n\t\t\t\t\t\t\t\t\t<p>El Chorrito Inmobiliaria \u00e0 Tolox, nous vendons des biens immobiliers et achetons des propri\u00e9t\u00e9s apr\u00e8s un contr\u00f4le de qualit\u00e9 rigoureux, en veillant \u00e0 ce qu&#8217;ils r\u00e9pondent \u00e0 toutes les exigences l\u00e9gales n\u00e9cessaires.<\/p>\t\t\t\t\t\t\t\t<\/div>\n\t\t\t\t<\/div>\n\t\t\t\t\t<\/div>\n\t\t<\/div>\n\t\t\t\t<div class=\"elementor-column elementor-col-50 elementor-inner-column elementor-element elementor-element-4c20dbaa\" data-id=\"4c20dbaa\" data-element_type=\"column\" data-e-type=\"column\">\n\t\t\t<div class=\"elementor-widget-wrap elementor-element-populated\">\n\t\t\t\t\t\t<div class=\"elementor-element elementor-element-4321f5fb elementor-widget-tablet__width-inherit elementor-widget-mobile__width-inherit elementor-widget elementor-widget-image\" data-id=\"4321f5fb\" data-element_type=\"widget\" data-e-type=\"widget\" data-widget_type=\"image.default\">\n\t\t\t\t<div class=\"elementor-widget-container\">\n\t\t\t\t\t\t\t\t\t\t\t\t\t\t\t<img decoding=\"async\" src=\"https:\/\/elchorrito.es\/wp-content\/uploads\/elementor\/thumbs\/colibri-peu9ujiiu6vtsqi530iju8unw1umaq79z1lz01kz5s.png\" title=\"colibri\" alt=\"colibri\" loading=\"lazy\" \/>\t\t\t\t\t\t\t\t\t\t\t\t\t\t\t<\/div>\n\t\t\t\t<\/div>\n\t\t\t\t\t<\/div>\n\t\t<\/div>\n\t\t\t\t\t<\/div>\n\t\t<\/section>\n\t\t\t\t\t<\/div>\n\t\t<\/div>\n\t\t\t\t\t<\/div>\n\t\t<\/section>\n\t\t\t\t<section class=\"elementor-section elementor-top-section elementor-element elementor-element-4f41473e elementor-section-boxed elementor-section-height-default elementor-section-height-default\" data-id=\"4f41473e\" data-element_type=\"section\" data-e-type=\"section\">\n\t\t\t\t\t\t<div class=\"elementor-container elementor-column-gap-default\">\n\t\t\t\t\t<div class=\"elementor-column elementor-col-100 elementor-top-column elementor-element elementor-element-2f2d2c91\" data-id=\"2f2d2c91\" data-element_type=\"column\" data-e-type=\"column\">\n\t\t\t<div class=\"elementor-widget-wrap elementor-element-populated\">\n\t\t\t\t\t\t<div class=\"elementor-element elementor-element-4b0a4dcc elementor-button-align-stretch elementor-widget elementor-widget-houzez_elementor_search_builder\" data-id=\"4b0a4dcc\" data-element_type=\"widget\" data-e-type=\"widget\" data-widget_type=\"houzez_elementor_search_builder.default\">\n\t\t\t\t<div class=\"elementor-widget-container\">\n\t\t\t\t\t\n        <form class=\"houzez-search-form-js houzez-search-builder-form-js\" id=\"houzez-search-4b0a4dcc\" method=\"get\" action=\"https:\/\/elchorrito.es\/fr\/recherche-de-proprietes\/\" >\n\n            \n            <ul id=\"houzez-search-tabs-wrap\" class=\"houzez-status-tabs nav nav-pills\" role=\"tablist\" data-toggle=\"buttons\">\n            \n                                <li class=\"nav-item\">\n                    <a class=\"nav-link active\" data-val=\"\" data-toggle=\"pill\" href=\"#\" role=\"tab\" aria-selected=\"true\">\n                        Propri\u00e9t\u00e9s                    <\/a>\n                <\/li>\n                \n                <li class=\"nav-item\">\n                                <a class=\"status-tab-js nav-link \" data-val=\"for-sale\" data-toggle=\"pill\" href=\"#\" role=\"tab\" aria-selected=\"true\">\n                                    Vente\n                                <\/a>\n                            <\/li>                <input type=\"hidden\" name=\"status[]\" id=\"search-tabs\" value=\"\">\n            <\/ul>\n            \n            <div class=\"houzez-ele-search-form-wrapper elementor-form-fields-wrapper elementor-labels-above\">\n\n                                        <div class=\"elementor-field-group elementor-column form-group elementor-field-group-297560c elementor-col-20 elementor-sm-100\">\n                    <label for=\"form-field-297560c\" class=\"elementor-field-label elementor-screen-only\">Propri\u00e9t\u00e9s<\/label>        <div class=\"elementor-field elementor-select-wrapper\">\n            <select multiple=\"multiple\" title=\"Propri\u00e9t\u00e9s\" data-selected-text-format=\"count &gt; 1\" data-select-all-text=\"Seleccionar Todo\" data-deselect-all-text=\"Deseleccionar Todo\" data-actions-box=\"true\" data-count-selected-text=\"{0} types selected\" data-size=\"5\" name=\"type[]\" id=\"form-field-297560c\" class=\"selectpicker bs-select-hidden houzez-field-textual form-control elementor-size-sm \" data-none-results-text=\"No se han encontrado resultados {0}\">\n                <option data-ref=\"appartements\"   value=\"appartements\">Appartements<\/option><option data-ref=\"appartements-double\"  value=\"appartements-double\"> - Appartements<\/option><option data-ref=\"attiques\"  value=\"attiques\"> - Attiques<\/option><option data-ref=\"duplex-double\"  value=\"duplex-double\"> - Duplex<\/option><option data-ref=\"chalets-fr\"   value=\"chalets-fr\">Chalets<\/option><option data-ref=\"maisons-chalets-fr\"  value=\"maisons-chalets-fr\"> - Maisons<\/option><option data-ref=\"maisons-de-campagne\"  value=\"maisons-de-campagne\"> - Maisons de campagne<\/option><option data-ref=\"maisons-de-ville\"  value=\"maisons-de-ville\"> - Maisons de ville<\/option><option data-ref=\"maisons-rurales\"  value=\"maisons-rurales\"> - Maisons rurales<\/option><option data-ref=\"villa-mitoyenne\"  value=\"villa-mitoyenne\"> - Villa mitoyenne<\/option><option data-ref=\"villas-fr\"  value=\"villas-fr\"> - Villas<\/option><option data-ref=\"duplex\"   value=\"duplex\">Duplex<\/option><option data-ref=\"appartements-duplex\"  value=\"appartements-duplex\"> - Appartements<\/option><option data-ref=\"attiques-duplex\"  value=\"attiques-duplex\"> - Attiques<\/option><option data-ref=\"duplex-duplex\"  value=\"duplex-duplex\"> - Duplex<\/option><option data-ref=\"studios-lofts-duplex\"  value=\"studios-lofts-duplex\"> - Studios-Lofts<\/option><option data-ref=\"edifices-singuiliers\"   value=\"edifices-singuiliers\">\u00c9difices Singuiliers<\/option><option data-ref=\"hotels-ruraux\"  value=\"hotels-ruraux\"> - H\u00f4tels ruraux<\/option>            <\/select>\n        <\/div>\n                            <\/div>\n                    \n                                            <div class=\"elementor-field-group elementor-column form-group elementor-field-group-6b0017d elementor-col-20\">\n                    <label for=\"form-field-6b0017d\" class=\"elementor-field-label elementor-screen-only\">Endroits<\/label>        <div class=\"elementor-field elementor-select-wrapper\">\n            <select data-size=\"5\" name=\"location[]\" id=\"form-field-6b0017d\" class=\"selectpicker bs-select-hidden houzez-field-textual form-control elementor-size-sm houzezSelectFilter houzezCityFilter houzezThirdList houzez-city-js\" data-none-results-text=\"No se han encontrado resultados {0}\" data-target=\"houzezFourthList\">\n                <option value=\"\">Endroits<\/option><option data-ref=\"alhaurin-de-la-torre\" data-belong=\"\" data-subtext=\"\" value=\"alhaurin-de-la-torre\">Alhaurin De La Torre<\/option><option data-ref=\"alhaurin-el-grande\" data-belong=\"\" data-subtext=\"\" value=\"alhaurin-el-grande\">Alhaurin El Grande<\/option><option data-ref=\"benahavis\" data-belong=\"\" data-subtext=\"\" value=\"benahavis\">Benahavis<\/option><option data-ref=\"benalmadena\" data-belong=\"\" data-subtext=\"\" value=\"benalmadena\">Benalm\u00e1dena<\/option><option data-ref=\"coin\" data-belong=\"\" data-subtext=\"\" value=\"coin\">Co\u00edn<\/option><option data-ref=\"estepona\" data-belong=\"\" data-subtext=\"\" value=\"estepona\">Estepona<\/option><option data-ref=\"fuengirola\" data-belong=\"\" data-subtext=\"\" value=\"fuengirola\">Fuengirola<\/option><option data-ref=\"guaro\" data-belong=\"\" data-subtext=\"\" value=\"guaro\">Guaro<\/option><option data-ref=\"la-cala-de-mijas\" data-belong=\"\" data-subtext=\"\" value=\"la-cala-de-mijas\">La Cala de Mijas<\/option><option data-ref=\"malaga\" data-belong=\"\" data-subtext=\"\" value=\"malaga\">M\u00e1laga<\/option><option data-ref=\"manilva\" data-belong=\"\" data-subtext=\"\" value=\"manilva\">Manilva<\/option><option data-ref=\"marbella\" data-belong=\"\" data-subtext=\"\" value=\"marbella\">Marbella<\/option><option data-ref=\"mijas\" data-belong=\"\" data-subtext=\"\" value=\"mijas\">Mijas<\/option><option data-ref=\"monda\" data-belong=\"\" data-subtext=\"\" value=\"monda\">Monda<\/option><option data-ref=\"san-pedro-de-alcantara\" data-belong=\"\" data-subtext=\"\" value=\"san-pedro-de-alcantara\">San Pedro de Alc\u00e1ntara<\/option><option data-ref=\"tolox\" data-belong=\"\" data-subtext=\"\" value=\"tolox\">Tolox<\/option><option data-ref=\"torremolinos\" data-belong=\"\" data-subtext=\"\" value=\"torremolinos\">Torremolinos<\/option><option data-ref=\"yunquera\" data-belong=\"\" data-subtext=\"\" value=\"yunquera\">Yunquera<\/option>            <\/select>\n        <\/div>\n                            <\/div>\n                    \n                                            <div class=\"elementor-field-group elementor-column form-group elementor-field-group-field-beds elementor-col-20 elementor-sm-100\">\n                    <label for=\"form-field-field-beds\" class=\"elementor-field-label elementor-screen-only\">Chambres<\/label>        <div class=\"elementor-field elementor-select-wrapper\">\n            <select data-size=\"5\" name=\"bedrooms\" id=\"form-field-field-beds\" class=\"selectpicker bs-select-hidden houzez-field-textual form-control elementor-size-sm\">\n                <option value=\"\">Chambres<\/option><option value=\"1\">1<\/option><option value=\"2\">2<\/option><option value=\"3\">3<\/option><option value=\"4\">4<\/option><option value=\"5\">5<\/option><option value=\"6\">6<\/option><option value=\"7\">7<\/option><option value=\"8\">8<\/option><option value=\"9\">9<\/option><option value=\"10\">10<\/option><option value=\"any\">Ninguno<\/option>            <\/select>\n        <\/div>\n                            <\/div>\n                    \n                                            <div class=\"elementor-field-group elementor-column form-group elementor-field-group-field-max-price elementor-col-20 elementor-sm-100\">\n                    <label for=\"form-field-field-max-price\" class=\"elementor-field-label elementor-screen-only\">Prix \u200b\u200bMaximal<\/label>        <div class=\"prices-for-all elementor-field elementor-select-wrapper\">\n            <select data-size=\"5\" name=\"max-price\" id=\"form-field-field-max-price\" data-live-search=\"true\" class=\"selectpicker bs-select-hidden houzez-field-textual form-control elementor-size-sm\">\n                <option value=\"\">Prix \u200b\u200bMaximal<\/option><option value=\"any\">Ninguno<\/option><option value=\"5000\">5.000\u20ac<\/option><option value=\"10000\">10.000\u20ac<\/option><option value=\"50000\">50.000\u20ac<\/option><option value=\"100000\">100.000\u20ac<\/option><option value=\"200000\">200.000\u20ac<\/option><option value=\"300000\">300.000\u20ac<\/option><option value=\"400000\">400.000\u20ac<\/option><option value=\"500000\">500.000\u20ac<\/option><option value=\"600000\">600.000\u20ac<\/option><option value=\"700000\">700.000\u20ac<\/option><option value=\"800000\">800.000\u20ac<\/option><option value=\"900000\">900.000\u20ac<\/option><option value=\"1000000\">1.000.000\u20ac<\/option><option value=\"1500000\">1.500.000\u20ac<\/option><option value=\"2000000\">2.000.000\u20ac<\/option><option value=\"2500000\">2.500.000\u20ac<\/option><option value=\"5000000\">5.000.000\u20ac<\/option><option value=\"10000000\">10.000.000\u20ac<\/option>\n            <\/select><!-- selectpicker -->\n        <\/div><!-- form-group -->\n\n        <div class=\"hide prices-only-for-rent elementor-field elementor-select-wrapper\">\n            <select data-size=\"5\" name=\"max-price\" id=\"form-field-field-max-price\" data-live-search=\"true\" class=\"selectpicker bs-select-hidden houzez-field-textual form-control elementor-size-sm\">\n                <option value=\"\">Prix \u200b\u200bMaximal<\/option><option value=\"any\">Ninguno<\/option><option value=\"5000\">5.000\u20ac<\/option><option value=\"10000\">10.000\u20ac<\/option><option value=\"50000\">50.000\u20ac<\/option><option value=\"100000\">100.000\u20ac<\/option><option value=\"200000\">200.000\u20ac<\/option><option value=\"300000\">300.000\u20ac<\/option><option value=\"400000\">400.000\u20ac<\/option><option value=\"500000\">500.000\u20ac<\/option><option value=\"600000\">600.000\u20ac<\/option><option value=\"700000\">700.000\u20ac<\/option><option value=\"800000\">800.000\u20ac<\/option><option value=\"900000\">900.000\u20ac<\/option><option value=\"1000000\">1.000.000\u20ac<\/option><option value=\"1500000\">1.500.000\u20ac<\/option><option value=\"2000000\">2.000.000\u20ac<\/option><option value=\"2500000\">2.500.000\u20ac<\/option><option value=\"5000000\">5.000.000\u20ac<\/option><option value=\"10000000\">10.000.000\u20ac<\/option>\n            <\/select><!-- selectpicker -->\n        <\/div><!-- form-group -->\n                            <\/div>\n                    \n                                                <div class=\"elementor-field-group elementor-column elementor-field-type-submit elementor-col-20\">\n                                <button type=\"submit\" class=\"btn houzez-search-button elementor-button elementor-size-sm\">\n                                                                            Chercher                                                                    <\/button>\n                            <\/div>\n                            \n                    \n            <\/div><!-- End wrapper-->\n\n        <\/form>\n\n        \t\t\t\t<\/div>\n\t\t\t\t<\/div>\n\t\t\t\t\t<\/div>\n\t\t<\/div>\n\t\t\t\t\t<\/div>\n\t\t<\/section>\n\t\t\t\t<section class=\"elementor-section elementor-top-section elementor-element elementor-element-621b7923 elementor-section-content-middle elementor-section-height-min-height elementor-section-boxed elementor-section-height-default elementor-section-items-middle\" data-id=\"621b7923\" data-element_type=\"section\" data-e-type=\"section\">\n\t\t\t\t\t\t\t<div class=\"elementor-background-overlay\"><\/div>\n\t\t\t\t\t\t\t<div class=\"elementor-container elementor-column-gap-default\">\n\t\t\t\t\t<div class=\"elementor-column elementor-col-50 elementor-top-column elementor-element elementor-element-51b15077\" data-id=\"51b15077\" data-element_type=\"column\" data-e-type=\"column\">\n\t\t\t<div class=\"elementor-widget-wrap elementor-element-populated\">\n\t\t\t\t\t\t<div class=\"elementor-element elementor-element-772afb07 elementor-widget elementor-widget-heading\" data-id=\"772afb07\" data-element_type=\"widget\" data-e-type=\"widget\" data-widget_type=\"heading.default\">\n\t\t\t\t<div class=\"elementor-widget-container\">\n\t\t\t\t\t<h2 class=\"elementor-heading-title elementor-size-xxl\">Propri\u00e9t\u00e9s \u00e0 Tolox<\/h2>\t\t\t\t<\/div>\n\t\t\t\t<\/div>\n\t\t\t\t<div class=\"elementor-element elementor-element-10c447cf elementor-widget elementor-widget-text-editor\" data-id=\"10c447cf\" data-element_type=\"widget\" data-e-type=\"widget\" data-widget_type=\"text-editor.default\">\n\t\t\t\t<div class=\"elementor-widget-container\">\n\t\t\t\t\t\t\t\t\t<p>D\u00e9couvrez notre large s\u00e9lection de penthouses, appartements, villas, fermes, maisons, chalets, terrains, lots, entrep\u00f4ts, locaux, bureaux et commerces \u00e0 vendre \u00e0 Tolox. Nous sommes sp\u00e9cialistes des propri\u00e9t\u00e9s pour profiter de la nature, avec de grands espaces verts et tout le confort.<\/p>\t\t\t\t\t\t\t\t<\/div>\n\t\t\t\t<\/div>\n\t\t\t\t\t<\/div>\n\t\t<\/div>\n\t\t\t\t<div class=\"elementor-column elementor-col-50 elementor-top-column elementor-element elementor-element-211ba387\" data-id=\"211ba387\" data-element_type=\"column\" data-e-type=\"column\">\n\t\t\t<div class=\"elementor-widget-wrap elementor-element-populated\">\n\t\t\t\t\t\t<div class=\"elementor-element elementor-element-410f15a6 elementor-widget-tablet__width-inherit elementor-widget-mobile__width-inherit elementor-widget elementor-widget-houzez_elementor_properties_carousel_v5\" data-id=\"410f15a6\" data-element_type=\"widget\" data-e-type=\"widget\" data-widget_type=\"houzez_elementor_properties_carousel_v5.default\">\n\t\t\t\t<div class=\"elementor-widget-container\">\n\t\t\t\t\t\r\n\t\t<div class=\"property-carousel-module houzez-carousel-arrows-Cph4S houzez-carousel-cols-3 property-carousel-module-v5\">\r\n\r\n\t\t\t<div class=\"property-carousel-buttons-wrap\">\r\n\t\t\t\t\t\t\t\t\t\t\t<\/div><!-- property-carousel-buttons-wrap -->\r\n\r\n\t\t\t<div class=\"listing-view grid-view\">\t\r\n\t\t\t\t<div id=\"houzez-properties-carousel-Cph4S\" data-token=\"Cph4S\" class=\"houzez-properties-carousel-js houzez-all-slider-wrap card-deck\">\r\n\t\t\t\t\t<div class=\"item-listing-wrap hz-item-gallery-js item-listing-wrap-v5 card\" data-hz-id=\"hz-114043\" >\n\t<div class=\"item-wrap item-wrap-v5 h-100\">\n\t\t<div class=\"d-flex align-items-center h-100\">\n\t\t\t<div class=\"item-header\">\n\t\t\t\t<span class=\"label-featured label\">Exceptionnel<\/span>\t\t\t\t<div class=\"labels-wrap labels-right\"> \n\n\t<a href=\"https:\/\/elchorrito.es\/fr\/etat\/vente\/\" class=\"label-status label status-color-986\">\n\t\t\t\t\tVente\n\t\t\t\t<\/a><a href=\"https:\/\/elchorrito.es\/label\/monda\/\" class=\"hz-label label label-color-707\">\n\t\t\t\t\tMonda\n\t\t\t\t<\/a>       \n\n<\/div>\n\t\t\t\t<ul class=\"item-tools\">\n\n        <li class=\"item-tool item-preview\">\n        <span class=\"hz-show-lightbox-js\" data-listid=\"114043\" data-toggle=\"tooltip\" data-placement=\"top\" title=\"Antes\">\n                <i class=\"houzez-icon icon-expand-3\"><\/i>   \n        <\/span><!-- item-tool-favorite -->\n    <\/li><!-- item-tool -->\n        \n    \n    <\/ul><!-- item-tools -->\n\t\t\t\t<div class=\"listing-image-wrap\">\n\t<div class=\"listing-thumb\">\n\t\t<a target=_self href=\"https:\/\/elchorrito.es\/fr\/immobilier\/propriete-rurale-a-monda-avec-grand-terrain\/\" class=\"listing-featured-thumb hover-effect\">\n\t\t\t<img fetchpriority=\"high\" decoding=\"async\" width=\"592\" height=\"444\" src=\"https:\/\/elchorrito.es\/wp-content\/uploads\/Ref1731-Propriete-rurale-a-Monda-avec-grand-terrain.jpg\" class=\"img-fluid wp-post-image\" alt=\"Propri\u00e9t\u00e9 rurale \u00e0 Monda avec grand terrain\" \/>\t\t<\/a><!-- hover-effect -->\n\t<\/div>\n<\/div>\n\t\t\t\t<div class=\"preview_loader\"><\/div>\n\t\t\t<\/div><!-- item-header -->\t\n\t\t\t<div class=\"item-body flex-grow-1\">\n\t\t\t\t<h2 class=\"item-title\">\n\t<a target=_self href=\"https:\/\/elchorrito.es\/fr\/immobilier\/propriete-rurale-a-monda-avec-grand-terrain\/\">Propri\u00e9t\u00e9 rurale \u00e0 Monda avec grand terrain<\/a>\n<\/h2><!-- item-title -->\t\t\t\t\n\t\t\t\t<div class=\"item-v5-price\">\n\t\t\t\t\t 111.000\u20ac\t\t\t\t<\/div>\n\n\t\t\t\t\t\t\t\t<div class=\"item-v5-type\">\n\t\t\t\t\tMaisons de campagne, Chalets\t\t\t\t<\/div>\n\t\t\t\t\n\t\t\t\t<ul class=\"item-amenities item-amenities-with-icons\">\n\t<li class=\"h-beds\"><i class=\"houzez-icon icon-hotel-double-bed-1 mr-1\"><\/i><span class=\"item-amenities-text\">Cama:<\/span> <span class=\"hz-figure\">1<\/span><\/li><li class=\"h-baths\"><i class=\"houzez-icon icon-bathroom-shower-1 mr-1\"><\/i><span class=\"item-amenities-text\">Salle de bains:<\/span> <span class=\"hz-figure\">0<\/span><\/li><li class=\"h-area\"><i class=\"houzez-icon icon-ruler-triangle mr-1\"><\/i><span class=\"hz-figure\">40<\/span> <span class=\"hz-figure area_postfix\">m2<\/span><\/li><\/ul>\t\t\t<\/div><!-- item-body -->\n\t\t<\/div><!-- d-flex -->\n\t<\/div><!-- item-wrap -->\n<\/div><!-- item-listing-wrap --><div class=\"item-listing-wrap hz-item-gallery-js item-listing-wrap-v5 card\" data-hz-id=\"hz-102098\" >\n\t<div class=\"item-wrap item-wrap-v5 h-100\">\n\t\t<div class=\"d-flex align-items-center h-100\">\n\t\t\t<div class=\"item-header\">\n\t\t\t\t<span class=\"label-featured label\">Exceptionnel<\/span>\t\t\t\t<div class=\"labels-wrap labels-right\"> \n\n\t<a href=\"https:\/\/elchorrito.es\/fr\/etat\/vente\/\" class=\"label-status label status-color-986\">\n\t\t\t\t\tVente\n\t\t\t\t<\/a><a href=\"https:\/\/elchorrito.es\/label\/alhaurin-de-la-torre\/\" class=\"hz-label label label-color-780\">\n\t\t\t\t\tAlhaurin De La Torre\n\t\t\t\t<\/a>       \n\n<\/div>\n\t\t\t\t<ul class=\"item-tools\">\n\n        <li class=\"item-tool item-preview\">\n        <span class=\"hz-show-lightbox-js\" data-listid=\"102098\" data-toggle=\"tooltip\" data-placement=\"top\" title=\"Antes\">\n                <i class=\"houzez-icon icon-expand-3\"><\/i>   \n        <\/span><!-- item-tool-favorite -->\n    <\/li><!-- item-tool -->\n        \n    \n    <\/ul><!-- item-tools -->\n\t\t\t\t<div class=\"listing-image-wrap\">\n\t<div class=\"listing-thumb\">\n\t\t<a target=_self href=\"https:\/\/elchorrito.es\/fr\/immobilier\/villa-de-luxe-a-capellania-alhaurin-de-la-torre\/\" class=\"listing-featured-thumb hover-effect\">\n\t\t\t<img decoding=\"async\" width=\"592\" height=\"395\" src=\"https:\/\/elchorrito.es\/wp-content\/uploads\/Ref1301-Villa-de-luxe-a-Capellania-Alhaurin-de-la-Torre.jpg\" class=\"img-fluid wp-post-image\" alt=\"Villa de luxe \u00e0 Capellan\u00eda Alhaur\u00edn de la Torre\" \/>\t\t<\/a><!-- hover-effect -->\n\t<\/div>\n<\/div>\n\t\t\t\t<div class=\"preview_loader\"><\/div>\n\t\t\t<\/div><!-- item-header -->\t\n\t\t\t<div class=\"item-body flex-grow-1\">\n\t\t\t\t<h2 class=\"item-title\">\n\t<a target=_self href=\"https:\/\/elchorrito.es\/fr\/immobilier\/villa-de-luxe-a-capellania-alhaurin-de-la-torre\/\">Villa de luxe \u00e0 Capellan\u00eda Alhaur\u00edn de la Torre<\/a>\n<\/h2><!-- item-title -->\t\t\t\t\n\t\t\t\t<div class=\"item-v5-price\">\n\t\t\t\t\t 910.000\u20ac\t\t\t\t<\/div>\n\n\t\t\t\t\t\t\t\t<div class=\"item-v5-type\">\n\t\t\t\t\tVillas, Chalets\t\t\t\t<\/div>\n\t\t\t\t\n\t\t\t\t<ul class=\"item-amenities item-amenities-with-icons\">\n\t<li class=\"h-beds\"><i class=\"houzez-icon icon-hotel-double-bed-1 mr-1\"><\/i><span class=\"item-amenities-text\">Camas:<\/span> <span class=\"hz-figure\">8<\/span><\/li><li class=\"h-baths\"><i class=\"houzez-icon icon-bathroom-shower-1 mr-1\"><\/i><span class=\"item-amenities-text\">Toilettes:<\/span> <span class=\"hz-figure\">7<\/span><\/li><li class=\"h-area\"><i class=\"houzez-icon icon-ruler-triangle mr-1\"><\/i><span class=\"hz-figure\">431<\/span> <span class=\"hz-figure area_postfix\">m2<\/span><\/li><\/ul>\t\t\t<\/div><!-- item-body -->\n\t\t<\/div><!-- d-flex -->\n\t<\/div><!-- item-wrap -->\n<\/div><!-- item-listing-wrap --><div class=\"item-listing-wrap hz-item-gallery-js item-listing-wrap-v5 card\" data-hz-id=\"hz-100649\" >\n\t<div class=\"item-wrap item-wrap-v5 h-100\">\n\t\t<div class=\"d-flex align-items-center h-100\">\n\t\t\t<div class=\"item-header\">\n\t\t\t\t\t\t\t\t<div class=\"labels-wrap labels-right\"> \n\n\t<a href=\"https:\/\/elchorrito.es\/fr\/etat\/vente\/\" class=\"label-status label status-color-986\">\n\t\t\t\t\tVente\n\t\t\t\t<\/a><a href=\"https:\/\/elchorrito.es\/fr\/etiqueter\/nouvelle\/\" class=\"hz-label label label-color-851\">\n\t\t\t\t\tNouvelle\n\t\t\t\t<\/a>       \n\n<\/div>\n\t\t\t\t<ul class=\"item-tools\">\n\n        <li class=\"item-tool item-preview\">\n        <span class=\"hz-show-lightbox-js\" data-listid=\"100649\" data-toggle=\"tooltip\" data-placement=\"top\" title=\"Antes\">\n                <i class=\"houzez-icon icon-expand-3\"><\/i>   \n        <\/span><!-- item-tool-favorite -->\n    <\/li><!-- item-tool -->\n        \n    \n    <\/ul><!-- item-tools -->\n\t\t\t\t<div class=\"listing-image-wrap\">\n\t<div class=\"listing-thumb\">\n\t\t<a target=_self href=\"https:\/\/elchorrito.es\/fr\/immobilier\/villa-de-luxe-a-estepona-avec-vue-sur-la-mer\/\" class=\"listing-featured-thumb hover-effect\">\n\t\t\t<img decoding=\"async\" width=\"592\" height=\"333\" src=\"https:\/\/elchorrito.es\/wp-content\/uploads\/Ref1298-Villa-de-luxe-a-Estepona-avec-vue-sur-la-mer.jpg\" class=\"img-fluid wp-post-image\" alt=\"Villa de luxe \u00e0 Estepona avec vue sur la mer\" \/>\t\t<\/a><!-- hover-effect -->\n\t<\/div>\n<\/div>\n\t\t\t\t<div class=\"preview_loader\"><\/div>\n\t\t\t<\/div><!-- item-header -->\t\n\t\t\t<div class=\"item-body flex-grow-1\">\n\t\t\t\t<h2 class=\"item-title\">\n\t<a target=_self href=\"https:\/\/elchorrito.es\/fr\/immobilier\/villa-de-luxe-a-estepona-avec-vue-sur-la-mer\/\">Villa de luxe \u00e0 Estepona avec vue sur la mer<\/a>\n<\/h2><!-- item-title -->\t\t\t\t\n\t\t\t\t<div class=\"item-v5-price\">\n\t\t\t\t\t 980.000\u20ac\t\t\t\t<\/div>\n\n\t\t\t\t\t\t\t\t<div class=\"item-v5-type\">\n\t\t\t\t\tVillas, Chalets\t\t\t\t<\/div>\n\t\t\t\t\n\t\t\t\t<ul class=\"item-amenities item-amenities-with-icons\">\n\t<li class=\"h-beds\"><i class=\"houzez-icon icon-hotel-double-bed-1 mr-1\"><\/i><span class=\"item-amenities-text\">Camas:<\/span> <span class=\"hz-figure\">3<\/span><\/li><li class=\"h-baths\"><i class=\"houzez-icon icon-bathroom-shower-1 mr-1\"><\/i><span class=\"item-amenities-text\">Toilettes:<\/span> <span class=\"hz-figure\">3<\/span><\/li><\/ul>\t\t\t<\/div><!-- item-body -->\n\t\t<\/div><!-- d-flex -->\n\t<\/div><!-- item-wrap -->\n<\/div><!-- item-listing-wrap --><div class=\"item-listing-wrap hz-item-gallery-js item-listing-wrap-v5 card\" data-hz-id=\"hz-100609\" >\n\t<div class=\"item-wrap item-wrap-v5 h-100\">\n\t\t<div class=\"d-flex align-items-center h-100\">\n\t\t\t<div class=\"item-header\">\n\t\t\t\t\t\t\t\t<div class=\"labels-wrap labels-right\"> \n\n\t<a href=\"https:\/\/elchorrito.es\/fr\/etat\/vente\/\" class=\"label-status label status-color-986\">\n\t\t\t\t\tVente\n\t\t\t\t<\/a><a href=\"https:\/\/elchorrito.es\/label\/estepona\/\" class=\"hz-label label label-color-769\">\n\t\t\t\t\tEstepona\n\t\t\t\t<\/a><a href=\"https:\/\/elchorrito.es\/fr\/etiqueter\/nouvelle\/\" class=\"hz-label label label-color-851\">\n\t\t\t\t\tNouvelle\n\t\t\t\t<\/a>       \n\n<\/div>\n\t\t\t\t<ul class=\"item-tools\">\n\n        <li class=\"item-tool item-preview\">\n        <span class=\"hz-show-lightbox-js\" data-listid=\"100609\" data-toggle=\"tooltip\" data-placement=\"top\" title=\"Antes\">\n                <i class=\"houzez-icon icon-expand-3\"><\/i>   \n        <\/span><!-- item-tool-favorite -->\n    <\/li><!-- item-tool -->\n        \n    \n    <\/ul><!-- item-tools -->\n\t\t\t\t<div class=\"listing-image-wrap\">\n\t<div class=\"listing-thumb\">\n\t\t<a target=_self href=\"https:\/\/elchorrito.es\/fr\/immobilier\/maison-de-ville-nouvellement-construite-a-estepona\/\" class=\"listing-featured-thumb hover-effect\">\n\t\t\t<img loading=\"lazy\" decoding=\"async\" width=\"592\" height=\"333\" src=\"https:\/\/elchorrito.es\/wp-content\/uploads\/Ref1299-Maison-de-ville-nouvellement-construite-a-Estepona.jpg\" class=\"img-fluid wp-post-image\" alt=\"Maison de ville nouvellement construite \u00e0 Estepona\" \/>\t\t<\/a><!-- hover-effect -->\n\t<\/div>\n<\/div>\n\t\t\t\t<div class=\"preview_loader\"><\/div>\n\t\t\t<\/div><!-- item-header -->\t\n\t\t\t<div class=\"item-body flex-grow-1\">\n\t\t\t\t<h2 class=\"item-title\">\n\t<a target=_self href=\"https:\/\/elchorrito.es\/fr\/immobilier\/maison-de-ville-nouvellement-construite-a-estepona\/\">Maison de ville nouvellement construite \u00e0 Estepona<\/a>\n<\/h2><!-- item-title -->\t\t\t\t\n\t\t\t\t<div class=\"item-v5-price\">\n\t\t\t\t\t 730.000\u20ac\t\t\t\t<\/div>\n\n\t\t\t\t\t\t\t\t<div class=\"item-v5-type\">\n\t\t\t\t\tMaisons de ville, Chalets\t\t\t\t<\/div>\n\t\t\t\t\n\t\t\t\t<ul class=\"item-amenities item-amenities-with-icons\">\n\t<li class=\"h-beds\"><i class=\"houzez-icon icon-hotel-double-bed-1 mr-1\"><\/i><span class=\"item-amenities-text\">Camas:<\/span> <span class=\"hz-figure\">4<\/span><\/li><li class=\"h-baths\"><i class=\"houzez-icon icon-bathroom-shower-1 mr-1\"><\/i><span class=\"item-amenities-text\">Toilettes:<\/span> <span class=\"hz-figure\">3<\/span><\/li><li class=\"h-area\"><i class=\"houzez-icon icon-ruler-triangle mr-1\"><\/i><span class=\"hz-figure\">191<\/span> <span class=\"hz-figure area_postfix\">m2<\/span><\/li><\/ul>\t\t\t<\/div><!-- item-body -->\n\t\t<\/div><!-- d-flex -->\n\t<\/div><!-- item-wrap -->\n<\/div><!-- item-listing-wrap --><div class=\"item-listing-wrap hz-item-gallery-js item-listing-wrap-v5 card\" data-hz-id=\"hz-98884\" >\n\t<div class=\"item-wrap item-wrap-v5 h-100\">\n\t\t<div class=\"d-flex align-items-center h-100\">\n\t\t\t<div class=\"item-header\">\n\t\t\t\t<span class=\"label-featured label\">Exceptionnel<\/span>\t\t\t\t<div class=\"labels-wrap labels-right\"> \n\n\t<a href=\"https:\/\/elchorrito.es\/fr\/etat\/vente\/\" class=\"label-status label status-color-986\">\n\t\t\t\t\tVente\n\t\t\t\t<\/a><a href=\"https:\/\/elchorrito.es\/label\/yunquera\/\" class=\"hz-label label label-color-801\">\n\t\t\t\t\tYunquera\n\t\t\t\t<\/a>       \n\n<\/div>\n\t\t\t\t<ul class=\"item-tools\">\n\n        <li class=\"item-tool item-preview\">\n        <span class=\"hz-show-lightbox-js\" data-listid=\"98884\" data-toggle=\"tooltip\" data-placement=\"top\" title=\"Antes\">\n                <i class=\"houzez-icon icon-expand-3\"><\/i>   \n        <\/span><!-- item-tool-favorite -->\n    <\/li><!-- item-tool -->\n        \n    \n    <\/ul><!-- item-tools -->\n\t\t\t\t<div class=\"listing-image-wrap\">\n\t<div class=\"listing-thumb\">\n\t\t<a target=_self href=\"https:\/\/elchorrito.es\/fr\/immobilier\/terrain-avec-maison-dans-la-sierra-de-las-nieves\/\" class=\"listing-featured-thumb hover-effect\">\n\t\t\t<img loading=\"lazy\" decoding=\"async\" width=\"592\" height=\"444\" src=\"https:\/\/elchorrito.es\/wp-content\/uploads\/Ref1078-Terrain-avec-maison-dans-la-Sierra-de-las-Nieves.jpg\" class=\"img-fluid wp-post-image\" alt=\"Terrain avec maison dans la Sierra de las Nieves\" \/>\t\t<\/a><!-- hover-effect -->\n\t<\/div>\n<\/div>\n\t\t\t\t<div class=\"preview_loader\"><\/div>\n\t\t\t<\/div><!-- item-header -->\t\n\t\t\t<div class=\"item-body flex-grow-1\">\n\t\t\t\t<h2 class=\"item-title\">\n\t<a target=_self href=\"https:\/\/elchorrito.es\/fr\/immobilier\/terrain-avec-maison-dans-la-sierra-de-las-nieves\/\">Terrain avec maison dans la Sierra de las Nieves<\/a>\n<\/h2><!-- item-title -->\t\t\t\t\n\t\t\t\t<div class=\"item-v5-price\">\n\t\t\t\t\t 130.000\u20ac\t\t\t\t<\/div>\n\n\t\t\t\t\t\t\t\t<div class=\"item-v5-type\">\n\t\t\t\t\tMaisons de campagne, Chalets\t\t\t\t<\/div>\n\t\t\t\t\n\t\t\t\t<ul class=\"item-amenities item-amenities-with-icons\">\n\t<li class=\"h-beds\"><i class=\"houzez-icon icon-hotel-double-bed-1 mr-1\"><\/i><span class=\"item-amenities-text\">Camas:<\/span> <span class=\"hz-figure\">2<\/span><\/li><li class=\"h-baths\"><i class=\"houzez-icon icon-bathroom-shower-1 mr-1\"><\/i><span class=\"item-amenities-text\">Salle de bains:<\/span> <span class=\"hz-figure\">1<\/span><\/li><li class=\"h-area\"><i class=\"houzez-icon icon-ruler-triangle mr-1\"><\/i><span class=\"hz-figure\">55<\/span> <span class=\"hz-figure area_postfix\">m2<\/span><\/li><\/ul>\t\t\t<\/div><!-- item-body -->\n\t\t<\/div><!-- d-flex -->\n\t<\/div><!-- item-wrap -->\n<\/div><!-- item-listing-wrap --><div class=\"item-listing-wrap hz-item-gallery-js item-listing-wrap-v5 card\" data-hz-id=\"hz-98811\" >\n\t<div class=\"item-wrap item-wrap-v5 h-100\">\n\t\t<div class=\"d-flex align-items-center h-100\">\n\t\t\t<div class=\"item-header\">\n\t\t\t\t<span class=\"label-featured label\">Exceptionnel<\/span>\t\t\t\t<div class=\"labels-wrap labels-right\"> \n\n\t<a href=\"https:\/\/elchorrito.es\/fr\/etat\/vente\/\" class=\"label-status label status-color-986\">\n\t\t\t\t\tVente\n\t\t\t\t<\/a><a href=\"https:\/\/elchorrito.es\/label\/monda\/\" class=\"hz-label label label-color-707\">\n\t\t\t\t\tMonda\n\t\t\t\t<\/a>       \n\n<\/div>\n\t\t\t\t<ul class=\"item-tools\">\n\n        <li class=\"item-tool item-preview\">\n        <span class=\"hz-show-lightbox-js\" data-listid=\"98811\" data-toggle=\"tooltip\" data-placement=\"top\" title=\"Antes\">\n                <i class=\"houzez-icon icon-expand-3\"><\/i>   \n        <\/span><!-- item-tool-favorite -->\n    <\/li><!-- item-tool -->\n        \n    \n    <\/ul><!-- item-tools -->\n\t\t\t\t<div class=\"listing-image-wrap\">\n\t<div class=\"listing-thumb\">\n\t\t<a target=_self href=\"https:\/\/elchorrito.es\/fr\/immobilier\/maison-de-campagne-avec-3-chambres-et-design-voute-a-monda\/\" class=\"listing-featured-thumb hover-effect\">\n\t\t\t<img loading=\"lazy\" decoding=\"async\" width=\"592\" height=\"444\" src=\"https:\/\/elchorrito.es\/wp-content\/uploads\/Ref1137-Maison-de-campagne-avec-3-chambres-et-design-voute-a-Monda.jpg\" class=\"img-fluid wp-post-image\" alt=\"Maison de campagne avec 3 chambres et design vo\u00fbt\u00e9 \u00e0 Monda\" \/>\t\t<\/a><!-- hover-effect -->\n\t<\/div>\n<\/div>\n\t\t\t\t<div class=\"preview_loader\"><\/div>\n\t\t\t<\/div><!-- item-header -->\t\n\t\t\t<div class=\"item-body flex-grow-1\">\n\t\t\t\t<h2 class=\"item-title\">\n\t<a target=_self href=\"https:\/\/elchorrito.es\/fr\/immobilier\/maison-de-campagne-avec-3-chambres-et-design-voute-a-monda\/\">Maison de campagne avec 3 chambres et design vo\u00fbt\u00e9 \u00e0 Monda<\/a>\n<\/h2><!-- item-title -->\t\t\t\t\n\t\t\t\t<div class=\"item-v5-price\">\n\t\t\t\t\t 230.000\u20ac\t\t\t\t<\/div>\n\n\t\t\t\t\t\t\t\t<div class=\"item-v5-type\">\n\t\t\t\t\tMaisons rurales, Chalets\t\t\t\t<\/div>\n\t\t\t\t\n\t\t\t\t<ul class=\"item-amenities item-amenities-with-icons\">\n\t<li class=\"h-beds\"><i class=\"houzez-icon icon-hotel-double-bed-1 mr-1\"><\/i><span class=\"item-amenities-text\">Camas:<\/span> <span class=\"hz-figure\">3<\/span><\/li><li class=\"h-baths\"><i class=\"houzez-icon icon-bathroom-shower-1 mr-1\"><\/i><span class=\"item-amenities-text\">Toilettes:<\/span> <span class=\"hz-figure\">2<\/span><\/li><li class=\"h-area\"><i class=\"houzez-icon icon-ruler-triangle mr-1\"><\/i><span class=\"hz-figure\">140<\/span> <span class=\"hz-figure area_postfix\">m2<\/span><\/li><\/ul>\t\t\t<\/div><!-- item-body -->\n\t\t<\/div><!-- d-flex -->\n\t<\/div><!-- item-wrap -->\n<\/div><!-- item-listing-wrap --><div class=\"item-listing-wrap hz-item-gallery-js item-listing-wrap-v5 card\" data-hz-id=\"hz-98230\" >\n\t<div class=\"item-wrap item-wrap-v5 h-100\">\n\t\t<div class=\"d-flex align-items-center h-100\">\n\t\t\t<div class=\"item-header\">\n\t\t\t\t<span class=\"label-featured label\">Exceptionnel<\/span>\t\t\t\t<div class=\"labels-wrap labels-right\"> \n\n\t<a href=\"https:\/\/elchorrito.es\/fr\/etat\/vente\/\" class=\"label-status label status-color-986\">\n\t\t\t\t\tVente\n\t\t\t\t<\/a><a href=\"https:\/\/elchorrito.es\/label\/marbella\/\" class=\"hz-label label label-color-763\">\n\t\t\t\t\tMarbella\n\t\t\t\t<\/a><a href=\"https:\/\/elchorrito.es\/fr\/etiqueter\/nouvelle\/\" class=\"hz-label label label-color-851\">\n\t\t\t\t\tNouvelle\n\t\t\t\t<\/a>       \n\n<\/div>\n\t\t\t\t<ul class=\"item-tools\">\n\n        <li class=\"item-tool item-preview\">\n        <span class=\"hz-show-lightbox-js\" data-listid=\"98230\" data-toggle=\"tooltip\" data-placement=\"top\" title=\"Antes\">\n                <i class=\"houzez-icon icon-expand-3\"><\/i>   \n        <\/span><!-- item-tool-favorite -->\n    <\/li><!-- item-tool -->\n        \n    \n    <\/ul><!-- item-tools -->\n\t\t\t\t<div class=\"listing-image-wrap\">\n\t<div class=\"listing-thumb\">\n\t\t<a target=_self href=\"https:\/\/elchorrito.es\/fr\/immobilier\/penthouse-de-nouvelle-construction-avec-3-chambres-piscine-et-salle-de-sport-a-marbella\/\" class=\"listing-featured-thumb hover-effect\">\n\t\t\t<img loading=\"lazy\" decoding=\"async\" width=\"592\" height=\"395\" src=\"https:\/\/elchorrito.es\/wp-content\/uploads\/Ref1111-Penthouse-de-nouvelle-construction-avec-3-chambres-piscine-et-salle-de-sport-a-Marbella.jpg\" class=\"img-fluid wp-post-image\" alt=\"Penthouse de nouvelle construction avec 3 chambres\" \/>\t\t<\/a><!-- hover-effect -->\n\t<\/div>\n<\/div>\n\t\t\t\t<div class=\"preview_loader\"><\/div>\n\t\t\t<\/div><!-- item-header -->\t\n\t\t\t<div class=\"item-body flex-grow-1\">\n\t\t\t\t<h2 class=\"item-title\">\n\t<a target=_self href=\"https:\/\/elchorrito.es\/fr\/immobilier\/penthouse-de-nouvelle-construction-avec-3-chambres-piscine-et-salle-de-sport-a-marbella\/\">Penthouse de nouvelle construction avec 3 chambres, piscine et salle de sport \u00e0 Marbella<\/a>\n<\/h2><!-- item-title -->\t\t\t\t\n\t\t\t\t<div class=\"item-v5-price\">\n\t\t\t\t\t 483.500\u20ac\t\t\t\t<\/div>\n\n\t\t\t\t\t\t\t\t<div class=\"item-v5-type\">\n\t\t\t\t\tAttiques, Appartements\t\t\t\t<\/div>\n\t\t\t\t\n\t\t\t\t<ul class=\"item-amenities item-amenities-with-icons\">\n\t<li class=\"h-beds\"><i class=\"houzez-icon icon-hotel-double-bed-1 mr-1\"><\/i><span class=\"item-amenities-text\">Camas:<\/span> <span class=\"hz-figure\">3<\/span><\/li><li class=\"h-baths\"><i class=\"houzez-icon icon-bathroom-shower-1 mr-1\"><\/i><span class=\"item-amenities-text\">Toilettes:<\/span> <span class=\"hz-figure\">2<\/span><\/li><li class=\"h-area\"><i class=\"houzez-icon icon-ruler-triangle mr-1\"><\/i><span class=\"hz-figure\">142<\/span> <span class=\"hz-figure area_postfix\">m2<\/span><\/li><\/ul>\t\t\t<\/div><!-- item-body -->\n\t\t<\/div><!-- d-flex -->\n\t<\/div><!-- item-wrap -->\n<\/div><!-- item-listing-wrap --><div class=\"item-listing-wrap hz-item-gallery-js item-listing-wrap-v5 card\" data-hz-id=\"hz-96898\" >\n\t<div class=\"item-wrap item-wrap-v5 h-100\">\n\t\t<div class=\"d-flex align-items-center h-100\">\n\t\t\t<div class=\"item-header\">\n\t\t\t\t<span class=\"label-featured label\">Exceptionnel<\/span>\t\t\t\t<div class=\"labels-wrap labels-right\"> \n\n\t<a href=\"https:\/\/elchorrito.es\/fr\/etat\/vente\/\" class=\"label-status label status-color-986\">\n\t\t\t\t\tVente\n\t\t\t\t<\/a><a href=\"https:\/\/elchorrito.es\/label\/marbella\/\" class=\"hz-label label label-color-763\">\n\t\t\t\t\tMarbella\n\t\t\t\t<\/a><a href=\"https:\/\/elchorrito.es\/fr\/etiqueter\/nouvelle\/\" class=\"hz-label label label-color-851\">\n\t\t\t\t\tNouvelle\n\t\t\t\t<\/a>       \n\n<\/div>\n\t\t\t\t<ul class=\"item-tools\">\n\n        <li class=\"item-tool item-preview\">\n        <span class=\"hz-show-lightbox-js\" data-listid=\"96898\" data-toggle=\"tooltip\" data-placement=\"top\" title=\"Antes\">\n                <i class=\"houzez-icon icon-expand-3\"><\/i>   \n        <\/span><!-- item-tool-favorite -->\n    <\/li><!-- item-tool -->\n        \n    \n    <\/ul><!-- item-tools -->\n\t\t\t\t<div class=\"listing-image-wrap\">\n\t<div class=\"listing-thumb\">\n\t\t<a target=_self href=\"https:\/\/elchorrito.es\/fr\/immobilier\/penthouse-de-nouvelle-construction-avec-3-chambres-2-terrasses-et-piscine-a-marbella\/\" class=\"listing-featured-thumb hover-effect\">\n\t\t\t<img loading=\"lazy\" decoding=\"async\" width=\"592\" height=\"333\" src=\"https:\/\/elchorrito.es\/wp-content\/uploads\/Ref1120-Penthouse-de-nouvelle-construction-avec-3-chambres-2-terrasses-et-piscine-a-Marbella.jpg\" class=\"img-fluid wp-post-image\" alt=\"Penthouse de nouvelle construction avec 3 chambres\" \/>\t\t<\/a><!-- hover-effect -->\n\t<\/div>\n<\/div>\n\t\t\t\t<div class=\"preview_loader\"><\/div>\n\t\t\t<\/div><!-- item-header -->\t\n\t\t\t<div class=\"item-body flex-grow-1\">\n\t\t\t\t<h2 class=\"item-title\">\n\t<a target=_self href=\"https:\/\/elchorrito.es\/fr\/immobilier\/penthouse-de-nouvelle-construction-avec-3-chambres-2-terrasses-et-piscine-a-marbella\/\">Penthouse de nouvelle construction avec 3 chambres, 2 terrasses et piscine \u00e0 Marbella<\/a>\n<\/h2><!-- item-title -->\t\t\t\t\n\t\t\t\t<div class=\"item-v5-price\">\n\t\t\t\t\t 521.100\u20ac\t\t\t\t<\/div>\n\n\t\t\t\t\t\t\t\t<div class=\"item-v5-type\">\n\t\t\t\t\tAttiques, Appartements\t\t\t\t<\/div>\n\t\t\t\t\n\t\t\t\t<ul class=\"item-amenities item-amenities-with-icons\">\n\t<li class=\"h-beds\"><i class=\"houzez-icon icon-hotel-double-bed-1 mr-1\"><\/i><span class=\"item-amenities-text\">Camas:<\/span> <span class=\"hz-figure\">3<\/span><\/li><li class=\"h-baths\"><i class=\"houzez-icon icon-bathroom-shower-1 mr-1\"><\/i><span class=\"item-amenities-text\">Toilettes:<\/span> <span class=\"hz-figure\">2<\/span><\/li><li class=\"h-area\"><i class=\"houzez-icon icon-ruler-triangle mr-1\"><\/i><span class=\"hz-figure\">107<\/span> <span class=\"hz-figure area_postfix\">m2<\/span><\/li><\/ul>\t\t\t<\/div><!-- item-body -->\n\t\t<\/div><!-- d-flex -->\n\t<\/div><!-- item-wrap -->\n<\/div><!-- item-listing-wrap --><div class=\"item-listing-wrap hz-item-gallery-js item-listing-wrap-v5 card\" data-hz-id=\"hz-96769\" >\n\t<div class=\"item-wrap item-wrap-v5 h-100\">\n\t\t<div class=\"d-flex align-items-center h-100\">\n\t\t\t<div class=\"item-header\">\n\t\t\t\t<span class=\"label-featured label\">Exceptionnel<\/span>\t\t\t\t<div class=\"labels-wrap labels-right\"> \n\n\t<a href=\"https:\/\/elchorrito.es\/fr\/etat\/vente\/\" class=\"label-status label status-color-986\">\n\t\t\t\t\tVente\n\t\t\t\t<\/a><a href=\"https:\/\/elchorrito.es\/label\/tolox\/\" class=\"hz-label label label-color-789\">\n\t\t\t\t\tTolox\n\t\t\t\t<\/a>       \n\n<\/div>\n\t\t\t\t<ul class=\"item-tools\">\n\n        <li class=\"item-tool item-preview\">\n        <span class=\"hz-show-lightbox-js\" data-listid=\"96769\" data-toggle=\"tooltip\" data-placement=\"top\" title=\"Antes\">\n                <i class=\"houzez-icon icon-expand-3\"><\/i>   \n        <\/span><!-- item-tool-favorite -->\n    <\/li><!-- item-tool -->\n        \n    \n    <\/ul><!-- item-tools -->\n\t\t\t\t<div class=\"listing-image-wrap\">\n\t<div class=\"listing-thumb\">\n\t\t<a target=_self href=\"https:\/\/elchorrito.es\/fr\/immobilier\/maison-de-ville-avec-2-maisons-independantes-a-tolox\/\" class=\"listing-featured-thumb hover-effect\">\n\t\t\t<img loading=\"lazy\" decoding=\"async\" width=\"592\" height=\"444\" src=\"https:\/\/elchorrito.es\/wp-content\/uploads\/Ref1162-Maison-de-ville-avec-2-maisons-independantes-a-Tolox.jpg\" class=\"img-fluid wp-post-image\" alt=\"Maison de ville avec 2 maisons ind\u00e9pendantes \u00e0 Tolox\" \/>\t\t<\/a><!-- hover-effect -->\n\t<\/div>\n<\/div>\n\t\t\t\t<div class=\"preview_loader\"><\/div>\n\t\t\t<\/div><!-- item-header -->\t\n\t\t\t<div class=\"item-body flex-grow-1\">\n\t\t\t\t<h2 class=\"item-title\">\n\t<a target=_self href=\"https:\/\/elchorrito.es\/fr\/immobilier\/maison-de-ville-avec-2-maisons-independantes-a-tolox\/\">Maison de ville avec 2 maisons ind\u00e9pendantes \u00e0 Tolox<\/a>\n<\/h2><!-- item-title -->\t\t\t\t\n\t\t\t\t<div class=\"item-v5-price\">\n\t\t\t\t\t 220.000\u20ac\t\t\t\t<\/div>\n\n\t\t\t\t\t\t\t\t<div class=\"item-v5-type\">\n\t\t\t\t\tMaisons de ville, Chalets\t\t\t\t<\/div>\n\t\t\t\t\n\t\t\t\t<ul class=\"item-amenities item-amenities-with-icons\">\n\t<li class=\"h-beds\"><i class=\"houzez-icon icon-hotel-double-bed-1 mr-1\"><\/i><span class=\"item-amenities-text\">Camas:<\/span> <span class=\"hz-figure\">8<\/span><\/li><li class=\"h-baths\"><i class=\"houzez-icon icon-bathroom-shower-1 mr-1\"><\/i><span class=\"item-amenities-text\">Toilettes:<\/span> <span class=\"hz-figure\">4<\/span><\/li><li class=\"h-area\"><i class=\"houzez-icon icon-ruler-triangle mr-1\"><\/i><span class=\"hz-figure\">180<\/span> <span class=\"hz-figure area_postfix\">m2<\/span><\/li><\/ul>\t\t\t<\/div><!-- item-body -->\n\t\t<\/div><!-- d-flex -->\n\t<\/div><!-- item-wrap -->\n<\/div><!-- item-listing-wrap --><div class=\"item-listing-wrap hz-item-gallery-js item-listing-wrap-v5 card\" data-hz-id=\"hz-96641\" >\n\t<div class=\"item-wrap item-wrap-v5 h-100\">\n\t\t<div class=\"d-flex align-items-center h-100\">\n\t\t\t<div class=\"item-header\">\n\t\t\t\t<span class=\"label-featured label\">Exceptionnel<\/span>\t\t\t\t<div class=\"labels-wrap labels-right\"> \n\n\t<a href=\"https:\/\/elchorrito.es\/fr\/etat\/vente\/\" class=\"label-status label status-color-986\">\n\t\t\t\t\tVente\n\t\t\t\t<\/a><a href=\"https:\/\/elchorrito.es\/label\/tolox\/\" class=\"hz-label label label-color-789\">\n\t\t\t\t\tTolox\n\t\t\t\t<\/a>       \n\n<\/div>\n\t\t\t\t<ul class=\"item-tools\">\n\n        <li class=\"item-tool item-preview\">\n        <span class=\"hz-show-lightbox-js\" data-listid=\"96641\" data-toggle=\"tooltip\" data-placement=\"top\" title=\"Antes\">\n                <i class=\"houzez-icon icon-expand-3\"><\/i>   \n        <\/span><!-- item-tool-favorite -->\n    <\/li><!-- item-tool -->\n        \n    \n    <\/ul><!-- item-tools -->\n\t\t\t\t<div class=\"listing-image-wrap\">\n\t<div class=\"listing-thumb\">\n\t\t<a target=_self href=\"https:\/\/elchorrito.es\/fr\/immobilier\/maison-de-campagne-avec-3-chambres-et-loft-a-tolox\/\" class=\"listing-featured-thumb hover-effect\">\n\t\t\t<img loading=\"lazy\" decoding=\"async\" width=\"592\" height=\"444\" src=\"https:\/\/elchorrito.es\/wp-content\/uploads\/Ref1106-Maison-de-campagne-avec-3-chambres-et-loft-a-Tolox.jpg\" class=\"img-fluid wp-post-image\" alt=\"Maison de campagne avec 3 chambres et loft \u00e0 Tolox\" \/>\t\t<\/a><!-- hover-effect -->\n\t<\/div>\n<\/div>\n\t\t\t\t<div class=\"preview_loader\"><\/div>\n\t\t\t<\/div><!-- item-header -->\t\n\t\t\t<div class=\"item-body flex-grow-1\">\n\t\t\t\t<h2 class=\"item-title\">\n\t<a target=_self href=\"https:\/\/elchorrito.es\/fr\/immobilier\/maison-de-campagne-avec-3-chambres-et-loft-a-tolox\/\">Maison de campagne avec 3 chambres et loft \u00e0 Tolox<\/a>\n<\/h2><!-- item-title -->\t\t\t\t\n\t\t\t\t<div class=\"item-v5-price\">\n\t\t\t\t\t 160.000\u20ac\t\t\t\t<\/div>\n\n\t\t\t\t\t\t\t\t<div class=\"item-v5-type\">\n\t\t\t\t\tMaisons rurales, Chalets\t\t\t\t<\/div>\n\t\t\t\t\n\t\t\t\t<ul class=\"item-amenities item-amenities-with-icons\">\n\t<li class=\"h-beds\"><i class=\"houzez-icon icon-hotel-double-bed-1 mr-1\"><\/i><span class=\"item-amenities-text\">Camas:<\/span> <span class=\"hz-figure\">3<\/span><\/li><li class=\"h-baths\"><i class=\"houzez-icon icon-bathroom-shower-1 mr-1\"><\/i><span class=\"item-amenities-text\">Salle de bains:<\/span> <span class=\"hz-figure\">1<\/span><\/li><li class=\"h-area\"><i class=\"houzez-icon icon-ruler-triangle mr-1\"><\/i><span class=\"hz-figure\">80<\/span> <span class=\"hz-figure area_postfix\">m2<\/span><\/li><\/ul>\t\t\t<\/div><!-- item-body -->\n\t\t<\/div><!-- d-flex -->\n\t<\/div><!-- item-wrap -->\n<\/div><!-- item-listing-wrap --><div class=\"item-listing-wrap hz-item-gallery-js item-listing-wrap-v5 card\" data-hz-id=\"hz-96559\" >\n\t<div class=\"item-wrap item-wrap-v5 h-100\">\n\t\t<div class=\"d-flex align-items-center h-100\">\n\t\t\t<div class=\"item-header\">\n\t\t\t\t<span class=\"label-featured label\">Exceptionnel<\/span>\t\t\t\t<div class=\"labels-wrap labels-right\"> \n\n\t<a href=\"https:\/\/elchorrito.es\/fr\/etat\/vente\/\" class=\"label-status label status-color-986\">\n\t\t\t\t\tVente\n\t\t\t\t<\/a><a href=\"https:\/\/elchorrito.es\/label\/monda\/\" class=\"hz-label label label-color-707\">\n\t\t\t\t\tMonda\n\t\t\t\t<\/a>       \n\n<\/div>\n\t\t\t\t<ul class=\"item-tools\">\n\n        <li class=\"item-tool item-preview\">\n        <span class=\"hz-show-lightbox-js\" data-listid=\"96559\" data-toggle=\"tooltip\" data-placement=\"top\" title=\"Antes\">\n                <i class=\"houzez-icon icon-expand-3\"><\/i>   \n        <\/span><!-- item-tool-favorite -->\n    <\/li><!-- item-tool -->\n        \n    \n    <\/ul><!-- item-tools -->\n\t\t\t\t<div class=\"listing-image-wrap\">\n\t<div class=\"listing-thumb\">\n\t\t<a target=_self href=\"https:\/\/elchorrito.es\/fr\/immobilier\/finca-avec-maison-a-alpujata-monda-avec-piscine-et-jardin\/\" class=\"listing-featured-thumb hover-effect\">\n\t\t\t<img loading=\"lazy\" decoding=\"async\" width=\"592\" height=\"333\" src=\"https:\/\/elchorrito.es\/wp-content\/uploads\/Ref1005-Finca-avec-maison-a-Alpujata-Monda-avec-piscine-et-jardin.jpg\" class=\"img-fluid wp-post-image\" alt=\"Finca avec maison \u00e0 Alpujata Monda avec piscine et jardin\" \/>\t\t<\/a><!-- hover-effect -->\n\t<\/div>\n<\/div>\n\t\t\t\t<div class=\"preview_loader\"><\/div>\n\t\t\t<\/div><!-- item-header -->\t\n\t\t\t<div class=\"item-body flex-grow-1\">\n\t\t\t\t<h2 class=\"item-title\">\n\t<a target=_self href=\"https:\/\/elchorrito.es\/fr\/immobilier\/finca-avec-maison-a-alpujata-monda-avec-piscine-et-jardin\/\">Finca avec maison \u00e0 Alpujata Monda avec piscine et jardin<\/a>\n<\/h2><!-- item-title -->\t\t\t\t\n\t\t\t\t<div class=\"item-v5-price\">\n\t\t\t\t\t 750.000\u20ac\t\t\t\t<\/div>\n\n\t\t\t\t\t\t\t\t<div class=\"item-v5-type\">\n\t\t\t\t\tMaisons rurales, Chalets\t\t\t\t<\/div>\n\t\t\t\t\n\t\t\t\t<ul class=\"item-amenities item-amenities-with-icons\">\n\t<li class=\"h-beds\"><i class=\"houzez-icon icon-hotel-double-bed-1 mr-1\"><\/i><span class=\"item-amenities-text\">Camas:<\/span> <span class=\"hz-figure\">4<\/span><\/li><li class=\"h-baths\"><i class=\"houzez-icon icon-bathroom-shower-1 mr-1\"><\/i><span class=\"item-amenities-text\">Toilettes:<\/span> <span class=\"hz-figure\">3<\/span><\/li><li class=\"h-area\"><i class=\"houzez-icon icon-ruler-triangle mr-1\"><\/i><span class=\"hz-figure\">400<\/span> <span class=\"hz-figure area_postfix\">m2<\/span><\/li><\/ul>\t\t\t<\/div><!-- item-body -->\n\t\t<\/div><!-- d-flex -->\n\t<\/div><!-- item-wrap -->\n<\/div><!-- item-listing-wrap --><div class=\"item-listing-wrap hz-item-gallery-js item-listing-wrap-v5 card\" data-hz-id=\"hz-96386\" >\n\t<div class=\"item-wrap item-wrap-v5 h-100\">\n\t\t<div class=\"d-flex align-items-center h-100\">\n\t\t\t<div class=\"item-header\">\n\t\t\t\t<span class=\"label-featured label\">Exceptionnel<\/span>\t\t\t\t<div class=\"labels-wrap labels-right\"> \n\n\t<a href=\"https:\/\/elchorrito.es\/fr\/etat\/vente\/\" class=\"label-status label status-color-986\">\n\t\t\t\t\tVente\n\t\t\t\t<\/a><a href=\"https:\/\/elchorrito.es\/label\/guaro\/\" class=\"hz-label label label-color-751\">\n\t\t\t\t\tGuaro\n\t\t\t\t<\/a>       \n\n<\/div>\n\t\t\t\t<ul class=\"item-tools\">\n\n        <li class=\"item-tool item-preview\">\n        <span class=\"hz-show-lightbox-js\" data-listid=\"96386\" data-toggle=\"tooltip\" data-placement=\"top\" title=\"Antes\">\n                <i class=\"houzez-icon icon-expand-3\"><\/i>   \n        <\/span><!-- item-tool-favorite -->\n    <\/li><!-- item-tool -->\n        \n    \n    <\/ul><!-- item-tools -->\n\t\t\t\t<div class=\"listing-image-wrap\">\n\t<div class=\"listing-thumb\">\n\t\t<a target=_self href=\"https:\/\/elchorrito.es\/fr\/immobilier\/maison-de-ville-bb-de-8-chambres-a-guaro\/\" class=\"listing-featured-thumb hover-effect\">\n\t\t\t<img loading=\"lazy\" decoding=\"async\" width=\"592\" height=\"444\" src=\"https:\/\/elchorrito.es\/wp-content\/uploads\/Ref1079-Maison-de-ville-BB-de-8-chambres-a-Guaro.jpg\" class=\"img-fluid wp-post-image\" alt=\"Maison de ville B&amp;B de 8 chambres \u00e0 Guaro\" \/>\t\t<\/a><!-- hover-effect -->\n\t<\/div>\n<\/div>\n\t\t\t\t<div class=\"preview_loader\"><\/div>\n\t\t\t<\/div><!-- item-header -->\t\n\t\t\t<div class=\"item-body flex-grow-1\">\n\t\t\t\t<h2 class=\"item-title\">\n\t<a target=_self href=\"https:\/\/elchorrito.es\/fr\/immobilier\/maison-de-ville-bb-de-8-chambres-a-guaro\/\">Maison de ville B&#038;B de 8 chambres \u00e0 Guaro<\/a>\n<\/h2><!-- item-title -->\t\t\t\t\n\t\t\t\t<div class=\"item-v5-price\">\n\t\t\t\t\t 185.000\u20ac\t\t\t\t<\/div>\n\n\t\t\t\t\t\t\t\t<div class=\"item-v5-type\">\n\t\t\t\t\tMaisons, Chalets\t\t\t\t<\/div>\n\t\t\t\t\n\t\t\t\t<ul class=\"item-amenities item-amenities-with-icons\">\n\t<li class=\"h-beds\"><i class=\"houzez-icon icon-hotel-double-bed-1 mr-1\"><\/i><span class=\"item-amenities-text\">Camas:<\/span> <span class=\"hz-figure\">8<\/span><\/li><li class=\"h-baths\"><i class=\"houzez-icon icon-bathroom-shower-1 mr-1\"><\/i><span class=\"item-amenities-text\">Salle de bains:<\/span> <span class=\"hz-figure\">1<\/span><\/li><li class=\"h-area\"><i class=\"houzez-icon icon-ruler-triangle mr-1\"><\/i><span class=\"hz-figure\">292<\/span> <span class=\"hz-figure area_postfix\">m2<\/span><\/li><\/ul>\t\t\t<\/div><!-- item-body -->\n\t\t<\/div><!-- d-flex -->\n\t<\/div><!-- item-wrap -->\n<\/div><!-- item-listing-wrap --><div class=\"item-listing-wrap hz-item-gallery-js item-listing-wrap-v5 card\" data-hz-id=\"hz-96304\" >\n\t<div class=\"item-wrap item-wrap-v5 h-100\">\n\t\t<div class=\"d-flex align-items-center h-100\">\n\t\t\t<div class=\"item-header\">\n\t\t\t\t<span class=\"label-featured label\">Exceptionnel<\/span>\t\t\t\t<div class=\"labels-wrap labels-right\"> \n\n\t<a href=\"https:\/\/elchorrito.es\/fr\/etat\/vente\/\" class=\"label-status label status-color-986\">\n\t\t\t\t\tVente\n\t\t\t\t<\/a><a href=\"https:\/\/elchorrito.es\/label\/guaro\/\" class=\"hz-label label label-color-751\">\n\t\t\t\t\tGuaro\n\t\t\t\t<\/a>       \n\n<\/div>\n\t\t\t\t<ul class=\"item-tools\">\n\n        <li class=\"item-tool item-preview\">\n        <span class=\"hz-show-lightbox-js\" data-listid=\"96304\" data-toggle=\"tooltip\" data-placement=\"top\" title=\"Antes\">\n                <i class=\"houzez-icon icon-expand-3\"><\/i>   \n        <\/span><!-- item-tool-favorite -->\n    <\/li><!-- item-tool -->\n        \n    \n    <\/ul><!-- item-tools -->\n\t\t\t\t<div class=\"listing-image-wrap\">\n\t<div class=\"listing-thumb\">\n\t\t<a target=_self href=\"https:\/\/elchorrito.es\/fr\/immobilier\/villa-individuelle-avec-3-chambres-jardin-et-piscine-a-guaro\/\" class=\"listing-featured-thumb hover-effect\">\n\t\t\t<img loading=\"lazy\" decoding=\"async\" width=\"592\" height=\"444\" src=\"https:\/\/elchorrito.es\/wp-content\/uploads\/Ref1152-Villa-individuelle-avec-3-chambres-jardin-et-piscine-a-Guaro.jpg\" class=\"img-fluid wp-post-image\" alt=\"Villa individuelle avec 3 chambres\" \/>\t\t<\/a><!-- hover-effect -->\n\t<\/div>\n<\/div>\n\t\t\t\t<div class=\"preview_loader\"><\/div>\n\t\t\t<\/div><!-- item-header -->\t\n\t\t\t<div class=\"item-body flex-grow-1\">\n\t\t\t\t<h2 class=\"item-title\">\n\t<a target=_self href=\"https:\/\/elchorrito.es\/fr\/immobilier\/villa-individuelle-avec-3-chambres-jardin-et-piscine-a-guaro\/\">Villa individuelle avec 3 chambres, jardin et piscine \u00e0 Guaro<\/a>\n<\/h2><!-- item-title -->\t\t\t\t\n\t\t\t\t<div class=\"item-v5-price\">\n\t\t\t\t\t 490.000\u20ac\t\t\t\t<\/div>\n\n\t\t\t\t\t\t\t\t<div class=\"item-v5-type\">\n\t\t\t\t\tMaisons de ville, Chalets\t\t\t\t<\/div>\n\t\t\t\t\n\t\t\t\t<ul class=\"item-amenities item-amenities-with-icons\">\n\t<li class=\"h-beds\"><i class=\"houzez-icon icon-hotel-double-bed-1 mr-1\"><\/i><span class=\"item-amenities-text\">Camas:<\/span> <span class=\"hz-figure\">3<\/span><\/li><li class=\"h-baths\"><i class=\"houzez-icon icon-bathroom-shower-1 mr-1\"><\/i><span class=\"item-amenities-text\">Toilettes:<\/span> <span class=\"hz-figure\">3<\/span><\/li><li class=\"h-area\"><i class=\"houzez-icon icon-ruler-triangle mr-1\"><\/i><span class=\"hz-figure\">210<\/span> <span class=\"hz-figure area_postfix\">m2<\/span><\/li><\/ul>\t\t\t<\/div><!-- item-body -->\n\t\t<\/div><!-- d-flex -->\n\t<\/div><!-- item-wrap -->\n<\/div><!-- item-listing-wrap --><div class=\"item-listing-wrap hz-item-gallery-js item-listing-wrap-v5 card\" data-hz-id=\"hz-96210\" >\n\t<div class=\"item-wrap item-wrap-v5 h-100\">\n\t\t<div class=\"d-flex align-items-center h-100\">\n\t\t\t<div class=\"item-header\">\n\t\t\t\t<span class=\"label-featured label\">Exceptionnel<\/span>\t\t\t\t<div class=\"labels-wrap labels-right\"> \n\n\t<a href=\"https:\/\/elchorrito.es\/fr\/etat\/vente\/\" class=\"label-status label status-color-986\">\n\t\t\t\t\tVente\n\t\t\t\t<\/a><a href=\"https:\/\/elchorrito.es\/label\/coin\/\" class=\"hz-label label label-color-759\">\n\t\t\t\t\tCoin\n\t\t\t\t<\/a>       \n\n<\/div>\n\t\t\t\t<ul class=\"item-tools\">\n\n        <li class=\"item-tool item-preview\">\n        <span class=\"hz-show-lightbox-js\" data-listid=\"96210\" data-toggle=\"tooltip\" data-placement=\"top\" title=\"Antes\">\n                <i class=\"houzez-icon icon-expand-3\"><\/i>   \n        <\/span><!-- item-tool-favorite -->\n    <\/li><!-- item-tool -->\n        \n    \n    <\/ul><!-- item-tools -->\n\t\t\t\t<div class=\"listing-image-wrap\">\n\t<div class=\"listing-thumb\">\n\t\t<a target=_self href=\"https:\/\/elchorrito.es\/fr\/immobilier\/villa-individuelle-avec-4-chambres-piscine-et-jardin-a-coin\/\" class=\"listing-featured-thumb hover-effect\">\n\t\t\t<img loading=\"lazy\" decoding=\"async\" width=\"592\" height=\"444\" src=\"https:\/\/elchorrito.es\/wp-content\/uploads\/Ref1094-Villa-individuelle-avec-4-chambres-piscine-et-jardin-a-Coin.jpg\" class=\"img-fluid wp-post-image\" alt=\"Villa individuelle avec 4 chambres\" \/>\t\t<\/a><!-- hover-effect -->\n\t<\/div>\n<\/div>\n\t\t\t\t<div class=\"preview_loader\"><\/div>\n\t\t\t<\/div><!-- item-header -->\t\n\t\t\t<div class=\"item-body flex-grow-1\">\n\t\t\t\t<h2 class=\"item-title\">\n\t<a target=_self href=\"https:\/\/elchorrito.es\/fr\/immobilier\/villa-individuelle-avec-4-chambres-piscine-et-jardin-a-coin\/\">Villa individuelle avec 4 chambres, piscine et jardin \u00e0 Co\u00edn<\/a>\n<\/h2><!-- item-title -->\t\t\t\t\n\t\t\t\t<div class=\"item-v5-price\">\n\t\t\t\t\t 460.000\u20ac\t\t\t\t<\/div>\n\n\t\t\t\t\t\t\t\t<div class=\"item-v5-type\">\n\t\t\t\t\tMaisons de ville, Chalets\t\t\t\t<\/div>\n\t\t\t\t\n\t\t\t\t<ul class=\"item-amenities item-amenities-with-icons\">\n\t<li class=\"h-beds\"><i class=\"houzez-icon icon-hotel-double-bed-1 mr-1\"><\/i><span class=\"item-amenities-text\">Camas:<\/span> <span class=\"hz-figure\">4<\/span><\/li><li class=\"h-baths\"><i class=\"houzez-icon icon-bathroom-shower-1 mr-1\"><\/i><span class=\"item-amenities-text\">Toilettes:<\/span> <span class=\"hz-figure\">3<\/span><\/li><li class=\"h-area\"><i class=\"houzez-icon icon-ruler-triangle mr-1\"><\/i><span class=\"hz-figure\">193<\/span> <span class=\"hz-figure area_postfix\">m2<\/span><\/li><\/ul>\t\t\t<\/div><!-- item-body -->\n\t\t<\/div><!-- d-flex -->\n\t<\/div><!-- item-wrap -->\n<\/div><!-- item-listing-wrap --><div class=\"item-listing-wrap hz-item-gallery-js item-listing-wrap-v5 card\" data-hz-id=\"hz-95665\" >\n\t<div class=\"item-wrap item-wrap-v5 h-100\">\n\t\t<div class=\"d-flex align-items-center h-100\">\n\t\t\t<div class=\"item-header\">\n\t\t\t\t<span class=\"label-featured label\">Exceptionnel<\/span>\t\t\t\t<div class=\"labels-wrap labels-right\"> \n\n\t<a href=\"https:\/\/elchorrito.es\/fr\/etat\/vente\/\" class=\"label-status label status-color-986\">\n\t\t\t\t\tVente\n\t\t\t\t<\/a><a href=\"https:\/\/elchorrito.es\/label\/alhaurin-el-grande\/\" class=\"hz-label label label-color-775\">\n\t\t\t\t\tAlhaurin El Grande\n\t\t\t\t<\/a>       \n\n<\/div>\n\t\t\t\t<ul class=\"item-tools\">\n\n        <li class=\"item-tool item-preview\">\n        <span class=\"hz-show-lightbox-js\" data-listid=\"95665\" data-toggle=\"tooltip\" data-placement=\"top\" title=\"Antes\">\n                <i class=\"houzez-icon icon-expand-3\"><\/i>   \n        <\/span><!-- item-tool-favorite -->\n    <\/li><!-- item-tool -->\n        \n    \n    <\/ul><!-- item-tools -->\n\t\t\t\t<div class=\"listing-image-wrap\">\n\t<div class=\"listing-thumb\">\n\t\t<a target=_self href=\"https:\/\/elchorrito.es\/fr\/immobilier\/maison-mitoyenne-avec-4-chambres-et-acces-au-terrain-de-golf-a-alhaurin-el-grande\/\" class=\"listing-featured-thumb hover-effect\">\n\t\t\t<img loading=\"lazy\" decoding=\"async\" width=\"592\" height=\"444\" src=\"https:\/\/elchorrito.es\/wp-content\/uploads\/Ref1091-Maison-mitoyenne-avec-4-chambres-et-acces-au-terrain-de-golf-a-Alhaurin-el-Grande.jpg\" class=\"img-fluid wp-post-image\" alt=\"Maison mitoyenne avec 4 chambres et acc\u00e8s au terrain de golf \u00e0 Alhaur\u00edn el Grande\" \/>\t\t<\/a><!-- hover-effect -->\n\t<\/div>\n<\/div>\n\t\t\t\t<div class=\"preview_loader\"><\/div>\n\t\t\t<\/div><!-- item-header -->\t\n\t\t\t<div class=\"item-body flex-grow-1\">\n\t\t\t\t<h2 class=\"item-title\">\n\t<a target=_self href=\"https:\/\/elchorrito.es\/fr\/immobilier\/maison-mitoyenne-avec-4-chambres-et-acces-au-terrain-de-golf-a-alhaurin-el-grande\/\">Maison mitoyenne avec 4 chambres et acc\u00e8s au terrain de golf \u00e0 Alhaur\u00edn el Grande<\/a>\n<\/h2><!-- item-title -->\t\t\t\t\n\t\t\t\t<div class=\"item-v5-price\">\n\t\t\t\t\t 375.000\u20ac\t\t\t\t<\/div>\n\n\t\t\t\t\t\t\t\t<div class=\"item-v5-type\">\n\t\t\t\t\tMaisons de ville, Chalets\t\t\t\t<\/div>\n\t\t\t\t\n\t\t\t\t<ul class=\"item-amenities item-amenities-with-icons\">\n\t<li class=\"h-beds\"><i class=\"houzez-icon icon-hotel-double-bed-1 mr-1\"><\/i><span class=\"item-amenities-text\">Camas:<\/span> <span class=\"hz-figure\">4<\/span><\/li><li class=\"h-baths\"><i class=\"houzez-icon icon-bathroom-shower-1 mr-1\"><\/i><span class=\"item-amenities-text\">Toilettes:<\/span> <span class=\"hz-figure\">3<\/span><\/li><li class=\"h-area\"><i class=\"houzez-icon icon-ruler-triangle mr-1\"><\/i><span class=\"hz-figure\">150<\/span> <span class=\"hz-figure area_postfix\">m2<\/span><\/li><\/ul>\t\t\t<\/div><!-- item-body -->\n\t\t<\/div><!-- d-flex -->\n\t<\/div><!-- item-wrap -->\n<\/div><!-- item-listing-wrap --><div class=\"item-listing-wrap hz-item-gallery-js item-listing-wrap-v5 card\" data-hz-id=\"hz-95492\" >\n\t<div class=\"item-wrap item-wrap-v5 h-100\">\n\t\t<div class=\"d-flex align-items-center h-100\">\n\t\t\t<div class=\"item-header\">\n\t\t\t\t<span class=\"label-featured label\">Exceptionnel<\/span>\t\t\t\t<div class=\"labels-wrap labels-right\"> \n\n\t<a href=\"https:\/\/elchorrito.es\/fr\/etat\/vente\/\" class=\"label-status label status-color-986\">\n\t\t\t\t\tVente\n\t\t\t\t<\/a><a href=\"https:\/\/elchorrito.es\/label\/guaro\/\" class=\"hz-label label label-color-751\">\n\t\t\t\t\tGuaro\n\t\t\t\t<\/a>       \n\n<\/div>\n\t\t\t\t<ul class=\"item-tools\">\n\n        <li class=\"item-tool item-preview\">\n        <span class=\"hz-show-lightbox-js\" data-listid=\"95492\" data-toggle=\"tooltip\" data-placement=\"top\" title=\"Antes\">\n                <i class=\"houzez-icon icon-expand-3\"><\/i>   \n        <\/span><!-- item-tool-favorite -->\n    <\/li><!-- item-tool -->\n        \n    \n    <\/ul><!-- item-tools -->\n\t\t\t\t<div class=\"listing-image-wrap\">\n\t<div class=\"listing-thumb\">\n\t\t<a target=_self href=\"https:\/\/elchorrito.es\/fr\/immobilier\/hotel-rural-avec-8-appartements-avec-piscine-a-sierra-de-las-nieves\/\" class=\"listing-featured-thumb hover-effect\">\n\t\t\t<img loading=\"lazy\" decoding=\"async\" width=\"592\" height=\"444\" src=\"https:\/\/elchorrito.es\/wp-content\/uploads\/Ref1022-Hotel-rural-avec-8-appartements-avec-piscine-a-Sierra-de-las-Nieves.jpg\" class=\"img-fluid wp-post-image\" alt=\"H\u00f4tel rural avec 8 appartements avec piscine \u00e0 Sierra de las Nieves\" \/>\t\t<\/a><!-- hover-effect -->\n\t<\/div>\n<\/div>\n\t\t\t\t<div class=\"preview_loader\"><\/div>\n\t\t\t<\/div><!-- item-header -->\t\n\t\t\t<div class=\"item-body flex-grow-1\">\n\t\t\t\t<h2 class=\"item-title\">\n\t<a target=_self href=\"https:\/\/elchorrito.es\/fr\/immobilier\/hotel-rural-avec-8-appartements-avec-piscine-a-sierra-de-las-nieves\/\">H\u00f4tel rural avec 8 appartements avec piscine \u00e0 Sierra de las Nieves<\/a>\n<\/h2><!-- item-title -->\t\t\t\t\n\t\t\t\t<div class=\"item-v5-price\">\n\t\t\t\t\t 850.000\u20ac\t\t\t\t<\/div>\n\n\t\t\t\t\t\t\t\t<div class=\"item-v5-type\">\n\t\t\t\t\tH\u00f4tels ruraux, \u00c9difices Singuiliers\t\t\t\t<\/div>\n\t\t\t\t\n\t\t\t\t<ul class=\"item-amenities item-amenities-with-icons\">\n\t<li class=\"h-beds\"><i class=\"houzez-icon icon-hotel-double-bed-1 mr-1\"><\/i><span class=\"item-amenities-text\">Camas:<\/span> <span class=\"hz-figure\">15<\/span><\/li><li class=\"h-baths\"><i class=\"houzez-icon icon-bathroom-shower-1 mr-1\"><\/i><span class=\"item-amenities-text\">Salle de bains:<\/span> <span class=\"hz-figure\">0<\/span><\/li><li class=\"h-area\"><i class=\"houzez-icon icon-ruler-triangle mr-1\"><\/i><span class=\"hz-figure\">626<\/span> <span class=\"hz-figure area_postfix\">m2<\/span><\/li><\/ul>\t\t\t<\/div><!-- item-body -->\n\t\t<\/div><!-- d-flex -->\n\t<\/div><!-- item-wrap -->\n<\/div><!-- item-listing-wrap --><div class=\"item-listing-wrap hz-item-gallery-js item-listing-wrap-v5 card\" data-hz-id=\"hz-95021\" >\n\t<div class=\"item-wrap item-wrap-v5 h-100\">\n\t\t<div class=\"d-flex align-items-center h-100\">\n\t\t\t<div class=\"item-header\">\n\t\t\t\t<span class=\"label-featured label\">Exceptionnel<\/span>\t\t\t\t<div class=\"labels-wrap labels-right\"> \n\n\t<a href=\"https:\/\/elchorrito.es\/fr\/etat\/vente\/\" class=\"label-status label status-color-986\">\n\t\t\t\t\tVente\n\t\t\t\t<\/a><a href=\"https:\/\/elchorrito.es\/label\/monda\/\" class=\"hz-label label label-color-707\">\n\t\t\t\t\tMonda\n\t\t\t\t<\/a>       \n\n<\/div>\n\t\t\t\t<ul class=\"item-tools\">\n\n        <li class=\"item-tool item-preview\">\n        <span class=\"hz-show-lightbox-js\" data-listid=\"95021\" data-toggle=\"tooltip\" data-placement=\"top\" title=\"Antes\">\n                <i class=\"houzez-icon icon-expand-3\"><\/i>   \n        <\/span><!-- item-tool-favorite -->\n    <\/li><!-- item-tool -->\n        \n    \n    <\/ul><!-- item-tools -->\n\t\t\t\t<div class=\"listing-image-wrap\">\n\t<div class=\"listing-thumb\">\n\t\t<a target=_self href=\"https:\/\/elchorrito.es\/fr\/immobilier\/penthouse-a-monda-avec-piscine-et-garage\/\" class=\"listing-featured-thumb hover-effect\">\n\t\t\t<img loading=\"lazy\" decoding=\"async\" width=\"592\" height=\"444\" src=\"https:\/\/elchorrito.es\/wp-content\/uploads\/Ref1228-Penthouse-a-Monda-avec-piscine-et-garage.jpg\" class=\"img-fluid wp-post-image\" alt=\"Penthouse \u00e0 Monda avec piscine et garage\" \/>\t\t<\/a><!-- hover-effect -->\n\t<\/div>\n<\/div>\n\t\t\t\t<div class=\"preview_loader\"><\/div>\n\t\t\t<\/div><!-- item-header -->\t\n\t\t\t<div class=\"item-body flex-grow-1\">\n\t\t\t\t<h2 class=\"item-title\">\n\t<a target=_self href=\"https:\/\/elchorrito.es\/fr\/immobilier\/penthouse-a-monda-avec-piscine-et-garage\/\">Penthouse \u00e0 Monda avec piscine et garage<\/a>\n<\/h2><!-- item-title -->\t\t\t\t\n\t\t\t\t<div class=\"item-v5-price\">\n\t\t\t\t\t 160.000\u20ac\t\t\t\t<\/div>\n\n\t\t\t\t\t\t\t\t<div class=\"item-v5-type\">\n\t\t\t\t\tAttiques, Appartements\t\t\t\t<\/div>\n\t\t\t\t\n\t\t\t\t<ul class=\"item-amenities item-amenities-with-icons\">\n\t<li class=\"h-beds\"><i class=\"houzez-icon icon-hotel-double-bed-1 mr-1\"><\/i><span class=\"item-amenities-text\">Cama:<\/span> <span class=\"hz-figure\">1<\/span><\/li><li class=\"h-baths\"><i class=\"houzez-icon icon-bathroom-shower-1 mr-1\"><\/i><span class=\"item-amenities-text\">Salle de bains:<\/span> <span class=\"hz-figure\">1<\/span><\/li><li class=\"h-area\"><i class=\"houzez-icon icon-ruler-triangle mr-1\"><\/i><span class=\"hz-figure\">90<\/span> <span class=\"hz-figure area_postfix\">m2<\/span><\/li><\/ul>\t\t\t<\/div><!-- item-body -->\n\t\t<\/div><!-- d-flex -->\n\t<\/div><!-- item-wrap -->\n<\/div><!-- item-listing-wrap --><div class=\"item-listing-wrap hz-item-gallery-js item-listing-wrap-v5 card\" data-hz-id=\"hz-94750\" >\n\t<div class=\"item-wrap item-wrap-v5 h-100\">\n\t\t<div class=\"d-flex align-items-center h-100\">\n\t\t\t<div class=\"item-header\">\n\t\t\t\t\t\t\t\t<div class=\"labels-wrap labels-right\"> \n\n\t<a href=\"https:\/\/elchorrito.es\/fr\/etat\/vente\/\" class=\"label-status label status-color-986\">\n\t\t\t\t\tVente\n\t\t\t\t<\/a><a href=\"https:\/\/elchorrito.es\/label\/guaro\/\" class=\"hz-label label label-color-751\">\n\t\t\t\t\tGuaro\n\t\t\t\t<\/a>       \n\n<\/div>\n\t\t\t\t<ul class=\"item-tools\">\n\n        <li class=\"item-tool item-preview\">\n        <span class=\"hz-show-lightbox-js\" data-listid=\"94750\" data-toggle=\"tooltip\" data-placement=\"top\" title=\"Antes\">\n                <i class=\"houzez-icon icon-expand-3\"><\/i>   \n        <\/span><!-- item-tool-favorite -->\n    <\/li><!-- item-tool -->\n        \n    \n    <\/ul><!-- item-tools -->\n\t\t\t\t<div class=\"listing-image-wrap\">\n\t<div class=\"listing-thumb\">\n\t\t<a target=_self href=\"https:\/\/elchorrito.es\/fr\/immobilier\/ferme-davocats-avec-maison-et-piscine-a-guaro\/\" class=\"listing-featured-thumb hover-effect\">\n\t\t\t<img loading=\"lazy\" decoding=\"async\" width=\"592\" height=\"444\" src=\"https:\/\/elchorrito.es\/wp-content\/uploads\/Ref1029-Ferme-davocats-avec-maison-et-piscine-a-Guaro.jpg\" class=\"img-fluid wp-post-image\" alt=\"Ferme d&#039;avocats avec maison et piscine \u00e0 Guaro\" \/>\t\t<\/a><!-- hover-effect -->\n\t<\/div>\n<\/div>\n\t\t\t\t<div class=\"preview_loader\"><\/div>\n\t\t\t<\/div><!-- item-header -->\t\n\t\t\t<div class=\"item-body flex-grow-1\">\n\t\t\t\t<h2 class=\"item-title\">\n\t<a target=_self href=\"https:\/\/elchorrito.es\/fr\/immobilier\/ferme-davocats-avec-maison-et-piscine-a-guaro\/\">Ferme d&#8217;avocats avec maison et piscine \u00e0 Guaro<\/a>\n<\/h2><!-- item-title -->\t\t\t\t\n\t\t\t\t<div class=\"item-v5-price\">\n\t\t\t\t\t 450.000\u20ac\t\t\t\t<\/div>\n\n\t\t\t\t\t\t\t\t<div class=\"item-v5-type\">\n\t\t\t\t\tMaisons de campagne, Chalets\t\t\t\t<\/div>\n\t\t\t\t\n\t\t\t\t<ul class=\"item-amenities item-amenities-with-icons\">\n\t<li class=\"h-beds\"><i class=\"houzez-icon icon-hotel-double-bed-1 mr-1\"><\/i><span class=\"item-amenities-text\">Camas:<\/span> <span class=\"hz-figure\">4<\/span><\/li><li class=\"h-baths\"><i class=\"houzez-icon icon-bathroom-shower-1 mr-1\"><\/i><span class=\"item-amenities-text\">Toilettes:<\/span> <span class=\"hz-figure\">2<\/span><\/li><li class=\"h-area\"><i class=\"houzez-icon icon-ruler-triangle mr-1\"><\/i><span class=\"hz-figure\">230<\/span> <span class=\"hz-figure area_postfix\">m2<\/span><\/li><\/ul>\t\t\t<\/div><!-- item-body -->\n\t\t<\/div><!-- d-flex -->\n\t<\/div><!-- item-wrap -->\n<\/div><!-- item-listing-wrap --><div class=\"item-listing-wrap hz-item-gallery-js item-listing-wrap-v5 card\" data-hz-id=\"hz-94640\" >\n\t<div class=\"item-wrap item-wrap-v5 h-100\">\n\t\t<div class=\"d-flex align-items-center h-100\">\n\t\t\t<div class=\"item-header\">\n\t\t\t\t<span class=\"label-featured label\">Exceptionnel<\/span>\t\t\t\t<div class=\"labels-wrap labels-right\"> \n\n\t<a href=\"https:\/\/elchorrito.es\/fr\/etat\/vente\/\" class=\"label-status label status-color-986\">\n\t\t\t\t\tVente\n\t\t\t\t<\/a><a href=\"https:\/\/elchorrito.es\/label\/la-cala-de-mijas\/\" class=\"hz-label label label-color-741\">\n\t\t\t\t\tLa Cala de Mijas\n\t\t\t\t<\/a><a href=\"https:\/\/elchorrito.es\/fr\/etiqueter\/nouvelle\/\" class=\"hz-label label label-color-851\">\n\t\t\t\t\tNouvelle\n\t\t\t\t<\/a>       \n\n<\/div>\n\t\t\t\t<ul class=\"item-tools\">\n\n        <li class=\"item-tool item-preview\">\n        <span class=\"hz-show-lightbox-js\" data-listid=\"94640\" data-toggle=\"tooltip\" data-placement=\"top\" title=\"Antes\">\n                <i class=\"houzez-icon icon-expand-3\"><\/i>   \n        <\/span><!-- item-tool-favorite -->\n    <\/li><!-- item-tool -->\n        \n    \n    <\/ul><!-- item-tools -->\n\t\t\t\t<div class=\"listing-image-wrap\">\n\t<div class=\"listing-thumb\">\n\t\t<a target=_self href=\"https:\/\/elchorrito.es\/fr\/immobilier\/penthouse-de-luxe-a-la-cala-de-mijas-calanova\/\" class=\"listing-featured-thumb hover-effect\">\n\t\t\t<img loading=\"lazy\" decoding=\"async\" width=\"563\" height=\"444\" src=\"https:\/\/elchorrito.es\/wp-content\/uploads\/Ref1249-Penthouse-de-luxe-a-La-Cala-de-Mijas-Calanova.jpg\" class=\"img-fluid wp-post-image\" alt=\"Penthouse de luxe \u00e0 La Cala de Mijas Calanova\" \/>\t\t<\/a><!-- hover-effect -->\n\t<\/div>\n<\/div>\n\t\t\t\t<div class=\"preview_loader\"><\/div>\n\t\t\t<\/div><!-- item-header -->\t\n\t\t\t<div class=\"item-body flex-grow-1\">\n\t\t\t\t<h2 class=\"item-title\">\n\t<a target=_self href=\"https:\/\/elchorrito.es\/fr\/immobilier\/penthouse-de-luxe-a-la-cala-de-mijas-calanova\/\">Penthouse de luxe \u00e0 La Cala de Mijas Calanova<\/a>\n<\/h2><!-- item-title -->\t\t\t\t\n\t\t\t\t<div class=\"item-v5-price\">\n\t\t\t\t\t 675.000\u20ac\t\t\t\t<\/div>\n\n\t\t\t\t\t\t\t\t<div class=\"item-v5-type\">\n\t\t\t\t\tAttiques, Appartements\t\t\t\t<\/div>\n\t\t\t\t\n\t\t\t\t<ul class=\"item-amenities item-amenities-with-icons\">\n\t<li class=\"h-beds\"><i class=\"houzez-icon icon-hotel-double-bed-1 mr-1\"><\/i><span class=\"item-amenities-text\">Camas:<\/span> <span class=\"hz-figure\">2<\/span><\/li><li class=\"h-baths\"><i class=\"houzez-icon icon-bathroom-shower-1 mr-1\"><\/i><span class=\"item-amenities-text\">Toilettes:<\/span> <span class=\"hz-figure\">2<\/span><\/li><li class=\"h-area\"><i class=\"houzez-icon icon-ruler-triangle mr-1\"><\/i><span class=\"hz-figure\">305<\/span> <span class=\"hz-figure area_postfix\">m2<\/span><\/li><\/ul>\t\t\t<\/div><!-- item-body -->\n\t\t<\/div><!-- d-flex -->\n\t<\/div><!-- item-wrap -->\n<\/div><!-- item-listing-wrap -->\t\t\t\t<\/div><!-- testimonials-slider -->\r\n\t\t\t<\/div><!-- listing-view grid-view -->\r\n\t\t<\/div><!-- testimonials-module -->\r\n\r\n\t\t\t\t\t\t<\/div>\n\t\t\t\t<\/div>\n\t\t\t\t\t<\/div>\n\t\t<\/div>\n\t\t\t\t\t<\/div>\n\t\t<\/section>\n\t\t\t\t<section class=\"elementor-section elementor-top-section elementor-element elementor-element-110cda5e elementor-section-height-min-height elementor-section-content-middle elementor-section-boxed elementor-section-height-default elementor-section-items-middle\" data-id=\"110cda5e\" data-element_type=\"section\" data-e-type=\"section\" data-settings=\"{&quot;background_background&quot;:&quot;classic&quot;,&quot;animation_mobile&quot;:&quot;none&quot;}\">\n\t\t\t\t\t\t<div class=\"elementor-container elementor-column-gap-default\">\n\t\t\t\t\t<div class=\"elementor-column elementor-col-100 elementor-top-column elementor-element elementor-element-118155d6\" data-id=\"118155d6\" data-element_type=\"column\" data-e-type=\"column\">\n\t\t\t<div class=\"elementor-widget-wrap elementor-element-populated\">\n\t\t\t\t\t\t<section class=\"elementor-section elementor-inner-section elementor-element elementor-element-13c4b34d elementor-section-boxed elementor-section-height-default elementor-section-height-default\" data-id=\"13c4b34d\" data-element_type=\"section\" data-e-type=\"section\">\n\t\t\t\t\t\t<div class=\"elementor-container elementor-column-gap-default\">\n\t\t\t\t\t<div class=\"elementor-column elementor-col-50 elementor-inner-column elementor-element elementor-element-37f2968d\" data-id=\"37f2968d\" data-element_type=\"column\" data-e-type=\"column\">\n\t\t\t<div class=\"elementor-widget-wrap elementor-element-populated\">\n\t\t\t\t\t\t<div class=\"elementor-element elementor-element-61518d32 elementor-widget elementor-widget-heading\" data-id=\"61518d32\" data-element_type=\"widget\" data-e-type=\"widget\" data-widget_type=\"heading.default\">\n\t\t\t\t<div class=\"elementor-widget-container\">\n\t\t\t\t\t<h2 class=\"elementor-heading-title elementor-size-xxl\">El Chorrito<\/h2>\t\t\t\t<\/div>\n\t\t\t\t<\/div>\n\t\t\t\t<div class=\"elementor-element elementor-element-6ce3038a elementor-widget elementor-widget-heading\" data-id=\"6ce3038a\" data-element_type=\"widget\" data-e-type=\"widget\" data-widget_type=\"heading.default\">\n\t\t\t\t<div class=\"elementor-widget-container\">\n\t\t\t\t\t<h2 class=\"elementor-heading-title elementor-size-xxl\">Immobilier \u00e0 Tolox<\/h2>\t\t\t\t<\/div>\n\t\t\t\t<\/div>\n\t\t\t\t<div class=\"elementor-element elementor-element-d062882 elementor-widget elementor-widget-text-editor\" data-id=\"d062882\" data-element_type=\"widget\" data-e-type=\"widget\" data-widget_type=\"text-editor.default\">\n\t\t\t\t<div class=\"elementor-widget-container\">\n\t\t\t\t\t\t\t\t\t<p>Nous avons l&#8217;endroit id\u00e9al pour vivre, profiter de la campagne, avec tout le confort en pleine nature, dans l&#8217;un des merveilleux villages de la Sierra de las Nieves, de la Vall\u00e9e de Guadalhorce et de la Costa del Sol.<\/p>\t\t\t\t\t\t\t\t<\/div>\n\t\t\t\t<\/div>\n\t\t\t\t\t<\/div>\n\t\t<\/div>\n\t\t\t\t<div class=\"elementor-column elementor-col-50 elementor-inner-column elementor-element elementor-element-2d491d1f\" data-id=\"2d491d1f\" data-element_type=\"column\" data-e-type=\"column\">\n\t\t\t<div class=\"elementor-widget-wrap elementor-element-populated\">\n\t\t\t\t\t\t<div class=\"elementor-element elementor-element-1e60f340 elementor-widget elementor-widget-image\" data-id=\"1e60f340\" data-element_type=\"widget\" data-e-type=\"widget\" data-settings=\"{&quot;_animation&quot;:&quot;none&quot;}\" data-widget_type=\"image.default\">\n\t\t\t\t<div class=\"elementor-widget-container\">\n\t\t\t\t\t\t\t\t\t\t\t\t\t\t\t<img decoding=\"async\" src=\"https:\/\/elchorrito.es\/wp-content\/uploads\/elementor\/thumbs\/el-chorrito-inmobiliaria-venta-alquiler-propiedades-peu9w219i59hhrf053yl2oafx17zkvy4rz8b6go054.png\" title=\"el-chorrito-inmobiliaria-venta-alquiler-propiedades\" alt=\"el-chorrito-inmobiliaria-venta-alquiler-propiedades\" loading=\"lazy\" \/>\t\t\t\t\t\t\t\t\t\t\t\t\t\t\t<\/div>\n\t\t\t\t<\/div>\n\t\t\t\t\t<\/div>\n\t\t<\/div>\n\t\t\t\t\t<\/div>\n\t\t<\/section>\n\t\t\t\t\t<\/div>\n\t\t<\/div>\n\t\t\t\t\t<\/div>\n\t\t<\/section>\n\t\t\t\t<section class=\"elementor-section elementor-top-section elementor-element elementor-element-c48aaed elementor-section-content-middle elementor-section-height-min-height elementor-section-boxed elementor-section-height-default elementor-section-items-middle\" data-id=\"c48aaed\" data-element_type=\"section\" data-e-type=\"section\" data-settings=\"{&quot;background_background&quot;:&quot;classic&quot;}\">\n\t\t\t\t\t\t\t<div class=\"elementor-background-overlay\"><\/div>\n\t\t\t\t\t\t\t<div class=\"elementor-container elementor-column-gap-default\">\n\t\t\t\t\t<div class=\"elementor-column elementor-col-50 elementor-top-column elementor-element elementor-element-1d4c76f9\" data-id=\"1d4c76f9\" data-element_type=\"column\" data-e-type=\"column\">\n\t\t\t<div class=\"elementor-widget-wrap elementor-element-populated\">\n\t\t\t\t\t\t<div class=\"elementor-element elementor-element-4b957c13 elementor-widget elementor-widget-heading\" data-id=\"4b957c13\" data-element_type=\"widget\" data-e-type=\"widget\" data-widget_type=\"heading.default\">\n\t\t\t\t<div class=\"elementor-widget-container\">\n\t\t\t\t\t<h3 class=\"elementor-heading-title elementor-size-xxl\">Propri\u00e9t\u00e9s<\/h3>\t\t\t\t<\/div>\n\t\t\t\t<\/div>\n\t\t\t\t<div class=\"elementor-element elementor-element-59da70a2 elementor-widget elementor-widget-heading\" data-id=\"59da70a2\" data-element_type=\"widget\" data-e-type=\"widget\" data-widget_type=\"heading.default\">\n\t\t\t\t<div class=\"elementor-widget-container\">\n\t\t\t\t\t<h3 class=\"elementor-heading-title elementor-size-xxl\">Exceptionnelles<\/h3>\t\t\t\t<\/div>\n\t\t\t\t<\/div>\n\t\t\t\t<div class=\"elementor-element elementor-element-34e8a8f6 elementor-widget elementor-widget-text-editor\" data-id=\"34e8a8f6\" data-element_type=\"widget\" data-e-type=\"widget\" data-widget_type=\"text-editor.default\">\n\t\t\t\t<div class=\"elementor-widget-container\">\n\t\t\t\t\t\t\t\t\t<p>D\u00e9couvrez notre large s\u00e9lection de penthouses, appartements, villas, fermes, maisons, chalets, terrains, lots, entrep\u00f4ts, locaux, bureaux et commerces sur la Costa del Sol, la Sierra de las Nieves et la Vall\u00e9e du Guadalhorce. Nous sommes sp\u00e9cialistes des propri\u00e9t\u00e9s pour profiter de la nature, avec de grands espaces verts et tout le confort.<\/p>\t\t\t\t\t\t\t\t<\/div>\n\t\t\t\t<\/div>\n\t\t\t\t\t<\/div>\n\t\t<\/div>\n\t\t\t\t<div class=\"elementor-column elementor-col-50 elementor-top-column elementor-element elementor-element-3af2572d\" data-id=\"3af2572d\" data-element_type=\"column\" data-e-type=\"column\">\n\t\t\t<div class=\"elementor-widget-wrap elementor-element-populated\">\n\t\t\t\t\t\t<div class=\"elementor-element elementor-element-38135922 elementor-widget-tablet__width-inherit elementor-widget-mobile__width-inherit elementor-widget elementor-widget-houzez_elementor_properties_carousel_v5\" data-id=\"38135922\" data-element_type=\"widget\" data-e-type=\"widget\" data-widget_type=\"houzez_elementor_properties_carousel_v5.default\">\n\t\t\t\t<div class=\"elementor-widget-container\">\n\t\t\t\t\t\r\n\t\t<div class=\"property-carousel-module houzez-carousel-arrows-pGJg4 houzez-carousel-cols-3 property-carousel-module-v5\">\r\n\r\n\t\t\t<div class=\"property-carousel-buttons-wrap\">\r\n\t\t\t\t\t\t\t\t\t\t\t<\/div><!-- property-carousel-buttons-wrap -->\r\n\r\n\t\t\t<div class=\"listing-view grid-view\">\t\r\n\t\t\t\t<div id=\"houzez-properties-carousel-pGJg4\" data-token=\"pGJg4\" class=\"houzez-properties-carousel-js houzez-all-slider-wrap card-deck\">\r\n\t\t\t\t\t<div class=\"item-listing-wrap hz-item-gallery-js item-listing-wrap-v5 card\" data-hz-id=\"hz-114043\" >\n\t<div class=\"item-wrap item-wrap-v5 h-100\">\n\t\t<div class=\"d-flex align-items-center h-100\">\n\t\t\t<div class=\"item-header\">\n\t\t\t\t<span class=\"label-featured label\">Exceptionnel<\/span>\t\t\t\t<div class=\"labels-wrap labels-right\"> \n\n\t<a href=\"https:\/\/elchorrito.es\/fr\/etat\/vente\/\" class=\"label-status label status-color-986\">\n\t\t\t\t\tVente\n\t\t\t\t<\/a><a href=\"https:\/\/elchorrito.es\/label\/monda\/\" class=\"hz-label label label-color-707\">\n\t\t\t\t\tMonda\n\t\t\t\t<\/a>       \n\n<\/div>\n\t\t\t\t<ul class=\"item-tools\">\n\n        <li class=\"item-tool item-preview\">\n        <span class=\"hz-show-lightbox-js\" data-listid=\"114043\" data-toggle=\"tooltip\" data-placement=\"top\" title=\"Antes\">\n                <i class=\"houzez-icon icon-expand-3\"><\/i>   \n        <\/span><!-- item-tool-favorite -->\n    <\/li><!-- item-tool -->\n        \n    \n    <\/ul><!-- item-tools -->\n\t\t\t\t<div class=\"listing-image-wrap\">\n\t<div class=\"listing-thumb\">\n\t\t<a target=_self href=\"https:\/\/elchorrito.es\/fr\/immobilier\/propriete-rurale-a-monda-avec-grand-terrain\/\" class=\"listing-featured-thumb hover-effect\">\n\t\t\t<img fetchpriority=\"high\" decoding=\"async\" width=\"592\" height=\"444\" src=\"https:\/\/elchorrito.es\/wp-content\/uploads\/Ref1731-Propriete-rurale-a-Monda-avec-grand-terrain.jpg\" class=\"img-fluid wp-post-image\" alt=\"Propri\u00e9t\u00e9 rurale \u00e0 Monda avec grand terrain\" \/>\t\t<\/a><!-- hover-effect -->\n\t<\/div>\n<\/div>\n\t\t\t\t<div class=\"preview_loader\"><\/div>\n\t\t\t<\/div><!-- item-header -->\t\n\t\t\t<div class=\"item-body flex-grow-1\">\n\t\t\t\t<h2 class=\"item-title\">\n\t<a target=_self href=\"https:\/\/elchorrito.es\/fr\/immobilier\/propriete-rurale-a-monda-avec-grand-terrain\/\">Propri\u00e9t\u00e9 rurale \u00e0 Monda avec grand terrain<\/a>\n<\/h2><!-- item-title -->\t\t\t\t\n\t\t\t\t<div class=\"item-v5-price\">\n\t\t\t\t\t 111.000\u20ac\t\t\t\t<\/div>\n\n\t\t\t\t\t\t\t\t<div class=\"item-v5-type\">\n\t\t\t\t\tMaisons de campagne, Chalets\t\t\t\t<\/div>\n\t\t\t\t\n\t\t\t\t<ul class=\"item-amenities item-amenities-with-icons\">\n\t<li class=\"h-beds\"><i class=\"houzez-icon icon-hotel-double-bed-1 mr-1\"><\/i><span class=\"item-amenities-text\">Cama:<\/span> <span class=\"hz-figure\">1<\/span><\/li><li class=\"h-baths\"><i class=\"houzez-icon icon-bathroom-shower-1 mr-1\"><\/i><span class=\"item-amenities-text\">Salle de bains:<\/span> <span class=\"hz-figure\">0<\/span><\/li><li class=\"h-area\"><i class=\"houzez-icon icon-ruler-triangle mr-1\"><\/i><span class=\"hz-figure\">40<\/span> <span class=\"hz-figure area_postfix\">m2<\/span><\/li><\/ul>\t\t\t<\/div><!-- item-body -->\n\t\t<\/div><!-- d-flex -->\n\t<\/div><!-- item-wrap -->\n<\/div><!-- item-listing-wrap --><div class=\"item-listing-wrap hz-item-gallery-js item-listing-wrap-v5 card\" data-hz-id=\"hz-102098\" >\n\t<div class=\"item-wrap item-wrap-v5 h-100\">\n\t\t<div class=\"d-flex align-items-center h-100\">\n\t\t\t<div class=\"item-header\">\n\t\t\t\t<span class=\"label-featured label\">Exceptionnel<\/span>\t\t\t\t<div class=\"labels-wrap labels-right\"> \n\n\t<a href=\"https:\/\/elchorrito.es\/fr\/etat\/vente\/\" class=\"label-status label status-color-986\">\n\t\t\t\t\tVente\n\t\t\t\t<\/a><a href=\"https:\/\/elchorrito.es\/label\/alhaurin-de-la-torre\/\" class=\"hz-label label label-color-780\">\n\t\t\t\t\tAlhaurin De La Torre\n\t\t\t\t<\/a>       \n\n<\/div>\n\t\t\t\t<ul class=\"item-tools\">\n\n        <li class=\"item-tool item-preview\">\n        <span class=\"hz-show-lightbox-js\" data-listid=\"102098\" data-toggle=\"tooltip\" data-placement=\"top\" title=\"Antes\">\n                <i class=\"houzez-icon icon-expand-3\"><\/i>   \n        <\/span><!-- item-tool-favorite -->\n    <\/li><!-- item-tool -->\n        \n    \n    <\/ul><!-- item-tools -->\n\t\t\t\t<div class=\"listing-image-wrap\">\n\t<div class=\"listing-thumb\">\n\t\t<a target=_self href=\"https:\/\/elchorrito.es\/fr\/immobilier\/villa-de-luxe-a-capellania-alhaurin-de-la-torre\/\" class=\"listing-featured-thumb hover-effect\">\n\t\t\t<img decoding=\"async\" width=\"592\" height=\"395\" src=\"https:\/\/elchorrito.es\/wp-content\/uploads\/Ref1301-Villa-de-luxe-a-Capellania-Alhaurin-de-la-Torre.jpg\" class=\"img-fluid wp-post-image\" alt=\"Villa de luxe \u00e0 Capellan\u00eda Alhaur\u00edn de la Torre\" \/>\t\t<\/a><!-- hover-effect -->\n\t<\/div>\n<\/div>\n\t\t\t\t<div class=\"preview_loader\"><\/div>\n\t\t\t<\/div><!-- item-header -->\t\n\t\t\t<div class=\"item-body flex-grow-1\">\n\t\t\t\t<h2 class=\"item-title\">\n\t<a target=_self href=\"https:\/\/elchorrito.es\/fr\/immobilier\/villa-de-luxe-a-capellania-alhaurin-de-la-torre\/\">Villa de luxe \u00e0 Capellan\u00eda Alhaur\u00edn de la Torre<\/a>\n<\/h2><!-- item-title -->\t\t\t\t\n\t\t\t\t<div class=\"item-v5-price\">\n\t\t\t\t\t 910.000\u20ac\t\t\t\t<\/div>\n\n\t\t\t\t\t\t\t\t<div class=\"item-v5-type\">\n\t\t\t\t\tVillas, Chalets\t\t\t\t<\/div>\n\t\t\t\t\n\t\t\t\t<ul class=\"item-amenities item-amenities-with-icons\">\n\t<li class=\"h-beds\"><i class=\"houzez-icon icon-hotel-double-bed-1 mr-1\"><\/i><span class=\"item-amenities-text\">Camas:<\/span> <span class=\"hz-figure\">8<\/span><\/li><li class=\"h-baths\"><i class=\"houzez-icon icon-bathroom-shower-1 mr-1\"><\/i><span class=\"item-amenities-text\">Toilettes:<\/span> <span class=\"hz-figure\">7<\/span><\/li><li class=\"h-area\"><i class=\"houzez-icon icon-ruler-triangle mr-1\"><\/i><span class=\"hz-figure\">431<\/span> <span class=\"hz-figure area_postfix\">m2<\/span><\/li><\/ul>\t\t\t<\/div><!-- item-body -->\n\t\t<\/div><!-- d-flex -->\n\t<\/div><!-- item-wrap -->\n<\/div><!-- item-listing-wrap --><div class=\"item-listing-wrap hz-item-gallery-js item-listing-wrap-v5 card\" data-hz-id=\"hz-98884\" >\n\t<div class=\"item-wrap item-wrap-v5 h-100\">\n\t\t<div class=\"d-flex align-items-center h-100\">\n\t\t\t<div class=\"item-header\">\n\t\t\t\t<span class=\"label-featured label\">Exceptionnel<\/span>\t\t\t\t<div class=\"labels-wrap labels-right\"> \n\n\t<a href=\"https:\/\/elchorrito.es\/fr\/etat\/vente\/\" class=\"label-status label status-color-986\">\n\t\t\t\t\tVente\n\t\t\t\t<\/a><a href=\"https:\/\/elchorrito.es\/label\/yunquera\/\" class=\"hz-label label label-color-801\">\n\t\t\t\t\tYunquera\n\t\t\t\t<\/a>       \n\n<\/div>\n\t\t\t\t<ul class=\"item-tools\">\n\n        <li class=\"item-tool item-preview\">\n        <span class=\"hz-show-lightbox-js\" data-listid=\"98884\" data-toggle=\"tooltip\" data-placement=\"top\" title=\"Antes\">\n                <i class=\"houzez-icon icon-expand-3\"><\/i>   \n        <\/span><!-- item-tool-favorite -->\n    <\/li><!-- item-tool -->\n        \n    \n    <\/ul><!-- item-tools -->\n\t\t\t\t<div class=\"listing-image-wrap\">\n\t<div class=\"listing-thumb\">\n\t\t<a target=_self href=\"https:\/\/elchorrito.es\/fr\/immobilier\/terrain-avec-maison-dans-la-sierra-de-las-nieves\/\" class=\"listing-featured-thumb hover-effect\">\n\t\t\t<img loading=\"lazy\" decoding=\"async\" width=\"592\" height=\"444\" src=\"https:\/\/elchorrito.es\/wp-content\/uploads\/Ref1078-Terrain-avec-maison-dans-la-Sierra-de-las-Nieves.jpg\" class=\"img-fluid wp-post-image\" alt=\"Terrain avec maison dans la Sierra de las Nieves\" \/>\t\t<\/a><!-- hover-effect -->\n\t<\/div>\n<\/div>\n\t\t\t\t<div class=\"preview_loader\"><\/div>\n\t\t\t<\/div><!-- item-header -->\t\n\t\t\t<div class=\"item-body flex-grow-1\">\n\t\t\t\t<h2 class=\"item-title\">\n\t<a target=_self href=\"https:\/\/elchorrito.es\/fr\/immobilier\/terrain-avec-maison-dans-la-sierra-de-las-nieves\/\">Terrain avec maison dans la Sierra de las Nieves<\/a>\n<\/h2><!-- item-title -->\t\t\t\t\n\t\t\t\t<div class=\"item-v5-price\">\n\t\t\t\t\t 130.000\u20ac\t\t\t\t<\/div>\n\n\t\t\t\t\t\t\t\t<div class=\"item-v5-type\">\n\t\t\t\t\tMaisons de campagne, Chalets\t\t\t\t<\/div>\n\t\t\t\t\n\t\t\t\t<ul class=\"item-amenities item-amenities-with-icons\">\n\t<li class=\"h-beds\"><i class=\"houzez-icon icon-hotel-double-bed-1 mr-1\"><\/i><span class=\"item-amenities-text\">Camas:<\/span> <span class=\"hz-figure\">2<\/span><\/li><li class=\"h-baths\"><i class=\"houzez-icon icon-bathroom-shower-1 mr-1\"><\/i><span class=\"item-amenities-text\">Salle de bains:<\/span> <span class=\"hz-figure\">1<\/span><\/li><li class=\"h-area\"><i class=\"houzez-icon icon-ruler-triangle mr-1\"><\/i><span class=\"hz-figure\">55<\/span> <span class=\"hz-figure area_postfix\">m2<\/span><\/li><\/ul>\t\t\t<\/div><!-- item-body -->\n\t\t<\/div><!-- d-flex -->\n\t<\/div><!-- item-wrap -->\n<\/div><!-- item-listing-wrap --><div class=\"item-listing-wrap hz-item-gallery-js item-listing-wrap-v5 card\" data-hz-id=\"hz-98811\" >\n\t<div class=\"item-wrap item-wrap-v5 h-100\">\n\t\t<div class=\"d-flex align-items-center h-100\">\n\t\t\t<div class=\"item-header\">\n\t\t\t\t<span class=\"label-featured label\">Exceptionnel<\/span>\t\t\t\t<div class=\"labels-wrap labels-right\"> \n\n\t<a href=\"https:\/\/elchorrito.es\/fr\/etat\/vente\/\" class=\"label-status label status-color-986\">\n\t\t\t\t\tVente\n\t\t\t\t<\/a><a href=\"https:\/\/elchorrito.es\/label\/monda\/\" class=\"hz-label label label-color-707\">\n\t\t\t\t\tMonda\n\t\t\t\t<\/a>       \n\n<\/div>\n\t\t\t\t<ul class=\"item-tools\">\n\n        <li class=\"item-tool item-preview\">\n        <span class=\"hz-show-lightbox-js\" data-listid=\"98811\" data-toggle=\"tooltip\" data-placement=\"top\" title=\"Antes\">\n                <i class=\"houzez-icon icon-expand-3\"><\/i>   \n        <\/span><!-- item-tool-favorite -->\n    <\/li><!-- item-tool -->\n        \n    \n    <\/ul><!-- item-tools -->\n\t\t\t\t<div class=\"listing-image-wrap\">\n\t<div class=\"listing-thumb\">\n\t\t<a target=_self href=\"https:\/\/elchorrito.es\/fr\/immobilier\/maison-de-campagne-avec-3-chambres-et-design-voute-a-monda\/\" class=\"listing-featured-thumb hover-effect\">\n\t\t\t<img loading=\"lazy\" decoding=\"async\" width=\"592\" height=\"444\" src=\"https:\/\/elchorrito.es\/wp-content\/uploads\/Ref1137-Maison-de-campagne-avec-3-chambres-et-design-voute-a-Monda.jpg\" class=\"img-fluid wp-post-image\" alt=\"Maison de campagne avec 3 chambres et design vo\u00fbt\u00e9 \u00e0 Monda\" \/>\t\t<\/a><!-- hover-effect -->\n\t<\/div>\n<\/div>\n\t\t\t\t<div class=\"preview_loader\"><\/div>\n\t\t\t<\/div><!-- item-header -->\t\n\t\t\t<div class=\"item-body flex-grow-1\">\n\t\t\t\t<h2 class=\"item-title\">\n\t<a target=_self href=\"https:\/\/elchorrito.es\/fr\/immobilier\/maison-de-campagne-avec-3-chambres-et-design-voute-a-monda\/\">Maison de campagne avec 3 chambres et design vo\u00fbt\u00e9 \u00e0 Monda<\/a>\n<\/h2><!-- item-title -->\t\t\t\t\n\t\t\t\t<div class=\"item-v5-price\">\n\t\t\t\t\t 230.000\u20ac\t\t\t\t<\/div>\n\n\t\t\t\t\t\t\t\t<div class=\"item-v5-type\">\n\t\t\t\t\tMaisons rurales, Chalets\t\t\t\t<\/div>\n\t\t\t\t\n\t\t\t\t<ul class=\"item-amenities item-amenities-with-icons\">\n\t<li class=\"h-beds\"><i class=\"houzez-icon icon-hotel-double-bed-1 mr-1\"><\/i><span class=\"item-amenities-text\">Camas:<\/span> <span class=\"hz-figure\">3<\/span><\/li><li class=\"h-baths\"><i class=\"houzez-icon icon-bathroom-shower-1 mr-1\"><\/i><span class=\"item-amenities-text\">Toilettes:<\/span> <span class=\"hz-figure\">2<\/span><\/li><li class=\"h-area\"><i class=\"houzez-icon icon-ruler-triangle mr-1\"><\/i><span class=\"hz-figure\">140<\/span> <span class=\"hz-figure area_postfix\">m2<\/span><\/li><\/ul>\t\t\t<\/div><!-- item-body -->\n\t\t<\/div><!-- d-flex -->\n\t<\/div><!-- item-wrap -->\n<\/div><!-- item-listing-wrap --><div class=\"item-listing-wrap hz-item-gallery-js item-listing-wrap-v5 card\" data-hz-id=\"hz-98230\" >\n\t<div class=\"item-wrap item-wrap-v5 h-100\">\n\t\t<div class=\"d-flex align-items-center h-100\">\n\t\t\t<div class=\"item-header\">\n\t\t\t\t<span class=\"label-featured label\">Exceptionnel<\/span>\t\t\t\t<div class=\"labels-wrap labels-right\"> \n\n\t<a href=\"https:\/\/elchorrito.es\/fr\/etat\/vente\/\" class=\"label-status label status-color-986\">\n\t\t\t\t\tVente\n\t\t\t\t<\/a><a href=\"https:\/\/elchorrito.es\/label\/marbella\/\" class=\"hz-label label label-color-763\">\n\t\t\t\t\tMarbella\n\t\t\t\t<\/a><a href=\"https:\/\/elchorrito.es\/fr\/etiqueter\/nouvelle\/\" class=\"hz-label label label-color-851\">\n\t\t\t\t\tNouvelle\n\t\t\t\t<\/a>       \n\n<\/div>\n\t\t\t\t<ul class=\"item-tools\">\n\n        <li class=\"item-tool item-preview\">\n        <span class=\"hz-show-lightbox-js\" data-listid=\"98230\" data-toggle=\"tooltip\" data-placement=\"top\" title=\"Antes\">\n                <i class=\"houzez-icon icon-expand-3\"><\/i>   \n        <\/span><!-- item-tool-favorite -->\n    <\/li><!-- item-tool -->\n        \n    \n    <\/ul><!-- item-tools -->\n\t\t\t\t<div class=\"listing-image-wrap\">\n\t<div class=\"listing-thumb\">\n\t\t<a target=_self href=\"https:\/\/elchorrito.es\/fr\/immobilier\/penthouse-de-nouvelle-construction-avec-3-chambres-piscine-et-salle-de-sport-a-marbella\/\" class=\"listing-featured-thumb hover-effect\">\n\t\t\t<img loading=\"lazy\" decoding=\"async\" width=\"592\" height=\"395\" src=\"https:\/\/elchorrito.es\/wp-content\/uploads\/Ref1111-Penthouse-de-nouvelle-construction-avec-3-chambres-piscine-et-salle-de-sport-a-Marbella.jpg\" class=\"img-fluid wp-post-image\" alt=\"Penthouse de nouvelle construction avec 3 chambres\" \/>\t\t<\/a><!-- hover-effect -->\n\t<\/div>\n<\/div>\n\t\t\t\t<div class=\"preview_loader\"><\/div>\n\t\t\t<\/div><!-- item-header -->\t\n\t\t\t<div class=\"item-body flex-grow-1\">\n\t\t\t\t<h2 class=\"item-title\">\n\t<a target=_self href=\"https:\/\/elchorrito.es\/fr\/immobilier\/penthouse-de-nouvelle-construction-avec-3-chambres-piscine-et-salle-de-sport-a-marbella\/\">Penthouse de nouvelle construction avec 3 chambres, piscine et salle de sport \u00e0 Marbella<\/a>\n<\/h2><!-- item-title -->\t\t\t\t\n\t\t\t\t<div class=\"item-v5-price\">\n\t\t\t\t\t 483.500\u20ac\t\t\t\t<\/div>\n\n\t\t\t\t\t\t\t\t<div class=\"item-v5-type\">\n\t\t\t\t\tAttiques, Appartements\t\t\t\t<\/div>\n\t\t\t\t\n\t\t\t\t<ul class=\"item-amenities item-amenities-with-icons\">\n\t<li class=\"h-beds\"><i class=\"houzez-icon icon-hotel-double-bed-1 mr-1\"><\/i><span class=\"item-amenities-text\">Camas:<\/span> <span class=\"hz-figure\">3<\/span><\/li><li class=\"h-baths\"><i class=\"houzez-icon icon-bathroom-shower-1 mr-1\"><\/i><span class=\"item-amenities-text\">Toilettes:<\/span> <span class=\"hz-figure\">2<\/span><\/li><li class=\"h-area\"><i class=\"houzez-icon icon-ruler-triangle mr-1\"><\/i><span class=\"hz-figure\">142<\/span> <span class=\"hz-figure area_postfix\">m2<\/span><\/li><\/ul>\t\t\t<\/div><!-- item-body -->\n\t\t<\/div><!-- d-flex -->\n\t<\/div><!-- item-wrap -->\n<\/div><!-- item-listing-wrap --><div class=\"item-listing-wrap hz-item-gallery-js item-listing-wrap-v5 card\" data-hz-id=\"hz-96210\" >\n\t<div class=\"item-wrap item-wrap-v5 h-100\">\n\t\t<div class=\"d-flex align-items-center h-100\">\n\t\t\t<div class=\"item-header\">\n\t\t\t\t<span class=\"label-featured label\">Exceptionnel<\/span>\t\t\t\t<div class=\"labels-wrap labels-right\"> \n\n\t<a href=\"https:\/\/elchorrito.es\/fr\/etat\/vente\/\" class=\"label-status label status-color-986\">\n\t\t\t\t\tVente\n\t\t\t\t<\/a><a href=\"https:\/\/elchorrito.es\/label\/coin\/\" class=\"hz-label label label-color-759\">\n\t\t\t\t\tCoin\n\t\t\t\t<\/a>       \n\n<\/div>\n\t\t\t\t<ul class=\"item-tools\">\n\n        <li class=\"item-tool item-preview\">\n        <span class=\"hz-show-lightbox-js\" data-listid=\"96210\" data-toggle=\"tooltip\" data-placement=\"top\" title=\"Antes\">\n                <i class=\"houzez-icon icon-expand-3\"><\/i>   \n        <\/span><!-- item-tool-favorite -->\n    <\/li><!-- item-tool -->\n        \n    \n    <\/ul><!-- item-tools -->\n\t\t\t\t<div class=\"listing-image-wrap\">\n\t<div class=\"listing-thumb\">\n\t\t<a target=_self href=\"https:\/\/elchorrito.es\/fr\/immobilier\/villa-individuelle-avec-4-chambres-piscine-et-jardin-a-coin\/\" class=\"listing-featured-thumb hover-effect\">\n\t\t\t<img loading=\"lazy\" decoding=\"async\" width=\"592\" height=\"444\" src=\"https:\/\/elchorrito.es\/wp-content\/uploads\/Ref1094-Villa-individuelle-avec-4-chambres-piscine-et-jardin-a-Coin.jpg\" class=\"img-fluid wp-post-image\" alt=\"Villa individuelle avec 4 chambres\" \/>\t\t<\/a><!-- hover-effect -->\n\t<\/div>\n<\/div>\n\t\t\t\t<div class=\"preview_loader\"><\/div>\n\t\t\t<\/div><!-- item-header -->\t\n\t\t\t<div class=\"item-body flex-grow-1\">\n\t\t\t\t<h2 class=\"item-title\">\n\t<a target=_self href=\"https:\/\/elchorrito.es\/fr\/immobilier\/villa-individuelle-avec-4-chambres-piscine-et-jardin-a-coin\/\">Villa individuelle avec 4 chambres, piscine et jardin \u00e0 Co\u00edn<\/a>\n<\/h2><!-- item-title -->\t\t\t\t\n\t\t\t\t<div class=\"item-v5-price\">\n\t\t\t\t\t 460.000\u20ac\t\t\t\t<\/div>\n\n\t\t\t\t\t\t\t\t<div class=\"item-v5-type\">\n\t\t\t\t\tMaisons de ville, Chalets\t\t\t\t<\/div>\n\t\t\t\t\n\t\t\t\t<ul class=\"item-amenities item-amenities-with-icons\">\n\t<li class=\"h-beds\"><i class=\"houzez-icon icon-hotel-double-bed-1 mr-1\"><\/i><span class=\"item-amenities-text\">Camas:<\/span> <span class=\"hz-figure\">4<\/span><\/li><li class=\"h-baths\"><i class=\"houzez-icon icon-bathroom-shower-1 mr-1\"><\/i><span class=\"item-amenities-text\">Toilettes:<\/span> <span class=\"hz-figure\">3<\/span><\/li><li class=\"h-area\"><i class=\"houzez-icon icon-ruler-triangle mr-1\"><\/i><span class=\"hz-figure\">193<\/span> <span class=\"hz-figure area_postfix\">m2<\/span><\/li><\/ul>\t\t\t<\/div><!-- item-body -->\n\t\t<\/div><!-- d-flex -->\n\t<\/div><!-- item-wrap -->\n<\/div><!-- item-listing-wrap --><div class=\"item-listing-wrap hz-item-gallery-js item-listing-wrap-v5 card\" data-hz-id=\"hz-96304\" >\n\t<div class=\"item-wrap item-wrap-v5 h-100\">\n\t\t<div class=\"d-flex align-items-center h-100\">\n\t\t\t<div class=\"item-header\">\n\t\t\t\t<span class=\"label-featured label\">Exceptionnel<\/span>\t\t\t\t<div class=\"labels-wrap labels-right\"> \n\n\t<a href=\"https:\/\/elchorrito.es\/fr\/etat\/vente\/\" class=\"label-status label status-color-986\">\n\t\t\t\t\tVente\n\t\t\t\t<\/a><a href=\"https:\/\/elchorrito.es\/label\/guaro\/\" class=\"hz-label label label-color-751\">\n\t\t\t\t\tGuaro\n\t\t\t\t<\/a>       \n\n<\/div>\n\t\t\t\t<ul class=\"item-tools\">\n\n        <li class=\"item-tool item-preview\">\n        <span class=\"hz-show-lightbox-js\" data-listid=\"96304\" data-toggle=\"tooltip\" data-placement=\"top\" title=\"Antes\">\n                <i class=\"houzez-icon icon-expand-3\"><\/i>   \n        <\/span><!-- item-tool-favorite -->\n    <\/li><!-- item-tool -->\n        \n    \n    <\/ul><!-- item-tools -->\n\t\t\t\t<div class=\"listing-image-wrap\">\n\t<div class=\"listing-thumb\">\n\t\t<a target=_self href=\"https:\/\/elchorrito.es\/fr\/immobilier\/villa-individuelle-avec-3-chambres-jardin-et-piscine-a-guaro\/\" class=\"listing-featured-thumb hover-effect\">\n\t\t\t<img loading=\"lazy\" decoding=\"async\" width=\"592\" height=\"444\" src=\"https:\/\/elchorrito.es\/wp-content\/uploads\/Ref1152-Villa-individuelle-avec-3-chambres-jardin-et-piscine-a-Guaro.jpg\" class=\"img-fluid wp-post-image\" alt=\"Villa individuelle avec 3 chambres\" \/>\t\t<\/a><!-- hover-effect -->\n\t<\/div>\n<\/div>\n\t\t\t\t<div class=\"preview_loader\"><\/div>\n\t\t\t<\/div><!-- item-header -->\t\n\t\t\t<div class=\"item-body flex-grow-1\">\n\t\t\t\t<h2 class=\"item-title\">\n\t<a target=_self href=\"https:\/\/elchorrito.es\/fr\/immobilier\/villa-individuelle-avec-3-chambres-jardin-et-piscine-a-guaro\/\">Villa individuelle avec 3 chambres, jardin et piscine \u00e0 Guaro<\/a>\n<\/h2><!-- item-title -->\t\t\t\t\n\t\t\t\t<div class=\"item-v5-price\">\n\t\t\t\t\t 490.000\u20ac\t\t\t\t<\/div>\n\n\t\t\t\t\t\t\t\t<div class=\"item-v5-type\">\n\t\t\t\t\tMaisons de ville, Chalets\t\t\t\t<\/div>\n\t\t\t\t\n\t\t\t\t<ul class=\"item-amenities item-amenities-with-icons\">\n\t<li class=\"h-beds\"><i class=\"houzez-icon icon-hotel-double-bed-1 mr-1\"><\/i><span class=\"item-amenities-text\">Camas:<\/span> <span class=\"hz-figure\">3<\/span><\/li><li class=\"h-baths\"><i class=\"houzez-icon icon-bathroom-shower-1 mr-1\"><\/i><span class=\"item-amenities-text\">Toilettes:<\/span> <span class=\"hz-figure\">3<\/span><\/li><li class=\"h-area\"><i class=\"houzez-icon icon-ruler-triangle mr-1\"><\/i><span class=\"hz-figure\">210<\/span> <span class=\"hz-figure area_postfix\">m2<\/span><\/li><\/ul>\t\t\t<\/div><!-- item-body -->\n\t\t<\/div><!-- d-flex -->\n\t<\/div><!-- item-wrap -->\n<\/div><!-- item-listing-wrap --><div class=\"item-listing-wrap hz-item-gallery-js item-listing-wrap-v5 card\" data-hz-id=\"hz-96386\" >\n\t<div class=\"item-wrap item-wrap-v5 h-100\">\n\t\t<div class=\"d-flex align-items-center h-100\">\n\t\t\t<div class=\"item-header\">\n\t\t\t\t<span class=\"label-featured label\">Exceptionnel<\/span>\t\t\t\t<div class=\"labels-wrap labels-right\"> \n\n\t<a href=\"https:\/\/elchorrito.es\/fr\/etat\/vente\/\" class=\"label-status label status-color-986\">\n\t\t\t\t\tVente\n\t\t\t\t<\/a><a href=\"https:\/\/elchorrito.es\/label\/guaro\/\" class=\"hz-label label label-color-751\">\n\t\t\t\t\tGuaro\n\t\t\t\t<\/a>       \n\n<\/div>\n\t\t\t\t<ul class=\"item-tools\">\n\n        <li class=\"item-tool item-preview\">\n        <span class=\"hz-show-lightbox-js\" data-listid=\"96386\" data-toggle=\"tooltip\" data-placement=\"top\" title=\"Antes\">\n                <i class=\"houzez-icon icon-expand-3\"><\/i>   \n        <\/span><!-- item-tool-favorite -->\n    <\/li><!-- item-tool -->\n        \n    \n    <\/ul><!-- item-tools -->\n\t\t\t\t<div class=\"listing-image-wrap\">\n\t<div class=\"listing-thumb\">\n\t\t<a target=_self href=\"https:\/\/elchorrito.es\/fr\/immobilier\/maison-de-ville-bb-de-8-chambres-a-guaro\/\" class=\"listing-featured-thumb hover-effect\">\n\t\t\t<img loading=\"lazy\" decoding=\"async\" width=\"592\" height=\"444\" src=\"https:\/\/elchorrito.es\/wp-content\/uploads\/Ref1079-Maison-de-ville-BB-de-8-chambres-a-Guaro.jpg\" class=\"img-fluid wp-post-image\" alt=\"Maison de ville B&amp;B de 8 chambres \u00e0 Guaro\" \/>\t\t<\/a><!-- hover-effect -->\n\t<\/div>\n<\/div>\n\t\t\t\t<div class=\"preview_loader\"><\/div>\n\t\t\t<\/div><!-- item-header -->\t\n\t\t\t<div class=\"item-body flex-grow-1\">\n\t\t\t\t<h2 class=\"item-title\">\n\t<a target=_self href=\"https:\/\/elchorrito.es\/fr\/immobilier\/maison-de-ville-bb-de-8-chambres-a-guaro\/\">Maison de ville B&#038;B de 8 chambres \u00e0 Guaro<\/a>\n<\/h2><!-- item-title -->\t\t\t\t\n\t\t\t\t<div class=\"item-v5-price\">\n\t\t\t\t\t 185.000\u20ac\t\t\t\t<\/div>\n\n\t\t\t\t\t\t\t\t<div class=\"item-v5-type\">\n\t\t\t\t\tMaisons, Chalets\t\t\t\t<\/div>\n\t\t\t\t\n\t\t\t\t<ul class=\"item-amenities item-amenities-with-icons\">\n\t<li class=\"h-beds\"><i class=\"houzez-icon icon-hotel-double-bed-1 mr-1\"><\/i><span class=\"item-amenities-text\">Camas:<\/span> <span class=\"hz-figure\">8<\/span><\/li><li class=\"h-baths\"><i class=\"houzez-icon icon-bathroom-shower-1 mr-1\"><\/i><span class=\"item-amenities-text\">Salle de bains:<\/span> <span class=\"hz-figure\">1<\/span><\/li><li class=\"h-area\"><i class=\"houzez-icon icon-ruler-triangle mr-1\"><\/i><span class=\"hz-figure\">292<\/span> <span class=\"hz-figure area_postfix\">m2<\/span><\/li><\/ul>\t\t\t<\/div><!-- item-body -->\n\t\t<\/div><!-- d-flex -->\n\t<\/div><!-- item-wrap -->\n<\/div><!-- item-listing-wrap --><div class=\"item-listing-wrap hz-item-gallery-js item-listing-wrap-v5 card\" data-hz-id=\"hz-96559\" >\n\t<div class=\"item-wrap item-wrap-v5 h-100\">\n\t\t<div class=\"d-flex align-items-center h-100\">\n\t\t\t<div class=\"item-header\">\n\t\t\t\t<span class=\"label-featured label\">Exceptionnel<\/span>\t\t\t\t<div class=\"labels-wrap labels-right\"> \n\n\t<a href=\"https:\/\/elchorrito.es\/fr\/etat\/vente\/\" class=\"label-status label status-color-986\">\n\t\t\t\t\tVente\n\t\t\t\t<\/a><a href=\"https:\/\/elchorrito.es\/label\/monda\/\" class=\"hz-label label label-color-707\">\n\t\t\t\t\tMonda\n\t\t\t\t<\/a>       \n\n<\/div>\n\t\t\t\t<ul class=\"item-tools\">\n\n        <li class=\"item-tool item-preview\">\n        <span class=\"hz-show-lightbox-js\" data-listid=\"96559\" data-toggle=\"tooltip\" data-placement=\"top\" title=\"Antes\">\n                <i class=\"houzez-icon icon-expand-3\"><\/i>   \n        <\/span><!-- item-tool-favorite -->\n    <\/li><!-- item-tool -->\n        \n    \n    <\/ul><!-- item-tools -->\n\t\t\t\t<div class=\"listing-image-wrap\">\n\t<div class=\"listing-thumb\">\n\t\t<a target=_self href=\"https:\/\/elchorrito.es\/fr\/immobilier\/finca-avec-maison-a-alpujata-monda-avec-piscine-et-jardin\/\" class=\"listing-featured-thumb hover-effect\">\n\t\t\t<img loading=\"lazy\" decoding=\"async\" width=\"592\" height=\"333\" src=\"https:\/\/elchorrito.es\/wp-content\/uploads\/Ref1005-Finca-avec-maison-a-Alpujata-Monda-avec-piscine-et-jardin.jpg\" class=\"img-fluid wp-post-image\" alt=\"Finca avec maison \u00e0 Alpujata Monda avec piscine et jardin\" \/>\t\t<\/a><!-- hover-effect -->\n\t<\/div>\n<\/div>\n\t\t\t\t<div class=\"preview_loader\"><\/div>\n\t\t\t<\/div><!-- item-header -->\t\n\t\t\t<div class=\"item-body flex-grow-1\">\n\t\t\t\t<h2 class=\"item-title\">\n\t<a target=_self href=\"https:\/\/elchorrito.es\/fr\/immobilier\/finca-avec-maison-a-alpujata-monda-avec-piscine-et-jardin\/\">Finca avec maison \u00e0 Alpujata Monda avec piscine et jardin<\/a>\n<\/h2><!-- item-title -->\t\t\t\t\n\t\t\t\t<div class=\"item-v5-price\">\n\t\t\t\t\t 750.000\u20ac\t\t\t\t<\/div>\n\n\t\t\t\t\t\t\t\t<div class=\"item-v5-type\">\n\t\t\t\t\tMaisons rurales, Chalets\t\t\t\t<\/div>\n\t\t\t\t\n\t\t\t\t<ul class=\"item-amenities item-amenities-with-icons\">\n\t<li class=\"h-beds\"><i class=\"houzez-icon icon-hotel-double-bed-1 mr-1\"><\/i><span class=\"item-amenities-text\">Camas:<\/span> <span class=\"hz-figure\">4<\/span><\/li><li class=\"h-baths\"><i class=\"houzez-icon icon-bathroom-shower-1 mr-1\"><\/i><span class=\"item-amenities-text\">Toilettes:<\/span> <span class=\"hz-figure\">3<\/span><\/li><li class=\"h-area\"><i class=\"houzez-icon icon-ruler-triangle mr-1\"><\/i><span class=\"hz-figure\">400<\/span> <span class=\"hz-figure area_postfix\">m2<\/span><\/li><\/ul>\t\t\t<\/div><!-- item-body -->\n\t\t<\/div><!-- d-flex -->\n\t<\/div><!-- item-wrap -->\n<\/div><!-- item-listing-wrap --><div class=\"item-listing-wrap hz-item-gallery-js item-listing-wrap-v5 card\" data-hz-id=\"hz-96641\" >\n\t<div class=\"item-wrap item-wrap-v5 h-100\">\n\t\t<div class=\"d-flex align-items-center h-100\">\n\t\t\t<div class=\"item-header\">\n\t\t\t\t<span class=\"label-featured label\">Exceptionnel<\/span>\t\t\t\t<div class=\"labels-wrap labels-right\"> \n\n\t<a href=\"https:\/\/elchorrito.es\/fr\/etat\/vente\/\" class=\"label-status label status-color-986\">\n\t\t\t\t\tVente\n\t\t\t\t<\/a><a href=\"https:\/\/elchorrito.es\/label\/tolox\/\" class=\"hz-label label label-color-789\">\n\t\t\t\t\tTolox\n\t\t\t\t<\/a>       \n\n<\/div>\n\t\t\t\t<ul class=\"item-tools\">\n\n        <li class=\"item-tool item-preview\">\n        <span class=\"hz-show-lightbox-js\" data-listid=\"96641\" data-toggle=\"tooltip\" data-placement=\"top\" title=\"Antes\">\n                <i class=\"houzez-icon icon-expand-3\"><\/i>   \n        <\/span><!-- item-tool-favorite -->\n    <\/li><!-- item-tool -->\n        \n    \n    <\/ul><!-- item-tools -->\n\t\t\t\t<div class=\"listing-image-wrap\">\n\t<div class=\"listing-thumb\">\n\t\t<a target=_self href=\"https:\/\/elchorrito.es\/fr\/immobilier\/maison-de-campagne-avec-3-chambres-et-loft-a-tolox\/\" class=\"listing-featured-thumb hover-effect\">\n\t\t\t<img loading=\"lazy\" decoding=\"async\" width=\"592\" height=\"444\" src=\"https:\/\/elchorrito.es\/wp-content\/uploads\/Ref1106-Maison-de-campagne-avec-3-chambres-et-loft-a-Tolox.jpg\" class=\"img-fluid wp-post-image\" alt=\"Maison de campagne avec 3 chambres et loft \u00e0 Tolox\" \/>\t\t<\/a><!-- hover-effect -->\n\t<\/div>\n<\/div>\n\t\t\t\t<div class=\"preview_loader\"><\/div>\n\t\t\t<\/div><!-- item-header -->\t\n\t\t\t<div class=\"item-body flex-grow-1\">\n\t\t\t\t<h2 class=\"item-title\">\n\t<a target=_self href=\"https:\/\/elchorrito.es\/fr\/immobilier\/maison-de-campagne-avec-3-chambres-et-loft-a-tolox\/\">Maison de campagne avec 3 chambres et loft \u00e0 Tolox<\/a>\n<\/h2><!-- item-title -->\t\t\t\t\n\t\t\t\t<div class=\"item-v5-price\">\n\t\t\t\t\t 160.000\u20ac\t\t\t\t<\/div>\n\n\t\t\t\t\t\t\t\t<div class=\"item-v5-type\">\n\t\t\t\t\tMaisons rurales, Chalets\t\t\t\t<\/div>\n\t\t\t\t\n\t\t\t\t<ul class=\"item-amenities item-amenities-with-icons\">\n\t<li class=\"h-beds\"><i class=\"houzez-icon icon-hotel-double-bed-1 mr-1\"><\/i><span class=\"item-amenities-text\">Camas:<\/span> <span class=\"hz-figure\">3<\/span><\/li><li class=\"h-baths\"><i class=\"houzez-icon icon-bathroom-shower-1 mr-1\"><\/i><span class=\"item-amenities-text\">Salle de bains:<\/span> <span class=\"hz-figure\">1<\/span><\/li><li class=\"h-area\"><i class=\"houzez-icon icon-ruler-triangle mr-1\"><\/i><span class=\"hz-figure\">80<\/span> <span class=\"hz-figure area_postfix\">m2<\/span><\/li><\/ul>\t\t\t<\/div><!-- item-body -->\n\t\t<\/div><!-- d-flex -->\n\t<\/div><!-- item-wrap -->\n<\/div><!-- item-listing-wrap --><div class=\"item-listing-wrap hz-item-gallery-js item-listing-wrap-v5 card\" data-hz-id=\"hz-96769\" >\n\t<div class=\"item-wrap item-wrap-v5 h-100\">\n\t\t<div class=\"d-flex align-items-center h-100\">\n\t\t\t<div class=\"item-header\">\n\t\t\t\t<span class=\"label-featured label\">Exceptionnel<\/span>\t\t\t\t<div class=\"labels-wrap labels-right\"> \n\n\t<a href=\"https:\/\/elchorrito.es\/fr\/etat\/vente\/\" class=\"label-status label status-color-986\">\n\t\t\t\t\tVente\n\t\t\t\t<\/a><a href=\"https:\/\/elchorrito.es\/label\/tolox\/\" class=\"hz-label label label-color-789\">\n\t\t\t\t\tTolox\n\t\t\t\t<\/a>       \n\n<\/div>\n\t\t\t\t<ul class=\"item-tools\">\n\n        <li class=\"item-tool item-preview\">\n        <span class=\"hz-show-lightbox-js\" data-listid=\"96769\" data-toggle=\"tooltip\" data-placement=\"top\" title=\"Antes\">\n                <i class=\"houzez-icon icon-expand-3\"><\/i>   \n        <\/span><!-- item-tool-favorite -->\n    <\/li><!-- item-tool -->\n        \n    \n    <\/ul><!-- item-tools -->\n\t\t\t\t<div class=\"listing-image-wrap\">\n\t<div class=\"listing-thumb\">\n\t\t<a target=_self href=\"https:\/\/elchorrito.es\/fr\/immobilier\/maison-de-ville-avec-2-maisons-independantes-a-tolox\/\" class=\"listing-featured-thumb hover-effect\">\n\t\t\t<img loading=\"lazy\" decoding=\"async\" width=\"592\" height=\"444\" src=\"https:\/\/elchorrito.es\/wp-content\/uploads\/Ref1162-Maison-de-ville-avec-2-maisons-independantes-a-Tolox.jpg\" class=\"img-fluid wp-post-image\" alt=\"Maison de ville avec 2 maisons ind\u00e9pendantes \u00e0 Tolox\" \/>\t\t<\/a><!-- hover-effect -->\n\t<\/div>\n<\/div>\n\t\t\t\t<div class=\"preview_loader\"><\/div>\n\t\t\t<\/div><!-- item-header -->\t\n\t\t\t<div class=\"item-body flex-grow-1\">\n\t\t\t\t<h2 class=\"item-title\">\n\t<a target=_self href=\"https:\/\/elchorrito.es\/fr\/immobilier\/maison-de-ville-avec-2-maisons-independantes-a-tolox\/\">Maison de ville avec 2 maisons ind\u00e9pendantes \u00e0 Tolox<\/a>\n<\/h2><!-- item-title -->\t\t\t\t\n\t\t\t\t<div class=\"item-v5-price\">\n\t\t\t\t\t 220.000\u20ac\t\t\t\t<\/div>\n\n\t\t\t\t\t\t\t\t<div class=\"item-v5-type\">\n\t\t\t\t\tMaisons de ville, Chalets\t\t\t\t<\/div>\n\t\t\t\t\n\t\t\t\t<ul class=\"item-amenities item-amenities-with-icons\">\n\t<li class=\"h-beds\"><i class=\"houzez-icon icon-hotel-double-bed-1 mr-1\"><\/i><span class=\"item-amenities-text\">Camas:<\/span> <span class=\"hz-figure\">8<\/span><\/li><li class=\"h-baths\"><i class=\"houzez-icon icon-bathroom-shower-1 mr-1\"><\/i><span class=\"item-amenities-text\">Toilettes:<\/span> <span class=\"hz-figure\">4<\/span><\/li><li class=\"h-area\"><i class=\"houzez-icon icon-ruler-triangle mr-1\"><\/i><span class=\"hz-figure\">180<\/span> <span class=\"hz-figure area_postfix\">m2<\/span><\/li><\/ul>\t\t\t<\/div><!-- item-body -->\n\t\t<\/div><!-- d-flex -->\n\t<\/div><!-- item-wrap -->\n<\/div><!-- item-listing-wrap --><div class=\"item-listing-wrap hz-item-gallery-js item-listing-wrap-v5 card\" data-hz-id=\"hz-96898\" >\n\t<div class=\"item-wrap item-wrap-v5 h-100\">\n\t\t<div class=\"d-flex align-items-center h-100\">\n\t\t\t<div class=\"item-header\">\n\t\t\t\t<span class=\"label-featured label\">Exceptionnel<\/span>\t\t\t\t<div class=\"labels-wrap labels-right\"> \n\n\t<a href=\"https:\/\/elchorrito.es\/fr\/etat\/vente\/\" class=\"label-status label status-color-986\">\n\t\t\t\t\tVente\n\t\t\t\t<\/a><a href=\"https:\/\/elchorrito.es\/label\/marbella\/\" class=\"hz-label label label-color-763\">\n\t\t\t\t\tMarbella\n\t\t\t\t<\/a><a href=\"https:\/\/elchorrito.es\/fr\/etiqueter\/nouvelle\/\" class=\"hz-label label label-color-851\">\n\t\t\t\t\tNouvelle\n\t\t\t\t<\/a>       \n\n<\/div>\n\t\t\t\t<ul class=\"item-tools\">\n\n        <li class=\"item-tool item-preview\">\n        <span class=\"hz-show-lightbox-js\" data-listid=\"96898\" data-toggle=\"tooltip\" data-placement=\"top\" title=\"Antes\">\n                <i class=\"houzez-icon icon-expand-3\"><\/i>   \n        <\/span><!-- item-tool-favorite -->\n    <\/li><!-- item-tool -->\n        \n    \n    <\/ul><!-- item-tools -->\n\t\t\t\t<div class=\"listing-image-wrap\">\n\t<div class=\"listing-thumb\">\n\t\t<a target=_self href=\"https:\/\/elchorrito.es\/fr\/immobilier\/penthouse-de-nouvelle-construction-avec-3-chambres-2-terrasses-et-piscine-a-marbella\/\" class=\"listing-featured-thumb hover-effect\">\n\t\t\t<img loading=\"lazy\" decoding=\"async\" width=\"592\" height=\"333\" src=\"https:\/\/elchorrito.es\/wp-content\/uploads\/Ref1120-Penthouse-de-nouvelle-construction-avec-3-chambres-2-terrasses-et-piscine-a-Marbella.jpg\" class=\"img-fluid wp-post-image\" alt=\"Penthouse de nouvelle construction avec 3 chambres\" \/>\t\t<\/a><!-- hover-effect -->\n\t<\/div>\n<\/div>\n\t\t\t\t<div class=\"preview_loader\"><\/div>\n\t\t\t<\/div><!-- item-header -->\t\n\t\t\t<div class=\"item-body flex-grow-1\">\n\t\t\t\t<h2 class=\"item-title\">\n\t<a target=_self href=\"https:\/\/elchorrito.es\/fr\/immobilier\/penthouse-de-nouvelle-construction-avec-3-chambres-2-terrasses-et-piscine-a-marbella\/\">Penthouse de nouvelle construction avec 3 chambres, 2 terrasses et piscine \u00e0 Marbella<\/a>\n<\/h2><!-- item-title -->\t\t\t\t\n\t\t\t\t<div class=\"item-v5-price\">\n\t\t\t\t\t 521.100\u20ac\t\t\t\t<\/div>\n\n\t\t\t\t\t\t\t\t<div class=\"item-v5-type\">\n\t\t\t\t\tAttiques, Appartements\t\t\t\t<\/div>\n\t\t\t\t\n\t\t\t\t<ul class=\"item-amenities item-amenities-with-icons\">\n\t<li class=\"h-beds\"><i class=\"houzez-icon icon-hotel-double-bed-1 mr-1\"><\/i><span class=\"item-amenities-text\">Camas:<\/span> <span class=\"hz-figure\">3<\/span><\/li><li class=\"h-baths\"><i class=\"houzez-icon icon-bathroom-shower-1 mr-1\"><\/i><span class=\"item-amenities-text\">Toilettes:<\/span> <span class=\"hz-figure\">2<\/span><\/li><li class=\"h-area\"><i class=\"houzez-icon icon-ruler-triangle mr-1\"><\/i><span class=\"hz-figure\">107<\/span> <span class=\"hz-figure area_postfix\">m2<\/span><\/li><\/ul>\t\t\t<\/div><!-- item-body -->\n\t\t<\/div><!-- d-flex -->\n\t<\/div><!-- item-wrap -->\n<\/div><!-- item-listing-wrap --><div class=\"item-listing-wrap hz-item-gallery-js item-listing-wrap-v5 card\" data-hz-id=\"hz-94640\" >\n\t<div class=\"item-wrap item-wrap-v5 h-100\">\n\t\t<div class=\"d-flex align-items-center h-100\">\n\t\t\t<div class=\"item-header\">\n\t\t\t\t<span class=\"label-featured label\">Exceptionnel<\/span>\t\t\t\t<div class=\"labels-wrap labels-right\"> \n\n\t<a href=\"https:\/\/elchorrito.es\/fr\/etat\/vente\/\" class=\"label-status label status-color-986\">\n\t\t\t\t\tVente\n\t\t\t\t<\/a><a href=\"https:\/\/elchorrito.es\/label\/la-cala-de-mijas\/\" class=\"hz-label label label-color-741\">\n\t\t\t\t\tLa Cala de Mijas\n\t\t\t\t<\/a><a href=\"https:\/\/elchorrito.es\/fr\/etiqueter\/nouvelle\/\" class=\"hz-label label label-color-851\">\n\t\t\t\t\tNouvelle\n\t\t\t\t<\/a>       \n\n<\/div>\n\t\t\t\t<ul class=\"item-tools\">\n\n        <li class=\"item-tool item-preview\">\n        <span class=\"hz-show-lightbox-js\" data-listid=\"94640\" data-toggle=\"tooltip\" data-placement=\"top\" title=\"Antes\">\n                <i class=\"houzez-icon icon-expand-3\"><\/i>   \n        <\/span><!-- item-tool-favorite -->\n    <\/li><!-- item-tool -->\n        \n    \n    <\/ul><!-- item-tools -->\n\t\t\t\t<div class=\"listing-image-wrap\">\n\t<div class=\"listing-thumb\">\n\t\t<a target=_self href=\"https:\/\/elchorrito.es\/fr\/immobilier\/penthouse-de-luxe-a-la-cala-de-mijas-calanova\/\" class=\"listing-featured-thumb hover-effect\">\n\t\t\t<img loading=\"lazy\" decoding=\"async\" width=\"563\" height=\"444\" src=\"https:\/\/elchorrito.es\/wp-content\/uploads\/Ref1249-Penthouse-de-luxe-a-La-Cala-de-Mijas-Calanova.jpg\" class=\"img-fluid wp-post-image\" alt=\"Penthouse de luxe \u00e0 La Cala de Mijas Calanova\" \/>\t\t<\/a><!-- hover-effect -->\n\t<\/div>\n<\/div>\n\t\t\t\t<div class=\"preview_loader\"><\/div>\n\t\t\t<\/div><!-- item-header -->\t\n\t\t\t<div class=\"item-body flex-grow-1\">\n\t\t\t\t<h2 class=\"item-title\">\n\t<a target=_self href=\"https:\/\/elchorrito.es\/fr\/immobilier\/penthouse-de-luxe-a-la-cala-de-mijas-calanova\/\">Penthouse de luxe \u00e0 La Cala de Mijas Calanova<\/a>\n<\/h2><!-- item-title -->\t\t\t\t\n\t\t\t\t<div class=\"item-v5-price\">\n\t\t\t\t\t 675.000\u20ac\t\t\t\t<\/div>\n\n\t\t\t\t\t\t\t\t<div class=\"item-v5-type\">\n\t\t\t\t\tAttiques, Appartements\t\t\t\t<\/div>\n\t\t\t\t\n\t\t\t\t<ul class=\"item-amenities item-amenities-with-icons\">\n\t<li class=\"h-beds\"><i class=\"houzez-icon icon-hotel-double-bed-1 mr-1\"><\/i><span class=\"item-amenities-text\">Camas:<\/span> <span class=\"hz-figure\">2<\/span><\/li><li class=\"h-baths\"><i class=\"houzez-icon icon-bathroom-shower-1 mr-1\"><\/i><span class=\"item-amenities-text\">Toilettes:<\/span> <span class=\"hz-figure\">2<\/span><\/li><li class=\"h-area\"><i class=\"houzez-icon icon-ruler-triangle mr-1\"><\/i><span class=\"hz-figure\">305<\/span> <span class=\"hz-figure area_postfix\">m2<\/span><\/li><\/ul>\t\t\t<\/div><!-- item-body -->\n\t\t<\/div><!-- d-flex -->\n\t<\/div><!-- item-wrap -->\n<\/div><!-- item-listing-wrap --><div class=\"item-listing-wrap hz-item-gallery-js item-listing-wrap-v5 card\" data-hz-id=\"hz-95021\" >\n\t<div class=\"item-wrap item-wrap-v5 h-100\">\n\t\t<div class=\"d-flex align-items-center h-100\">\n\t\t\t<div class=\"item-header\">\n\t\t\t\t<span class=\"label-featured label\">Exceptionnel<\/span>\t\t\t\t<div class=\"labels-wrap labels-right\"> \n\n\t<a href=\"https:\/\/elchorrito.es\/fr\/etat\/vente\/\" class=\"label-status label status-color-986\">\n\t\t\t\t\tVente\n\t\t\t\t<\/a><a href=\"https:\/\/elchorrito.es\/label\/monda\/\" class=\"hz-label label label-color-707\">\n\t\t\t\t\tMonda\n\t\t\t\t<\/a>       \n\n<\/div>\n\t\t\t\t<ul class=\"item-tools\">\n\n        <li class=\"item-tool item-preview\">\n        <span class=\"hz-show-lightbox-js\" data-listid=\"95021\" data-toggle=\"tooltip\" data-placement=\"top\" title=\"Antes\">\n                <i class=\"houzez-icon icon-expand-3\"><\/i>   \n        <\/span><!-- item-tool-favorite -->\n    <\/li><!-- item-tool -->\n        \n    \n    <\/ul><!-- item-tools -->\n\t\t\t\t<div class=\"listing-image-wrap\">\n\t<div class=\"listing-thumb\">\n\t\t<a target=_self href=\"https:\/\/elchorrito.es\/fr\/immobilier\/penthouse-a-monda-avec-piscine-et-garage\/\" class=\"listing-featured-thumb hover-effect\">\n\t\t\t<img loading=\"lazy\" decoding=\"async\" width=\"592\" height=\"444\" src=\"https:\/\/elchorrito.es\/wp-content\/uploads\/Ref1228-Penthouse-a-Monda-avec-piscine-et-garage.jpg\" class=\"img-fluid wp-post-image\" alt=\"Penthouse \u00e0 Monda avec piscine et garage\" \/>\t\t<\/a><!-- hover-effect -->\n\t<\/div>\n<\/div>\n\t\t\t\t<div class=\"preview_loader\"><\/div>\n\t\t\t<\/div><!-- item-header -->\t\n\t\t\t<div class=\"item-body flex-grow-1\">\n\t\t\t\t<h2 class=\"item-title\">\n\t<a target=_self href=\"https:\/\/elchorrito.es\/fr\/immobilier\/penthouse-a-monda-avec-piscine-et-garage\/\">Penthouse \u00e0 Monda avec piscine et garage<\/a>\n<\/h2><!-- item-title -->\t\t\t\t\n\t\t\t\t<div class=\"item-v5-price\">\n\t\t\t\t\t 160.000\u20ac\t\t\t\t<\/div>\n\n\t\t\t\t\t\t\t\t<div class=\"item-v5-type\">\n\t\t\t\t\tAttiques, Appartements\t\t\t\t<\/div>\n\t\t\t\t\n\t\t\t\t<ul class=\"item-amenities item-amenities-with-icons\">\n\t<li class=\"h-beds\"><i class=\"houzez-icon icon-hotel-double-bed-1 mr-1\"><\/i><span class=\"item-amenities-text\">Cama:<\/span> <span class=\"hz-figure\">1<\/span><\/li><li class=\"h-baths\"><i class=\"houzez-icon icon-bathroom-shower-1 mr-1\"><\/i><span class=\"item-amenities-text\">Salle de bains:<\/span> <span class=\"hz-figure\">1<\/span><\/li><li class=\"h-area\"><i class=\"houzez-icon icon-ruler-triangle mr-1\"><\/i><span class=\"hz-figure\">90<\/span> <span class=\"hz-figure area_postfix\">m2<\/span><\/li><\/ul>\t\t\t<\/div><!-- item-body -->\n\t\t<\/div><!-- d-flex -->\n\t<\/div><!-- item-wrap -->\n<\/div><!-- item-listing-wrap --><div class=\"item-listing-wrap hz-item-gallery-js item-listing-wrap-v5 card\" data-hz-id=\"hz-95492\" >\n\t<div class=\"item-wrap item-wrap-v5 h-100\">\n\t\t<div class=\"d-flex align-items-center h-100\">\n\t\t\t<div class=\"item-header\">\n\t\t\t\t<span class=\"label-featured label\">Exceptionnel<\/span>\t\t\t\t<div class=\"labels-wrap labels-right\"> \n\n\t<a href=\"https:\/\/elchorrito.es\/fr\/etat\/vente\/\" class=\"label-status label status-color-986\">\n\t\t\t\t\tVente\n\t\t\t\t<\/a><a href=\"https:\/\/elchorrito.es\/label\/guaro\/\" class=\"hz-label label label-color-751\">\n\t\t\t\t\tGuaro\n\t\t\t\t<\/a>       \n\n<\/div>\n\t\t\t\t<ul class=\"item-tools\">\n\n        <li class=\"item-tool item-preview\">\n        <span class=\"hz-show-lightbox-js\" data-listid=\"95492\" data-toggle=\"tooltip\" data-placement=\"top\" title=\"Antes\">\n                <i class=\"houzez-icon icon-expand-3\"><\/i>   \n        <\/span><!-- item-tool-favorite -->\n    <\/li><!-- item-tool -->\n        \n    \n    <\/ul><!-- item-tools -->\n\t\t\t\t<div class=\"listing-image-wrap\">\n\t<div class=\"listing-thumb\">\n\t\t<a target=_self href=\"https:\/\/elchorrito.es\/fr\/immobilier\/hotel-rural-avec-8-appartements-avec-piscine-a-sierra-de-las-nieves\/\" class=\"listing-featured-thumb hover-effect\">\n\t\t\t<img loading=\"lazy\" decoding=\"async\" width=\"592\" height=\"444\" src=\"https:\/\/elchorrito.es\/wp-content\/uploads\/Ref1022-Hotel-rural-avec-8-appartements-avec-piscine-a-Sierra-de-las-Nieves.jpg\" class=\"img-fluid wp-post-image\" alt=\"H\u00f4tel rural avec 8 appartements avec piscine \u00e0 Sierra de las Nieves\" \/>\t\t<\/a><!-- hover-effect -->\n\t<\/div>\n<\/div>\n\t\t\t\t<div class=\"preview_loader\"><\/div>\n\t\t\t<\/div><!-- item-header -->\t\n\t\t\t<div class=\"item-body flex-grow-1\">\n\t\t\t\t<h2 class=\"item-title\">\n\t<a target=_self href=\"https:\/\/elchorrito.es\/fr\/immobilier\/hotel-rural-avec-8-appartements-avec-piscine-a-sierra-de-las-nieves\/\">H\u00f4tel rural avec 8 appartements avec piscine \u00e0 Sierra de las Nieves<\/a>\n<\/h2><!-- item-title -->\t\t\t\t\n\t\t\t\t<div class=\"item-v5-price\">\n\t\t\t\t\t 850.000\u20ac\t\t\t\t<\/div>\n\n\t\t\t\t\t\t\t\t<div class=\"item-v5-type\">\n\t\t\t\t\tH\u00f4tels ruraux, \u00c9difices Singuiliers\t\t\t\t<\/div>\n\t\t\t\t\n\t\t\t\t<ul class=\"item-amenities item-amenities-with-icons\">\n\t<li class=\"h-beds\"><i class=\"houzez-icon icon-hotel-double-bed-1 mr-1\"><\/i><span class=\"item-amenities-text\">Camas:<\/span> <span class=\"hz-figure\">15<\/span><\/li><li class=\"h-baths\"><i class=\"houzez-icon icon-bathroom-shower-1 mr-1\"><\/i><span class=\"item-amenities-text\">Salle de bains:<\/span> <span class=\"hz-figure\">0<\/span><\/li><li class=\"h-area\"><i class=\"houzez-icon icon-ruler-triangle mr-1\"><\/i><span class=\"hz-figure\">626<\/span> <span class=\"hz-figure area_postfix\">m2<\/span><\/li><\/ul>\t\t\t<\/div><!-- item-body -->\n\t\t<\/div><!-- d-flex -->\n\t<\/div><!-- item-wrap -->\n<\/div><!-- item-listing-wrap --><div class=\"item-listing-wrap hz-item-gallery-js item-listing-wrap-v5 card\" data-hz-id=\"hz-95665\" >\n\t<div class=\"item-wrap item-wrap-v5 h-100\">\n\t\t<div class=\"d-flex align-items-center h-100\">\n\t\t\t<div class=\"item-header\">\n\t\t\t\t<span class=\"label-featured label\">Exceptionnel<\/span>\t\t\t\t<div class=\"labels-wrap labels-right\"> \n\n\t<a href=\"https:\/\/elchorrito.es\/fr\/etat\/vente\/\" class=\"label-status label status-color-986\">\n\t\t\t\t\tVente\n\t\t\t\t<\/a><a href=\"https:\/\/elchorrito.es\/label\/alhaurin-el-grande\/\" class=\"hz-label label label-color-775\">\n\t\t\t\t\tAlhaurin El Grande\n\t\t\t\t<\/a>       \n\n<\/div>\n\t\t\t\t<ul class=\"item-tools\">\n\n        <li class=\"item-tool item-preview\">\n        <span class=\"hz-show-lightbox-js\" data-listid=\"95665\" data-toggle=\"tooltip\" data-placement=\"top\" title=\"Antes\">\n                <i class=\"houzez-icon icon-expand-3\"><\/i>   \n        <\/span><!-- item-tool-favorite -->\n    <\/li><!-- item-tool -->\n        \n    \n    <\/ul><!-- item-tools -->\n\t\t\t\t<div class=\"listing-image-wrap\">\n\t<div class=\"listing-thumb\">\n\t\t<a target=_self href=\"https:\/\/elchorrito.es\/fr\/immobilier\/maison-mitoyenne-avec-4-chambres-et-acces-au-terrain-de-golf-a-alhaurin-el-grande\/\" class=\"listing-featured-thumb hover-effect\">\n\t\t\t<img loading=\"lazy\" decoding=\"async\" width=\"592\" height=\"444\" src=\"https:\/\/elchorrito.es\/wp-content\/uploads\/Ref1091-Maison-mitoyenne-avec-4-chambres-et-acces-au-terrain-de-golf-a-Alhaurin-el-Grande.jpg\" class=\"img-fluid wp-post-image\" alt=\"Maison mitoyenne avec 4 chambres et acc\u00e8s au terrain de golf \u00e0 Alhaur\u00edn el Grande\" \/>\t\t<\/a><!-- hover-effect -->\n\t<\/div>\n<\/div>\n\t\t\t\t<div class=\"preview_loader\"><\/div>\n\t\t\t<\/div><!-- item-header -->\t\n\t\t\t<div class=\"item-body flex-grow-1\">\n\t\t\t\t<h2 class=\"item-title\">\n\t<a target=_self href=\"https:\/\/elchorrito.es\/fr\/immobilier\/maison-mitoyenne-avec-4-chambres-et-acces-au-terrain-de-golf-a-alhaurin-el-grande\/\">Maison mitoyenne avec 4 chambres et acc\u00e8s au terrain de golf \u00e0 Alhaur\u00edn el Grande<\/a>\n<\/h2><!-- item-title -->\t\t\t\t\n\t\t\t\t<div class=\"item-v5-price\">\n\t\t\t\t\t 375.000\u20ac\t\t\t\t<\/div>\n\n\t\t\t\t\t\t\t\t<div class=\"item-v5-type\">\n\t\t\t\t\tMaisons de ville, Chalets\t\t\t\t<\/div>\n\t\t\t\t\n\t\t\t\t<ul class=\"item-amenities item-amenities-with-icons\">\n\t<li class=\"h-beds\"><i class=\"houzez-icon icon-hotel-double-bed-1 mr-1\"><\/i><span class=\"item-amenities-text\">Camas:<\/span> <span class=\"hz-figure\">4<\/span><\/li><li class=\"h-baths\"><i class=\"houzez-icon icon-bathroom-shower-1 mr-1\"><\/i><span class=\"item-amenities-text\">Toilettes:<\/span> <span class=\"hz-figure\">3<\/span><\/li><li class=\"h-area\"><i class=\"houzez-icon icon-ruler-triangle mr-1\"><\/i><span class=\"hz-figure\">150<\/span> <span class=\"hz-figure area_postfix\">m2<\/span><\/li><\/ul>\t\t\t<\/div><!-- item-body -->\n\t\t<\/div><!-- d-flex -->\n\t<\/div><!-- item-wrap -->\n<\/div><!-- item-listing-wrap -->\t\t\t\t<\/div><!-- testimonials-slider -->\r\n\t\t\t<\/div><!-- listing-view grid-view -->\r\n\t\t<\/div><!-- testimonials-module -->\r\n\r\n\t\t\t\t\t\t<\/div>\n\t\t\t\t<\/div>\n\t\t\t\t\t<\/div>\n\t\t<\/div>\n\t\t\t\t\t<\/div>\n\t\t<\/section>\n\t\t\t\t<section class=\"elementor-section elementor-top-section elementor-element elementor-element-6c3a4f18 elementor-section-height-min-height elementor-section-content-middle elementor-section-boxed elementor-section-height-default elementor-section-items-middle\" data-id=\"6c3a4f18\" data-element_type=\"section\" data-e-type=\"section\" data-settings=\"{&quot;background_background&quot;:&quot;classic&quot;}\">\n\t\t\t\t\t\t\t<div class=\"elementor-background-overlay\"><\/div>\n\t\t\t\t\t\t\t<div class=\"elementor-container elementor-column-gap-default\">\n\t\t\t\t\t<div class=\"elementor-column elementor-col-100 elementor-top-column elementor-element elementor-element-1b23e7f2\" data-id=\"1b23e7f2\" data-element_type=\"column\" data-e-type=\"column\">\n\t\t\t<div class=\"elementor-widget-wrap elementor-element-populated\">\n\t\t\t\t\t\t<section class=\"elementor-section elementor-inner-section elementor-element elementor-element-51ad6950 elementor-section-boxed elementor-section-height-default elementor-section-height-default\" data-id=\"51ad6950\" data-element_type=\"section\" data-e-type=\"section\">\n\t\t\t\t\t\t<div class=\"elementor-container elementor-column-gap-default\">\n\t\t\t\t\t<div class=\"elementor-column elementor-col-50 elementor-inner-column elementor-element elementor-element-38d2d0c9\" data-id=\"38d2d0c9\" data-element_type=\"column\" data-e-type=\"column\">\n\t\t\t<div class=\"elementor-widget-wrap elementor-element-populated\">\n\t\t\t\t\t\t<div class=\"elementor-element elementor-element-75dc0e13 elementor-widget elementor-widget-heading\" data-id=\"75dc0e13\" data-element_type=\"widget\" data-e-type=\"widget\" data-widget_type=\"heading.default\">\n\t\t\t\t<div class=\"elementor-widget-container\">\n\t\t\t\t\t<h3 class=\"elementor-heading-title elementor-size-xxl\">Contact et Rendez-Vous<\/h3>\t\t\t\t<\/div>\n\t\t\t\t<\/div>\n\t\t\t\t<div class=\"elementor-element elementor-element-76214904 elementor-align-start elementor-tablet-align-center elementor-mobile-align-center elementor-icon-list--layout-traditional elementor-list-item-link-full_width elementor-widget elementor-widget-icon-list\" data-id=\"76214904\" data-element_type=\"widget\" data-e-type=\"widget\" data-widget_type=\"icon-list.default\">\n\t\t\t\t<div class=\"elementor-widget-container\">\n\t\t\t\t\t\t\t<ul class=\"elementor-icon-list-items\">\n\t\t\t\t\t\t\t<li class=\"elementor-icon-list-item\">\n\t\t\t\t\t\t\t\t\t\t\t<span class=\"elementor-icon-list-icon\">\n\t\t\t\t\t\t\t<i aria-hidden=\"true\" class=\"fas fa-building\"><\/i>\t\t\t\t\t\t<\/span>\n\t\t\t\t\t\t\t\t\t\t<span class=\"elementor-icon-list-text\">Parc d'affaires 18 Bureau 14A Route de Marbella - Monda<\/span>\n\t\t\t\t\t\t\t\t\t<\/li>\n\t\t\t\t\t\t<\/ul>\n\t\t\t\t\t\t<\/div>\n\t\t\t\t<\/div>\n\t\t\t\t<div class=\"elementor-element elementor-element-3b3190cb elementor-align-start elementor-tablet-align-center elementor-mobile-align-center elementor-icon-list--layout-traditional elementor-list-item-link-full_width elementor-widget elementor-widget-icon-list\" data-id=\"3b3190cb\" data-element_type=\"widget\" data-e-type=\"widget\" data-widget_type=\"icon-list.default\">\n\t\t\t\t<div class=\"elementor-widget-container\">\n\t\t\t\t\t\t\t<ul class=\"elementor-icon-list-items\">\n\t\t\t\t\t\t\t<li class=\"elementor-icon-list-item\">\n\t\t\t\t\t\t\t\t\t\t\t<span class=\"elementor-icon-list-icon\">\n\t\t\t\t\t\t\t<i aria-hidden=\"true\" class=\"fas fa-envelope\"><\/i>\t\t\t\t\t\t<\/span>\n\t\t\t\t\t\t\t\t\t\t<span class=\"elementor-icon-list-text\">\t info@elchorrito.es<\/span>\n\t\t\t\t\t\t\t\t\t<\/li>\n\t\t\t\t\t\t\t\t<li class=\"elementor-icon-list-item\">\n\t\t\t\t\t\t\t\t\t\t\t<span class=\"elementor-icon-list-icon\">\n\t\t\t\t\t\t\t<i aria-hidden=\"true\" class=\"fas fa-phone-alt\"><\/i>\t\t\t\t\t\t<\/span>\n\t\t\t\t\t\t\t\t\t\t<span class=\"elementor-icon-list-text\">+34 647 777 133<\/span>\n\t\t\t\t\t\t\t\t\t<\/li>\n\t\t\t\t\t\t<\/ul>\n\t\t\t\t\t\t<\/div>\n\t\t\t\t<\/div>\n\t\t\t\t<div class=\"elementor-element elementor-element-44caf792 elementor-button-align-stretch elementor-widget elementor-widget-houzez_elementor_contact_form\" data-id=\"44caf792\" data-element_type=\"widget\" data-e-type=\"widget\" data-widget_type=\"houzez_elementor_contact_form.default\">\n\t\t\t\t<div class=\"elementor-widget-container\">\n\t\t\t\t\t\n        <script type=\"application\/javascript\">\n            jQuery(document).bind(\"ready\", function () {\n                houzezValidateElementor(\"#houzez-form-44caf792\" );\n            });\n        <\/script>\n\n        <form class=\"elementor-form\" id=\"houzez-form-44caf792\" method=\"post\" name=\"Ordenador E\" action=\"https:\/\/elchorrito.es\/wp-admin\/admin-ajax.php\">\n            <input type=\"hidden\" name=\"form_id\" value=\"44caf792\"\/>\n            <input type=\"hidden\" name=\"houzez_contact_form\" value=\"yes\"\/>\n            <input type=\"hidden\" name=\"action\" value=\"houzez_ele_contact_form\" \/>\n            <input type=\"hidden\" name=\"source_link\" value=\"https:\/\/elchorrito.es\/fr\/immobilier\/maison-mitoyenne-avec-4-chambres-et-acces-au-terrain-de-golf-a-alhaurin-el-grande\/\" \/>\n            <input type=\"hidden\" name=\"lead_page_id\" value=\"95665\" \/>\n            <input type=\"hidden\" name=\"email_to\" value=\"elchorritoinmobiliaria@gmail.com\" \/>\n            <input type=\"hidden\" name=\"email_subject\" value=\"Nuevo Mensaje de &quot;El Chorrito&quot;\" \/>\n            <input type=\"hidden\" name=\"email_to_cc\" value=\"\" \/>\n            <input type=\"hidden\" name=\"email_to_bcc\" value=\"\" \/>\n            <input type=\"hidden\" name=\"webhook\" value=\"false\" \/>\n            <input type=\"hidden\" name=\"webhook_url\" value=\"\" \/>\n            <input type=\"hidden\" name=\"redirect_to\" value=\"\" \/>\n            <input type=\"hidden\" name=\"google_recaptcha\" value=\"yes\" \/>\n            \n\n            <div class=\"elementor-form-fields-wrapper elementor-labels-above\">\n\n                                    <div class=\"elementor-field-group elementor-column form-group elementor-field-group-name elementor-col-100\">\n                    <label for=\"form-field-name\" class=\"elementor-field-label elementor-screen-only\">Nom<\/label><input type=\"text\" name=\"name\" id=\"form-field-name\" class=\"elementor-field form-control elementor-size-xs elementor-field-textual\" placeholder=\"Nom\" title=\"* Nom\">                    <\/div>\n\n                                        <div class=\"elementor-field-group elementor-column form-group elementor-field-group-email elementor-col-100 elementor-field-required\">\n                    <label for=\"form-field-email\" class=\"elementor-field-label elementor-screen-only\">E-mail<\/label><input type=\"email\" name=\"email\" id=\"form-field-email\" class=\"elementor-field form-control elementor-size-xs elementor-field-textual\" placeholder=\"E-mail\" title=\"* E-mail\" required=\"required\">                    <\/div>\n\n                                        <div class=\"elementor-field-group elementor-column form-group elementor-field-group-message elementor-col-100\">\n                    <label for=\"form-field-message\" class=\"elementor-field-label elementor-screen-only\">Message<\/label><textarea class=\"elementor-field-textual elementor-field elementor-size-xs\" name=\"message\" id=\"form-field-message\" rows=\"3\" placeholder=\"T\u00e9l\u00e9phone et Message\"><\/textarea>                    <\/div>\n\n                    \n                                        <div class=\"houzez-gdpr-agreement elementor-field-group elementor-col-100\">\n                        <label for=\"gdpr_agreement\" class=\"elementor-field-label\"><\/label>\n                        <div class=\"gdpr-agreement-subgroup\">\n                            <span class=\"gdpr-field-option\">\n                                <label class=\"gdpr-text\" for=\"gdpr_agreement\">\n                                    <input required type=\"checkbox\" name=\"gdpr_agreement\" id=\"gdpr_agreement\" title=\"Votre message a \u00e9t\u00e9 envoy\u00e9 avec succ\u00e8s.\">  J'accepte la politique de confidentialit\u00e9 d'El Chorrito Immobilier.                                <\/label>\n                            <\/span>\n                        <\/div>             \n                    <\/div>\n                    \n                                        <div class=\"\">\n                        <div class=\"form-group captcha_wrapper houzez-grecaptcha-v3\">\n    <div class=\"houzez_google_reCaptcha\"><\/div>\n<\/div>\n                    <\/div>\n                    \n                    <div class=\"elementor-field-group elementor-column elementor-field-type-submit elementor-col-100\">\n                    <button type=\"submit\" class=\"btn houzez-submit-button houzez-contact-form-js elementor-button elementor-size-sm\">\n                        <i class=\"btn-loader houzez-loader-js\"><\/i>\n                                                    Envoyer                                            <\/button>\n                <\/div>\n            <\/div><!-- End wrapper-->\n            <br\/>\n            <div class=\"ele-form-messages\"><\/div>\n            <div class=\"error-container\"><\/div>\n\n        <\/form>\n\n    \t\t\t\t<\/div>\n\t\t\t\t<\/div>\n\t\t\t\t\t<\/div>\n\t\t<\/div>\n\t\t\t\t<div class=\"elementor-column elementor-col-50 elementor-inner-column elementor-element elementor-element-13697932\" data-id=\"13697932\" data-element_type=\"column\" data-e-type=\"column\">\n\t\t\t<div class=\"elementor-widget-wrap elementor-element-populated\">\n\t\t\t\t\t\t<div class=\"elementor-element elementor-element-26ef92da elementor-widget elementor-widget-video\" data-id=\"26ef92da\" data-element_type=\"widget\" data-e-type=\"widget\" data-settings=\"{&quot;youtube_url&quot;:&quot;https:\\\/\\\/www.youtube.com\\\/watch?v=vBrCZDnsVGQ&quot;,&quot;video_type&quot;:&quot;youtube&quot;,&quot;controls&quot;:&quot;yes&quot;}\" data-widget_type=\"video.default\">\n\t\t\t\t<div class=\"elementor-widget-container\">\n\t\t\t\t\t\t\t<div class=\"elementor-wrapper elementor-open-inline\">\n\t\t\t<div class=\"elementor-video\"><\/div>\t\t<\/div>\n\t\t\t\t\t\t<\/div>\n\t\t\t\t<\/div>\n\t\t\t\t<div class=\"elementor-element elementor-element-c34ed39 elementor-widget elementor-widget-toggle\" data-id=\"c34ed39\" data-element_type=\"widget\" data-e-type=\"widget\" data-widget_type=\"toggle.default\">\n\t\t\t\t<div class=\"elementor-widget-container\">\n\t\t\t\t\t\t\t<div class=\"elementor-toggle\">\n\t\t\t\t\t\t\t<div class=\"elementor-toggle-item\">\n\t\t\t\t\t<div id=\"elementor-tab-title-2041\" class=\"elementor-tab-title\" data-tab=\"1\" role=\"button\" aria-controls=\"elementor-tab-content-2041\" aria-expanded=\"false\">\n\t\t\t\t\t\t\t\t\t\t\t\t<span class=\"elementor-toggle-icon elementor-toggle-icon-right\" aria-hidden=\"true\">\n\t\t\t\t\t\t\t\t\t\t\t\t\t\t\t<span class=\"elementor-toggle-icon-closed\"><i class=\"fas fa-plus-circle\"><\/i><\/span>\n\t\t\t\t\t\t\t\t<span class=\"elementor-toggle-icon-opened\"><i class=\"elementor-toggle-icon-opened fas fa-minus-circle\"><\/i><\/span>\n\t\t\t\t\t\t\t\t\t\t\t\t\t<\/span>\n\t\t\t\t\t\t\t\t\t\t\t\t<a class=\"elementor-toggle-title\" tabindex=\"0\">Propri\u00e9t\u00e9s \u00e0 Tolox<\/a>\n\t\t\t\t\t<\/div>\n\n\t\t\t\t\t<div id=\"elementor-tab-content-2041\" class=\"elementor-tab-content elementor-clearfix\" data-tab=\"1\" role=\"region\" aria-labelledby=\"elementor-tab-title-2041\"><p><a href=\"https:\/\/es.wikipedia.org\/wiki\/Tolox\" target=\"_blank\" rel=\"noopener\">D\u00e9couvrez Tolox<\/a>. Tolox est une commune espagnole de la province de Malaga, en Andalousie. En 2017, elle comptait 2\u00a0062 habitants.<\/p><p>Parmi Alozaina situ\u00e9e sur les pentes orientales de la Sierra de las Nieves, elle a un acc\u00e8s privil\u00e9gi\u00e9 \u00e0 celle-ci par une piste foresti\u00e8re qui bifurque plus tard vers Ist\u00e1n au sud et vers Ronda au nord-ouest. Le lit du fleuve Rio Grande traverse la ville du nord-est au sud. Dans sa zone municipale se trouvent le Pico de la Torrecilla, le plus haut de la cha\u00eene de montagnes susmentionn\u00e9e, et le syst\u00e8me Sima GESM (ou Sima de la Luz), la cavit\u00e9 la plus profonde d&#8217;Andalousie, avec environ 1 100 m\u00e8tres explor\u00e9s. N\u00e9olithique, comme en t\u00e9moignent les vestiges trouv\u00e9s dans la Cueva de la Tinaja, \u00e0 4 kilom\u00e8tres pr\u00e8s du R\u00edo de los Horcajos. Certains historiens parlent de son origine ph\u00e9nicienne et d&#8217;autres le placent dans l&#8217;orbite du domaine de Tartessos. Ceci est indiqu\u00e9 par le ch\u00e2teau, qui a \u00e9galement \u00e9t\u00e9 occup\u00e9 par les Romains plus tard. Le nom semble venir de Tulos (d&#8217;origine bastulo) qui signifie haute montagne ou haute roche.<\/p><p>El Chorrito Immobilier \u00e0 Tolox, nous vendons des biens immobiliers \u00e0 Tolox et louons des propri\u00e9t\u00e9s. Trouvez votre maison, appartement, villa, chalet, penthouse, terrain, ferme, appartement, entrep\u00f4t, local et commerce \u00e0 vendre \u00e0 Tolox. En plus de la meilleure s\u00e9lection de propri\u00e9t\u00e9s dans la Sierra de las Nieves, la Vall\u00e9e du Guadalhorce et la Costa del Sol.<\/p><p><img loading=\"lazy\" decoding=\"async\" class=\"alignnone wp-image-57366 size-full\" src=\"https:\/\/elchorrito.es\/wp-content\/uploads\/immobilier-a-tolox-el-chorrito.jpg\" alt=\"immobilier a tolox el chorrito\" width=\"500\" height=\"333\" srcset=\"https:\/\/elchorrito.es\/wp-content\/uploads\/immobilier-a-tolox-el-chorrito.jpg 500w, https:\/\/elchorrito.es\/wp-content\/uploads\/immobilier-a-tolox-el-chorrito-496x330.jpg 496w\" sizes=\"(max-width: 500px) 100vw, 500px\" \/><\/p><\/div>\n\t\t\t\t<\/div>\n\t\t\t\t\t\t\t<div class=\"elementor-toggle-item\">\n\t\t\t\t\t<div id=\"elementor-tab-title-2042\" class=\"elementor-tab-title\" data-tab=\"2\" role=\"button\" aria-controls=\"elementor-tab-content-2042\" aria-expanded=\"false\">\n\t\t\t\t\t\t\t\t\t\t\t\t<span class=\"elementor-toggle-icon elementor-toggle-icon-right\" aria-hidden=\"true\">\n\t\t\t\t\t\t\t\t\t\t\t\t\t\t\t<span class=\"elementor-toggle-icon-closed\"><i class=\"fas fa-plus-circle\"><\/i><\/span>\n\t\t\t\t\t\t\t\t<span class=\"elementor-toggle-icon-opened\"><i class=\"elementor-toggle-icon-opened fas fa-minus-circle\"><\/i><\/span>\n\t\t\t\t\t\t\t\t\t\t\t\t\t<\/span>\n\t\t\t\t\t\t\t\t\t\t\t\t<a class=\"elementor-toggle-title\" tabindex=\"0\">Ventes immobili\u00e8res \u00e0 Tolox<\/a>\n\t\t\t\t\t<\/div>\n\n\t\t\t\t\t<div id=\"elementor-tab-content-2042\" class=\"elementor-tab-content elementor-clearfix\" data-tab=\"2\" role=\"region\" aria-labelledby=\"elementor-tab-title-2042\"><p>Dans notre agence immobili\u00e8re \u00e0 Tolox, nous effectuons la vente \u00e0 Tolox de biens immobiliers et la location de propri\u00e9t\u00e9s. Trouvez votre maison, appartement, villa, chalet, penthouse, terrain, ferme, appartement, entrep\u00f4t, local et commerce \u00e0 vendre \u00e0 Tolox. En plus de la meilleure s\u00e9lection de propri\u00e9t\u00e9s dans la Sierra de las Nieves, la Vall\u00e9e du Guadalhorce et la Costa del Sol.<\/p>\n<p>Notre agence est form\u00e9e pour g\u00e9rer les proc\u00e9dures sp\u00e9cifiques de l&#8217;achat et de la vente en milieu rural, en ville et sur le littoral.<\/p>\n<\/div>\n\t\t\t\t<\/div>\n\t\t\t\t\t\t\t<div class=\"elementor-toggle-item\">\n\t\t\t\t\t<div id=\"elementor-tab-title-2043\" class=\"elementor-tab-title\" data-tab=\"3\" role=\"button\" aria-controls=\"elementor-tab-content-2043\" aria-expanded=\"false\">\n\t\t\t\t\t\t\t\t\t\t\t\t<span class=\"elementor-toggle-icon elementor-toggle-icon-right\" aria-hidden=\"true\">\n\t\t\t\t\t\t\t\t\t\t\t\t\t\t\t<span class=\"elementor-toggle-icon-closed\"><i class=\"fas fa-plus-circle\"><\/i><\/span>\n\t\t\t\t\t\t\t\t<span class=\"elementor-toggle-icon-opened\"><i class=\"elementor-toggle-icon-opened fas fa-minus-circle\"><\/i><\/span>\n\t\t\t\t\t\t\t\t\t\t\t\t\t<\/span>\n\t\t\t\t\t\t\t\t\t\t\t\t<a class=\"elementor-toggle-title\" tabindex=\"0\">Immobilier \u00e0 Tolox<\/a>\n\t\t\t\t\t<\/div>\n\n\t\t\t\t\t<div id=\"elementor-tab-content-2043\" class=\"elementor-tab-content elementor-clearfix\" data-tab=\"3\" role=\"region\" aria-labelledby=\"elementor-tab-title-2043\"><p>Agence immobili\u00e8re El Chorrito \u00e0 Tolox, nous effectuons la vente \u00e0 Tolox de biens immobiliers et la location \u00e0 Tolox de propri\u00e9t\u00e9s et de maisons telles que Penthouses \u00e0 Tolox, Appartements \u00e0 Tolox, Maisons \u00e0 Tolox, Chalets \u00e0 Tolox, Villas \u00e0 Tolox, Maisons de ville \u00e0 Tolox . Propri\u00e9t\u00e9s sur des terres rustiques telles que Fincas \u00e0 Tolox, Cortijos \u00e0 Tolox, Parcelles \u00e0 Tolox, H\u00f4tels ruraux \u00e0 Tolox, H\u00e9bergement rural, \u00c9curies \u00e0 Tolox et Maisons rurales \u00e0 Tolox. En plus d&#8217;autres propri\u00e9t\u00e9s telles que des terrains \u00e0 Tolox, des entrep\u00f4ts \u00e0 Tolox, des locaux \u00e0 Tolox, des bureaux \u00e0 Tolox et des entreprises \u00e0 Tolox. Nous sommes \u00e9galement sp\u00e9cialis\u00e9s dans la vente de biens immobiliers.<\/p>\n<\/div>\n\t\t\t\t<\/div>\n\t\t\t\t\t\t\t\t<\/div>\n\t\t\t\t\t\t<\/div>\n\t\t\t\t<\/div>\n\t\t\t\t<div class=\"elementor-element elementor-element-48780b58 e-grid-align-mobile-center elementor-widget-mobile__width-inherit elementor-shape-rounded elementor-grid-0 e-grid-align-center elementor-widget elementor-widget-social-icons\" data-id=\"48780b58\" data-element_type=\"widget\" data-e-type=\"widget\" data-widget_type=\"social-icons.default\">\n\t\t\t\t<div class=\"elementor-widget-container\">\n\t\t\t\t\t\t\t<div class=\"elementor-social-icons-wrapper elementor-grid\" role=\"list\">\n\t\t\t\t\t\t\t<span class=\"elementor-grid-item\" role=\"listitem\">\n\t\t\t\t\t<a class=\"elementor-icon elementor-social-icon elementor-social-icon-facebook elementor-repeater-item-78f5762\" href=\"https:\/\/www.facebook.com\/ElChorritoInmobiliaria\/\" target=\"_blank\" rel=\"noopener\">\n\t\t\t\t\t\t<span class=\"elementor-screen-only\">Facebook<\/span>\n\t\t\t\t\t\t<i aria-hidden=\"true\" class=\"fab fa-facebook\"><\/i>\t\t\t\t\t<\/a>\n\t\t\t\t<\/span>\n\t\t\t\t\t\t\t<span class=\"elementor-grid-item\" role=\"listitem\">\n\t\t\t\t\t<a class=\"elementor-icon elementor-social-icon elementor-social-icon-instagram elementor-repeater-item-ea98d1a\" href=\"https:\/\/www.instagram.com\/el.chorrito\/\" target=\"_blank\" rel=\"noopener\">\n\t\t\t\t\t\t<span class=\"elementor-screen-only\">Instagram<\/span>\n\t\t\t\t\t\t<i aria-hidden=\"true\" class=\"fab fa-instagram\"><\/i>\t\t\t\t\t<\/a>\n\t\t\t\t<\/span>\n\t\t\t\t\t\t\t<span class=\"elementor-grid-item\" role=\"listitem\">\n\t\t\t\t\t<a class=\"elementor-icon elementor-social-icon elementor-social-icon-youtube elementor-repeater-item-e45f1ee\" href=\"https:\/\/www.youtube.com\/channel\/UCNxkkonc8s2rmR9y1Hh0jtw\" target=\"_blank\" rel=\"noopener\">\n\t\t\t\t\t\t<span class=\"elementor-screen-only\">Youtube<\/span>\n\t\t\t\t\t\t<i aria-hidden=\"true\" class=\"fab fa-youtube\"><\/i>\t\t\t\t\t<\/a>\n\t\t\t\t<\/span>\n\t\t\t\t\t\t\t<span class=\"elementor-grid-item\" role=\"listitem\">\n\t\t\t\t\t<a class=\"elementor-icon elementor-social-icon elementor-social-icon-linkedin elementor-repeater-item-9244ffb\" href=\"https:\/\/www.linkedin.com\/company\/42351764\/\" target=\"_blank\" rel=\"noopener\">\n\t\t\t\t\t\t<span class=\"elementor-screen-only\">Linkedin<\/span>\n\t\t\t\t\t\t<i aria-hidden=\"true\" class=\"fab fa-linkedin\"><\/i>\t\t\t\t\t<\/a>\n\t\t\t\t<\/span>\n\t\t\t\t\t\t\t<span class=\"elementor-grid-item\" role=\"listitem\">\n\t\t\t\t\t<a class=\"elementor-icon elementor-social-icon elementor-social-icon-whatsapp elementor-repeater-item-c7cd012\" href=\"https:\/\/wa.me\/34647777133\" target=\"_blank\" rel=\"noopener\">\n\t\t\t\t\t\t<span class=\"elementor-screen-only\">Whatsapp<\/span>\n\t\t\t\t\t\t<i aria-hidden=\"true\" class=\"fab fa-whatsapp\"><\/i>\t\t\t\t\t<\/a>\n\t\t\t\t<\/span>\n\t\t\t\t\t<\/div>\n\t\t\t\t\t\t<\/div>\n\t\t\t\t<\/div>\n\t\t\t\t\t<\/div>\n\t\t<\/div>\n\t\t\t\t\t<\/div>\n\t\t<\/section>\n\t\t\t\t<div class=\"elementor-element elementor-element-3add29f3 elementor-widget elementor-widget-spacer\" data-id=\"3add29f3\" data-element_type=\"widget\" data-e-type=\"widget\" data-widget_type=\"spacer.default\">\n\t\t\t\t<div class=\"elementor-widget-container\">\n\t\t\t\t\t\t\t<div class=\"elementor-spacer\">\n\t\t\t<div class=\"elementor-spacer-inner\"><\/div>\n\t\t<\/div>\n\t\t\t\t\t\t<\/div>\n\t\t\t\t<\/div>\n\t\t\t\t\t<\/div>\n\t\t<\/div>\n\t\t\t\t\t<\/div>\n\t\t<\/section>\n\t\t\t\t<\/div>\n\t\t","protected":false},"excerpt":{"rendered":"<p>El Chorrito Immobilier \u00e0 Tolox El Chorrito Inmobiliaria \u00e0 Tolox, nous vendons des biens immobiliers et achetons des propri\u00e9t\u00e9s apr\u00e8s un contr\u00f4le de qualit\u00e9 rigoureux, en veillant \u00e0 ce qu&#8217;ils r\u00e9pondent \u00e0 toutes les exigences l\u00e9gales n\u00e9cessaires. Propri\u00e9t\u00e9s Location Vente Propri\u00e9t\u00e9s Bureaux &#8211; BureauxChalets &#8211; Maisons &#8211; Maisons de campagne &#8211; Maisons de ville &#8211; [&hellip;]<\/p>\n","protected":false},"author":2,"featured_media":53452,"parent":0,"menu_order":15,"comment_status":"closed","ping_status":"closed","template":"elementor_header_footer","meta":{"footnotes":""},"class_list":["post-57164","page","type-page","status-publish","has-post-thumbnail","hentry"],"_links":{"self":[{"href":"https:\/\/elchorrito.es\/fr\/wp-json\/wp\/v2\/pages\/57164","targetHints":{"allow":["GET"]}}],"collection":[{"href":"https:\/\/elchorrito.es\/fr\/wp-json\/wp\/v2\/pages"}],"about":[{"href":"https:\/\/elchorrito.es\/fr\/wp-json\/wp\/v2\/types\/page"}],"author":[{"embeddable":true,"href":"https:\/\/elchorrito.es\/fr\/wp-json\/wp\/v2\/users\/2"}],"replies":[{"embeddable":true,"href":"https:\/\/elchorrito.es\/fr\/wp-json\/wp\/v2\/comments?post=57164"}],"version-history":[{"count":0,"href":"https:\/\/elchorrito.es\/fr\/wp-json\/wp\/v2\/pages\/57164\/revisions"}],"wp:featuredmedia":[{"embeddable":true,"href":"https:\/\/elchorrito.es\/fr\/wp-json\/wp\/v2\/media\/53452"}],"wp:attachment":[{"href":"https:\/\/elchorrito.es\/fr\/wp-json\/wp\/v2\/media?parent=57164"}],"curies":[{"name":"wp","href":"https:\/\/api.w.org\/{rel}","templated":true}]}}